{"id":6949,"date":"2025-09-01T14:26:51","date_gmt":"2025-09-01T14:26:51","guid":{"rendered":"https:\/\/escolavila.com.br\/?page_id=6949"},"modified":"2025-09-03T13:47:19","modified_gmt":"2025-09-03T13:47:19","slug":"culminancia-dos-projetos","status":"publish","type":"page","link":"https:\/\/escolavila.com.br\/index.php\/culminancia-dos-projetos\/","title":{"rendered":"\u2014 Culmin\u00e2ncia dos Projetos"},"content":{"rendered":"\t\t<div data-elementor-type=\"wp-page\" data-elementor-id=\"6949\" class=\"elementor elementor-6949\" data-elementor-settings=\"{&quot;ha_cmc_init_switcher&quot;:&quot;no&quot;}\" data-elementor-post-type=\"page\">\n\t\t\t\t<div class=\"elementor-element elementor-element-1b606f09 e-con-full e-flex wpr-particle-no wpr-jarallax-no wpr-parallax-no wpr-sticky-section-no e-con e-parent\" data-id=\"1b606f09\" data-element_type=\"container\" data-settings=\"{&quot;background_background&quot;:&quot;classic&quot;,&quot;_ha_eqh_enable&quot;:false}\">\n\t\t\t\t<\/div>\n\t\t<div class=\"elementor-element elementor-element-0b8e166 e-flex e-con-boxed wpr-particle-no wpr-jarallax-no wpr-parallax-no wpr-sticky-section-no e-con e-parent\" data-id=\"0b8e166\" data-element_type=\"container\" data-settings=\"{&quot;background_background&quot;:&quot;classic&quot;,&quot;_ha_eqh_enable&quot;:false}\">\n\t\t\t\t\t<div class=\"e-con-inner\">\n\t\t<div class=\"elementor-element elementor-element-354b98f e-con-full e-flex wpr-particle-no wpr-jarallax-no wpr-parallax-no wpr-sticky-section-no e-con e-child\" data-id=\"354b98f\" data-element_type=\"container\" data-settings=\"{&quot;_ha_eqh_enable&quot;:false}\">\n\t\t<div class=\"elementor-element elementor-element-f9304fc e-con-full e-flex wpr-particle-no wpr-jarallax-no wpr-parallax-no wpr-sticky-section-no e-con e-child\" data-id=\"f9304fc\" data-element_type=\"container\" data-settings=\"{&quot;_ha_eqh_enable&quot;:false}\">\n\t\t\t\t<div class=\"elementor-element elementor-element-0aedac2 exad-sticky-section-no exad-glass-effect-no elementor-widget elementor-widget-heading\" data-id=\"0aedac2\" data-element_type=\"widget\" data-widget_type=\"heading.default\">\n\t\t\t\t<div class=\"elementor-widget-container\">\n\t\t\t\t\t<span class=\"elementor-heading-title elementor-size-default\">Culmin\u00e2ncia dos Projetos<\/span>\t\t\t\t<\/div>\n\t\t\t\t<\/div>\n\t\t\t\t<\/div>\n\t\t\t\t<\/div>\n\t\t\t\t<div class=\"elementor-element elementor-element-a95a231 elementor-widget__width-initial elementor-widget-mobile__width-inherit exad-sticky-section-no exad-glass-effect-no elementor-widget elementor-widget-text-editor\" data-id=\"a95a231\" data-element_type=\"widget\" data-widget_type=\"text-editor.default\">\n\t\t\t\t<div class=\"elementor-widget-container\">\n\t\t\t\t\t\t\t\t\t<p><strong>A cada projeto os estudantes trabalham com pesquisas, entrevistas, estudos sobre<\/strong><br \/><strong>um subtema escolhido pela turma, do projeto em andamento.<\/strong><\/p><p>As apresenta\u00e7\u00f5es nas culmin\u00e2ncias s\u00e3o decidas pelos estudantes, quem vai ser<br \/>representante da turma que vai falar e fazer perguntas, outros organizam os textos a<br \/>serem apresentados, outros v\u00e3o ser monitores das turmas do infantil, ajudando as<br \/>professoras a arrumar e conduzir os pequenos para a apresenta\u00e7\u00e3o, outro grupo ajuda na<br \/>decora\u00e7\u00e3o e arruma\u00e7\u00e3o do local de apresenta\u00e7\u00e3o. Todos assumem responsabilidades<br \/>contribuindo para o sucesso das apresenta\u00e7\u00f5es.<\/p>\t\t\t\t\t\t\t\t<\/div>\n\t\t\t\t<\/div>\n\t\t\t\t\t<\/div>\n\t\t\t\t<\/div>\n\t\t<div class=\"elementor-element elementor-element-cd07f35 e-con-full manifestacao e-flex wpr-particle-no wpr-jarallax-no wpr-parallax-no wpr-sticky-section-no e-con e-child\" data-id=\"cd07f35\" data-element_type=\"container\" id=\"manifestacao\" data-settings=\"{&quot;background_background&quot;:&quot;classic&quot;,&quot;_ha_eqh_enable&quot;:false}\">\n\t\t<div class=\"elementor-element elementor-element-f1ffd11 e-con-full e-flex wpr-particle-no wpr-jarallax-no wpr-parallax-no wpr-sticky-section-no e-con e-child\" data-id=\"f1ffd11\" data-element_type=\"container\" data-settings=\"{&quot;_ha_eqh_enable&quot;:false}\">\n\t\t<div class=\"elementor-element elementor-element-7b82572 e-con-full e-flex wpr-particle-no wpr-jarallax-no wpr-parallax-no wpr-sticky-section-no e-con e-child\" data-id=\"7b82572\" data-element_type=\"container\" data-settings=\"{&quot;_ha_eqh_enable&quot;:false}\">\n\t\t\t\t<div class=\"elementor-element elementor-element-1c7747f exad-sticky-section-no exad-glass-effect-no elementor-widget elementor-widget-heading\" data-id=\"1c7747f\" data-element_type=\"widget\" data-widget_type=\"heading.default\">\n\t\t\t\t<div class=\"elementor-widget-container\">\n\t\t\t\t\t<h2 class=\"elementor-heading-title elementor-size-default\">O Ser no Social<\/h2>\t\t\t\t<\/div>\n\t\t\t\t<\/div>\n\t\t\t\t<\/div>\n\t\t\t\t<div class=\"elementor-element elementor-element-769ce2b1 elementor-widget__width-initial elementor-widget-mobile__width-inherit exad-sticky-section-no exad-glass-effect-no elementor-widget elementor-widget-text-editor\" data-id=\"769ce2b1\" data-element_type=\"widget\" data-widget_type=\"text-editor.default\">\n\t\t\t\t<div class=\"elementor-widget-container\">\n\t\t\t\t\t\t\t\t\t<p>A culmin\u00e2ncia do projeto 1 <strong><em>O Ser no Social<\/em><\/strong> \u00e9 o grande Encontro de Gera\u00e7\u00f5es, com m\u00fasicas e brincadeiras de todas as \u00e9pocas, envolvendo toda a comunidade escolar e os idosos das institui\u00e7\u00f5es beneficiadas. O objetivo do projeto \u00e9 trabalhar o respeito, o amor, a solidariedade e a \u00e9tica como valores fundamentais para conviver em harmonia com todos os seres.<\/p>\t\t\t\t\t\t\t\t<\/div>\n\t\t\t\t<\/div>\n\t\t\t\t<\/div>\n\t\t<div class=\"elementor-element elementor-element-55073d94 e-con-full e-flex wpr-particle-no wpr-jarallax-no wpr-parallax-no wpr-sticky-section-no e-con e-child\" data-id=\"55073d94\" data-element_type=\"container\" data-settings=\"{&quot;_ha_eqh_enable&quot;:false}\">\n\t\t\t\t<div class=\"elementor-element elementor-element-44dfc0c9 elementor-widget__width-initial exad-sticky-section-no exad-glass-effect-no elementor-widget elementor-widget-image\" data-id=\"44dfc0c9\" data-element_type=\"widget\" data-widget_type=\"image.default\">\n\t\t\t\t<div class=\"elementor-widget-container\">\n\t\t\t\t\t\t\t\t\t\t\t\t\t\t\t<img fetchpriority=\"high\" decoding=\"async\" width=\"768\" height=\"512\" src=\"https:\/\/escolavila.com.br\/wp-content\/uploads\/2025\/09\/484104926_18157769860358162_5937594700101360012_n-768x512.jpg\" class=\"attachment-medium_large size-medium_large wp-image-6992\" alt=\"\" srcset=\"https:\/\/escolavila.com.br\/wp-content\/uploads\/2025\/09\/484104926_18157769860358162_5937594700101360012_n-768x512.jpg 768w, https:\/\/escolavila.com.br\/wp-content\/uploads\/2025\/09\/484104926_18157769860358162_5937594700101360012_n-300x200.jpg 300w, https:\/\/escolavila.com.br\/wp-content\/uploads\/2025\/09\/484104926_18157769860358162_5937594700101360012_n-1024x683.jpg 1024w, https:\/\/escolavila.com.br\/wp-content\/uploads\/2025\/09\/484104926_18157769860358162_5937594700101360012_n.jpg 1440w\" sizes=\"(max-width: 768px) 100vw, 768px\" \/>\t\t\t\t\t\t\t\t\t\t\t\t\t\t\t<\/div>\n\t\t\t\t<\/div>\n\t\t\t\t<div class=\"elementor-element elementor-element-37627ba elementor-widget__width-initial exad-sticky-section-no exad-glass-effect-no elementor-widget elementor-widget-image\" data-id=\"37627ba\" data-element_type=\"widget\" data-widget_type=\"image.default\">\n\t\t\t\t<div class=\"elementor-widget-container\">\n\t\t\t\t\t\t\t\t\t\t\t\t\t\t\t<img decoding=\"async\" width=\"768\" height=\"512\" src=\"https:\/\/escolavila.com.br\/wp-content\/uploads\/2025\/09\/484305706_18157770007358162_775375389709950486_n-768x512.jpg\" class=\"attachment-medium_large size-medium_large wp-image-6994\" alt=\"\" srcset=\"https:\/\/escolavila.com.br\/wp-content\/uploads\/2025\/09\/484305706_18157770007358162_775375389709950486_n-768x512.jpg 768w, https:\/\/escolavila.com.br\/wp-content\/uploads\/2025\/09\/484305706_18157770007358162_775375389709950486_n-300x200.jpg 300w, https:\/\/escolavila.com.br\/wp-content\/uploads\/2025\/09\/484305706_18157770007358162_775375389709950486_n-1024x683.jpg 1024w, https:\/\/escolavila.com.br\/wp-content\/uploads\/2025\/09\/484305706_18157770007358162_775375389709950486_n.jpg 1440w\" sizes=\"(max-width: 768px) 100vw, 768px\" \/>\t\t\t\t\t\t\t\t\t\t\t\t\t\t\t<\/div>\n\t\t\t\t<\/div>\n\t\t\t\t<\/div>\n\t\t\t\t<\/div>\n\t\t<div class=\"elementor-element elementor-element-99d6bb2 e-con-full manifestacao e-flex wpr-particle-no wpr-jarallax-no wpr-parallax-no wpr-sticky-section-no e-con e-child\" data-id=\"99d6bb2\" data-element_type=\"container\" data-settings=\"{&quot;background_background&quot;:&quot;classic&quot;,&quot;_ha_eqh_enable&quot;:false}\">\n\t\t<div class=\"elementor-element elementor-element-cd3cdfc e-con-full e-flex wpr-particle-no wpr-jarallax-no wpr-parallax-no wpr-sticky-section-no e-con e-child\" data-id=\"cd3cdfc\" data-element_type=\"container\" data-settings=\"{&quot;_ha_eqh_enable&quot;:false}\">\n\t\t<div class=\"elementor-element elementor-element-66326c6 e-con-full e-flex wpr-particle-no wpr-jarallax-no wpr-parallax-no wpr-sticky-section-no e-con e-child\" data-id=\"66326c6\" data-element_type=\"container\" data-settings=\"{&quot;_ha_eqh_enable&quot;:false}\">\n\t\t\t\t<div class=\"elementor-element elementor-element-1e24af6 exad-sticky-section-no exad-glass-effect-no elementor-widget elementor-widget-heading\" data-id=\"1e24af6\" data-element_type=\"widget\" data-widget_type=\"heading.default\">\n\t\t\t\t<div class=\"elementor-widget-container\">\n\t\t\t\t\t<h2 class=\"elementor-heading-title elementor-size-default\">O Ser na Descoberta de Seus Valores e Suas Ra\u00edzes<\/h2>\t\t\t\t<\/div>\n\t\t\t\t<\/div>\n\t\t\t\t<\/div>\n\t\t\t\t<div class=\"elementor-element elementor-element-a3fe81b elementor-widget__width-initial elementor-widget-mobile__width-inherit exad-sticky-section-no exad-glass-effect-no elementor-widget elementor-widget-text-editor\" data-id=\"a3fe81b\" data-element_type=\"widget\" data-widget_type=\"text-editor.default\">\n\t\t\t\t<div class=\"elementor-widget-container\">\n\t\t\t\t\t\t\t\t\t<p>Na culmin\u00e2ncia do projeto 2<em> <strong>O Ser na Descoberta de seus Valores e suas Ra\u00edzes<\/strong><\/em>, acontece o encontro das culturas, com a presen\u00e7a de representantes dos povos convidados e de toda a comunidade escolar. O objetivo \u00e9 proporcionar o resgate da nossa hist\u00f3ria, conhecendo nossas ra\u00edzes e os valores dos povos que nos antecederam, sobretudo os origin\u00e1rios.<\/p>\t\t\t\t\t\t\t\t<\/div>\n\t\t\t\t<\/div>\n\t\t\t\t<\/div>\n\t\t<div class=\"elementor-element elementor-element-52f1d1d e-con-full e-flex wpr-particle-no wpr-jarallax-no wpr-parallax-no wpr-sticky-section-no e-con e-child\" data-id=\"52f1d1d\" data-element_type=\"container\" data-settings=\"{&quot;_ha_eqh_enable&quot;:false}\">\n\t\t\t\t<div class=\"elementor-element elementor-element-7d20731 elementor-widget__width-initial exad-sticky-section-no exad-glass-effect-no elementor-widget elementor-widget-image\" data-id=\"7d20731\" data-element_type=\"widget\" data-widget_type=\"image.default\">\n\t\t\t\t<div class=\"elementor-widget-container\">\n\t\t\t\t\t\t\t\t\t\t\t\t\t\t\t<img decoding=\"async\" src=\"https:\/\/escolavila.com.br\/wp-content\/uploads\/elementor\/thumbs\/MG_7070-scaled-rb7q8002ulnpe1eb4rqbsulx732vfel0ldugan32hw.jpg\" title=\"_MG_7070\" alt=\"_MG_7070\" loading=\"lazy\" \/>\t\t\t\t\t\t\t\t\t\t\t\t\t\t\t<\/div>\n\t\t\t\t<\/div>\n\t\t\t\t<div class=\"elementor-element elementor-element-a7850d1 elementor-widget__width-initial exad-sticky-section-no exad-glass-effect-no elementor-widget elementor-widget-image\" data-id=\"a7850d1\" data-element_type=\"widget\" data-widget_type=\"image.default\">\n\t\t\t\t<div class=\"elementor-widget-container\">\n\t\t\t\t\t\t\t\t\t\t\t\t\t\t\t<img decoding=\"async\" width=\"1298\" height=\"730\" src=\"https:\/\/escolavila.com.br\/wp-content\/uploads\/2025\/09\/Imagem3.jpg\" class=\"attachment-2048x2048 size-2048x2048 wp-image-6971\" alt=\"\" srcset=\"https:\/\/escolavila.com.br\/wp-content\/uploads\/2025\/09\/Imagem3.jpg 1298w, https:\/\/escolavila.com.br\/wp-content\/uploads\/2025\/09\/Imagem3-300x169.jpg 300w, https:\/\/escolavila.com.br\/wp-content\/uploads\/2025\/09\/Imagem3-1024x576.jpg 1024w, https:\/\/escolavila.com.br\/wp-content\/uploads\/2025\/09\/Imagem3-768x432.jpg 768w\" sizes=\"(max-width: 1298px) 100vw, 1298px\" \/>\t\t\t\t\t\t\t\t\t\t\t\t\t\t\t<\/div>\n\t\t\t\t<\/div>\n\t\t\t\t<\/div>\n\t\t\t\t<\/div>\n\t\t<div class=\"elementor-element elementor-element-1cba66a e-con-full manifestacao e-flex wpr-particle-no wpr-jarallax-no wpr-parallax-no wpr-sticky-section-no e-con e-child\" data-id=\"1cba66a\" data-element_type=\"container\" data-settings=\"{&quot;background_background&quot;:&quot;classic&quot;,&quot;_ha_eqh_enable&quot;:false}\">\n\t\t<div class=\"elementor-element elementor-element-49c12ad e-con-full e-flex wpr-particle-no wpr-jarallax-no wpr-parallax-no wpr-sticky-section-no e-con e-child\" data-id=\"49c12ad\" data-element_type=\"container\" data-settings=\"{&quot;_ha_eqh_enable&quot;:false}\">\n\t\t<div class=\"elementor-element elementor-element-f2c24d4 e-con-full e-flex wpr-particle-no wpr-jarallax-no wpr-parallax-no wpr-sticky-section-no e-con e-child\" data-id=\"f2c24d4\" data-element_type=\"container\" data-settings=\"{&quot;_ha_eqh_enable&quot;:false}\">\n\t\t\t\t<div class=\"elementor-element elementor-element-258c053 exad-sticky-section-no exad-glass-effect-no elementor-widget elementor-widget-heading\" data-id=\"258c053\" data-element_type=\"widget\" data-widget_type=\"heading.default\">\n\t\t\t\t<div class=\"elementor-widget-container\">\n\t\t\t\t\t<h2 class=\"elementor-heading-title elementor-size-default\">O SER NATUREZA <\/h2>\t\t\t\t<\/div>\n\t\t\t\t<\/div>\n\t\t\t\t<\/div>\n\t\t\t\t<div class=\"elementor-element elementor-element-aa1dc0f elementor-widget__width-initial elementor-widget-mobile__width-inherit exad-sticky-section-no exad-glass-effect-no elementor-widget elementor-widget-text-editor\" data-id=\"aa1dc0f\" data-element_type=\"widget\" data-widget_type=\"text-editor.default\">\n\t\t\t\t<div class=\"elementor-widget-container\">\n\t\t\t\t\t\t\t\t\t<p>A culmin\u00e2ncia do projeto 3 <strong><em>O Ser Natureza<\/em><\/strong> acontece na semana do Dia Mundial do Meio Ambiente, quando \u00e9 realizado um semin\u00e1rio com convidados de \u00f3rg\u00e3os p\u00fablicos e estudiosos das quest\u00f5es ambientais para assistirem \u00e0s apresenta\u00e7\u00f5es e pesquisas feitas e, juntos, dar encaminhamentos para solu\u00e7\u00f5es. O objetivo \u00e9 desenvolver a consci\u00eancia de que somos seres integrantes da Natureza, e de que estamos ligados a todo o Universo.<\/p>\t\t\t\t\t\t\t\t<\/div>\n\t\t\t\t<\/div>\n\t\t\t\t<\/div>\n\t\t<div class=\"elementor-element elementor-element-37b82f7 e-con-full e-flex wpr-particle-no wpr-jarallax-no wpr-parallax-no wpr-sticky-section-no e-con e-child\" data-id=\"37b82f7\" data-element_type=\"container\" data-settings=\"{&quot;_ha_eqh_enable&quot;:false}\">\n\t\t\t\t<div class=\"elementor-element elementor-element-4088ffb elementor-widget__width-initial exad-sticky-section-no exad-glass-effect-no elementor-widget elementor-widget-image\" data-id=\"4088ffb\" data-element_type=\"widget\" data-widget_type=\"image.default\">\n\t\t\t\t<div class=\"elementor-widget-container\">\n\t\t\t\t\t\t\t\t\t\t\t\t\t\t\t<img loading=\"lazy\" decoding=\"async\" width=\"800\" height=\"600\" src=\"https:\/\/escolavila.com.br\/wp-content\/uploads\/2025\/09\/Imagem5-1024x768.png\" class=\"attachment-large size-large wp-image-6980\" alt=\"\" srcset=\"https:\/\/escolavila.com.br\/wp-content\/uploads\/2025\/09\/Imagem5-1024x768.png 1024w, https:\/\/escolavila.com.br\/wp-content\/uploads\/2025\/09\/Imagem5-300x225.png 300w, https:\/\/escolavila.com.br\/wp-content\/uploads\/2025\/09\/Imagem5-768x576.png 768w, https:\/\/escolavila.com.br\/wp-content\/uploads\/2025\/09\/Imagem5.png 1298w\" sizes=\"(max-width: 800px) 100vw, 800px\" \/>\t\t\t\t\t\t\t\t\t\t\t\t\t\t\t<\/div>\n\t\t\t\t<\/div>\n\t\t\t\t<div class=\"elementor-element elementor-element-bb6b579 elementor-widget__width-initial exad-sticky-section-no exad-glass-effect-no elementor-widget elementor-widget-image\" data-id=\"bb6b579\" data-element_type=\"widget\" data-widget_type=\"image.default\">\n\t\t\t\t<div class=\"elementor-widget-container\">\n\t\t\t\t\t\t\t\t\t\t\t\t\t\t\t<img loading=\"lazy\" decoding=\"async\" width=\"800\" height=\"600\" src=\"https:\/\/escolavila.com.br\/wp-content\/uploads\/2025\/09\/Imagem6-1024x768.png\" class=\"attachment-large size-large wp-image-6981\" alt=\"\" srcset=\"https:\/\/escolavila.com.br\/wp-content\/uploads\/2025\/09\/Imagem6-1024x768.png 1024w, https:\/\/escolavila.com.br\/wp-content\/uploads\/2025\/09\/Imagem6-300x225.png 300w, https:\/\/escolavila.com.br\/wp-content\/uploads\/2025\/09\/Imagem6-768x576.png 768w, https:\/\/escolavila.com.br\/wp-content\/uploads\/2025\/09\/Imagem6.png 1298w\" sizes=\"(max-width: 800px) 100vw, 800px\" \/>\t\t\t\t\t\t\t\t\t\t\t\t\t\t\t<\/div>\n\t\t\t\t<\/div>\n\t\t\t\t<\/div>\n\t\t\t\t<\/div>\n\t\t<div class=\"elementor-element elementor-element-4b4fc7a e-con-full manifestacao e-flex wpr-particle-no wpr-jarallax-no wpr-parallax-no wpr-sticky-section-no e-con e-child\" data-id=\"4b4fc7a\" data-element_type=\"container\" data-settings=\"{&quot;background_background&quot;:&quot;classic&quot;,&quot;_ha_eqh_enable&quot;:false}\">\n\t\t<div class=\"elementor-element elementor-element-38c9e76 e-con-full e-flex wpr-particle-no wpr-jarallax-no wpr-parallax-no wpr-sticky-section-no e-con e-child\" data-id=\"38c9e76\" data-element_type=\"container\" data-settings=\"{&quot;_ha_eqh_enable&quot;:false}\">\n\t\t<div class=\"elementor-element elementor-element-56dede4 e-con-full e-flex wpr-particle-no wpr-jarallax-no wpr-parallax-no wpr-sticky-section-no e-con e-child\" data-id=\"56dede4\" data-element_type=\"container\" data-settings=\"{&quot;_ha_eqh_enable&quot;:false}\">\n\t\t\t\t<div class=\"elementor-element elementor-element-281eb08 exad-sticky-section-no exad-glass-effect-no elementor-widget elementor-widget-heading\" data-id=\"281eb08\" data-element_type=\"widget\" data-widget_type=\"heading.default\">\n\t\t\t\t<div class=\"elementor-widget-container\">\n\t\t\t\t\t<h2 class=\"elementor-heading-title elementor-size-default\">O SER NA TRADI\u00c7\u00c3O<\/h2>\t\t\t\t<\/div>\n\t\t\t\t<\/div>\n\t\t\t\t<\/div>\n\t\t\t\t<div class=\"elementor-element elementor-element-c89c956 elementor-widget__width-initial elementor-widget-mobile__width-inherit exad-sticky-section-no exad-glass-effect-no elementor-widget elementor-widget-text-editor\" data-id=\"c89c956\" data-element_type=\"widget\" data-widget_type=\"text-editor.default\">\n\t\t\t\t<div class=\"elementor-widget-container\">\n\t\t\t\t\t\t\t\t\t<p>A culmin\u00e2ncia do projeto 4 <strong>O Ser na Tradi\u00e7\u00e3o<\/strong> acontece no Dia do Folclore, com uma grande festa apresentando o resultado das pesquisas, atrav\u00e9s de dan\u00e7as, exposi\u00e7\u00f5es e muita brincadeira. O objetivo \u00e9 pesquisar e estudar a hist\u00f3ria da coloniza\u00e7\u00e3o, a miscigena\u00e7\u00e3o das etnias, a cultura, tradi\u00e7\u00e3o e espiritualidade do povo brasileiro.<\/p>\t\t\t\t\t\t\t\t<\/div>\n\t\t\t\t<\/div>\n\t\t\t\t<\/div>\n\t\t<div class=\"elementor-element elementor-element-328859a e-con-full e-flex wpr-particle-no wpr-jarallax-no wpr-parallax-no wpr-sticky-section-no e-con e-child\" data-id=\"328859a\" data-element_type=\"container\" data-settings=\"{&quot;_ha_eqh_enable&quot;:false}\">\n\t\t\t\t<div class=\"elementor-element elementor-element-3651c19 elementor-widget__width-initial exad-sticky-section-no exad-glass-effect-no elementor-widget elementor-widget-image\" data-id=\"3651c19\" data-element_type=\"widget\" data-widget_type=\"image.default\">\n\t\t\t\t<div class=\"elementor-widget-container\">\n\t\t\t\t\t\t\t\t\t\t\t\t\t\t\t<img loading=\"lazy\" decoding=\"async\" width=\"800\" height=\"450\" src=\"https:\/\/escolavila.com.br\/wp-content\/uploads\/2025\/09\/506227763_2943348782504611_8385703315801183309_n-1024x576.jpg\" class=\"attachment-large size-large wp-image-7009\" alt=\"\" srcset=\"https:\/\/escolavila.com.br\/wp-content\/uploads\/2025\/09\/506227763_2943348782504611_8385703315801183309_n-1024x576.jpg 1024w, https:\/\/escolavila.com.br\/wp-content\/uploads\/2025\/09\/506227763_2943348782504611_8385703315801183309_n-300x169.jpg 300w, https:\/\/escolavila.com.br\/wp-content\/uploads\/2025\/09\/506227763_2943348782504611_8385703315801183309_n-768x432.jpg 768w, https:\/\/escolavila.com.br\/wp-content\/uploads\/2025\/09\/506227763_2943348782504611_8385703315801183309_n.jpg 1362w\" sizes=\"(max-width: 800px) 100vw, 800px\" \/>\t\t\t\t\t\t\t\t\t\t\t\t\t\t\t<\/div>\n\t\t\t\t<\/div>\n\t\t\t\t<div class=\"elementor-element elementor-element-bbf1497 elementor-widget__width-initial exad-sticky-section-no exad-glass-effect-no elementor-widget elementor-widget-image\" data-id=\"bbf1497\" data-element_type=\"widget\" data-widget_type=\"image.default\">\n\t\t\t\t<div class=\"elementor-widget-container\">\n\t\t\t\t\t\t\t\t\t\t\t\t\t\t\t<img loading=\"lazy\" decoding=\"async\" width=\"425\" height=\"239\" src=\"https:\/\/escolavila.com.br\/wp-content\/uploads\/2025\/09\/Imagem8.png\" class=\"attachment-large size-large wp-image-6984\" alt=\"\" srcset=\"https:\/\/escolavila.com.br\/wp-content\/uploads\/2025\/09\/Imagem8.png 425w, https:\/\/escolavila.com.br\/wp-content\/uploads\/2025\/09\/Imagem8-300x169.png 300w\" sizes=\"(max-width: 425px) 100vw, 425px\" \/>\t\t\t\t\t\t\t\t\t\t\t\t\t\t\t<\/div>\n\t\t\t\t<\/div>\n\t\t\t\t<\/div>\n\t\t\t\t<\/div>\n\t\t<div class=\"elementor-element elementor-element-20b30de e-con-full manifestacao e-flex wpr-particle-no wpr-jarallax-no wpr-parallax-no wpr-sticky-section-no e-con e-child\" data-id=\"20b30de\" data-element_type=\"container\" data-settings=\"{&quot;background_background&quot;:&quot;classic&quot;,&quot;_ha_eqh_enable&quot;:false}\">\n\t\t<div class=\"elementor-element elementor-element-4f09661 e-con-full e-flex wpr-particle-no wpr-jarallax-no wpr-parallax-no wpr-sticky-section-no e-con e-child\" data-id=\"4f09661\" data-element_type=\"container\" data-settings=\"{&quot;_ha_eqh_enable&quot;:false}\">\n\t\t<div class=\"elementor-element elementor-element-aff2f58 e-con-full e-flex wpr-particle-no wpr-jarallax-no wpr-parallax-no wpr-sticky-section-no e-con e-child\" data-id=\"aff2f58\" data-element_type=\"container\" data-settings=\"{&quot;_ha_eqh_enable&quot;:false}\">\n\t\t\t\t<div class=\"elementor-element elementor-element-f4ca382 exad-sticky-section-no exad-glass-effect-no elementor-widget elementor-widget-heading\" data-id=\"f4ca382\" data-element_type=\"widget\" data-widget_type=\"heading.default\">\n\t\t\t\t<div class=\"elementor-widget-container\">\n\t\t\t\t\t<h2 class=\"elementor-heading-title elementor-size-default\">VIGILANTES DO PLANETA<\/h2>\t\t\t\t<\/div>\n\t\t\t\t<\/div>\n\t\t\t\t<\/div>\n\t\t\t\t<div class=\"elementor-element elementor-element-c1b1d73 elementor-widget__width-initial elementor-widget-mobile__width-inherit exad-sticky-section-no exad-glass-effect-no elementor-widget elementor-widget-text-editor\" data-id=\"c1b1d73\" data-element_type=\"widget\" data-widget_type=\"text-editor.default\">\n\t\t\t\t<div class=\"elementor-widget-container\">\n\t\t\t\t\t\t\t\t\t<p>Na culmin\u00e2ncia do projeto 5 <strong><em>Vigilantes do Planeta<\/em><\/strong>, acontece com o Semin\u00e1rio Cuidando do Planeta Terra, no qual s\u00e3o apresentados os resultados do que foi discutido, quais os questionamentos e reivindica\u00e7\u00f5es de cada tem\u00e1tica, e h\u00e1 um espet\u00e1culo art\u00edstico protagonizado pelas crian\u00e7as da Educa\u00e7\u00e3o Infantil.<\/p>\t\t\t\t\t\t\t\t<\/div>\n\t\t\t\t<\/div>\n\t\t\t\t<\/div>\n\t\t<div class=\"elementor-element elementor-element-fa0ac79 e-con-full e-flex wpr-particle-no wpr-jarallax-no wpr-parallax-no wpr-sticky-section-no e-con e-child\" data-id=\"fa0ac79\" data-element_type=\"container\" data-settings=\"{&quot;_ha_eqh_enable&quot;:false}\">\n\t\t\t\t<div class=\"elementor-element elementor-element-61ff42b elementor-widget__width-initial exad-sticky-section-no exad-glass-effect-no elementor-widget elementor-widget-image\" data-id=\"61ff42b\" data-element_type=\"widget\" data-widget_type=\"image.default\">\n\t\t\t\t<div class=\"elementor-widget-container\">\n\t\t\t\t\t\t\t\t\t\t\t\t\t\t\t<img loading=\"lazy\" decoding=\"async\" width=\"800\" height=\"566\" src=\"https:\/\/escolavila.com.br\/wp-content\/uploads\/2025\/09\/Imagem9-1024x724.jpg\" class=\"attachment-large size-large wp-image-6985\" alt=\"\" srcset=\"https:\/\/escolavila.com.br\/wp-content\/uploads\/2025\/09\/Imagem9-1024x724.jpg 1024w, https:\/\/escolavila.com.br\/wp-content\/uploads\/2025\/09\/Imagem9-300x212.jpg 300w, https:\/\/escolavila.com.br\/wp-content\/uploads\/2025\/09\/Imagem9-768x543.jpg 768w, https:\/\/escolavila.com.br\/wp-content\/uploads\/2025\/09\/Imagem9.jpg 1158w\" sizes=\"(max-width: 800px) 100vw, 800px\" \/>\t\t\t\t\t\t\t\t\t\t\t\t\t\t\t<\/div>\n\t\t\t\t<\/div>\n\t\t\t\t<div class=\"elementor-element elementor-element-33d0ef5 elementor-widget__width-initial exad-sticky-section-no exad-glass-effect-no elementor-widget elementor-widget-image\" data-id=\"33d0ef5\" data-element_type=\"widget\" data-widget_type=\"image.default\">\n\t\t\t\t<div class=\"elementor-widget-container\">\n\t\t\t\t\t\t\t\t\t\t\t\t\t\t\t<img loading=\"lazy\" decoding=\"async\" width=\"800\" height=\"607\" src=\"https:\/\/escolavila.com.br\/wp-content\/uploads\/2025\/09\/Imagem10-1024x777.jpg\" class=\"attachment-large size-large wp-image-6986\" alt=\"\" srcset=\"https:\/\/escolavila.com.br\/wp-content\/uploads\/2025\/09\/Imagem10-1024x777.jpg 1024w, https:\/\/escolavila.com.br\/wp-content\/uploads\/2025\/09\/Imagem10-300x228.jpg 300w, https:\/\/escolavila.com.br\/wp-content\/uploads\/2025\/09\/Imagem10-768x583.jpg 768w, https:\/\/escolavila.com.br\/wp-content\/uploads\/2025\/09\/Imagem10.jpg 1167w\" sizes=\"(max-width: 800px) 100vw, 800px\" \/>\t\t\t\t\t\t\t\t\t\t\t\t\t\t\t<\/div>\n\t\t\t\t<\/div>\n\t\t\t\t<\/div>\n\t\t\t\t<\/div>\n\t\t<div class=\"elementor-element elementor-element-d3d41e3 e-con-full manifestacao e-flex wpr-particle-no wpr-jarallax-no wpr-parallax-no wpr-sticky-section-no e-con e-child\" data-id=\"d3d41e3\" data-element_type=\"container\" data-settings=\"{&quot;background_background&quot;:&quot;classic&quot;,&quot;_ha_eqh_enable&quot;:false}\">\n\t\t<div class=\"elementor-element elementor-element-e1b9004 e-con-full e-flex wpr-particle-no wpr-jarallax-no wpr-parallax-no wpr-sticky-section-no e-con e-child\" data-id=\"e1b9004\" data-element_type=\"container\" data-settings=\"{&quot;_ha_eqh_enable&quot;:false}\">\n\t\t<div class=\"elementor-element elementor-element-93124b4 e-con-full e-flex wpr-particle-no wpr-jarallax-no wpr-parallax-no wpr-sticky-section-no e-con e-child\" data-id=\"93124b4\" data-element_type=\"container\" data-settings=\"{&quot;_ha_eqh_enable&quot;:false}\">\n\t\t\t\t<div class=\"elementor-element elementor-element-a054b9a exad-sticky-section-no exad-glass-effect-no elementor-widget elementor-widget-heading\" data-id=\"a054b9a\" data-element_type=\"widget\" data-widget_type=\"heading.default\">\n\t\t\t\t<div class=\"elementor-widget-container\">\n\t\t\t\t\t<h2 class=\"elementor-heading-title elementor-size-default\">CONSTRUINDO UM MUNDO MELHOR<\/h2>\t\t\t\t<\/div>\n\t\t\t\t<\/div>\n\t\t\t\t<\/div>\n\t\t\t\t<div class=\"elementor-element elementor-element-607e906 elementor-widget__width-initial elementor-widget-mobile__width-inherit exad-sticky-section-no exad-glass-effect-no elementor-widget elementor-widget-text-editor\" data-id=\"607e906\" data-element_type=\"widget\" data-widget_type=\"text-editor.default\">\n\t\t\t\t<div class=\"elementor-widget-container\">\n\t\t\t\t\t\t\t\t\t<p>J\u00e1 na \u00faltima culmin\u00e2ncia, o projeto 6<em><strong> Construindo um Mundo Melhor<\/strong><\/em> s\u00e3o apresentados os resultados do que foi discutido ao longo do ano, quais os questionamentos e reivindica\u00e7\u00f5es de cada tem\u00e1tica, e h\u00e1 um espet\u00e1culo art\u00edstico protagonizado pelas crian\u00e7as da Educa\u00e7\u00e3o Infantil e do Ensino Fundamental 1 e 2.<\/p>\t\t\t\t\t\t\t\t<\/div>\n\t\t\t\t<\/div>\n\t\t\t\t<\/div>\n\t\t<div class=\"elementor-element elementor-element-2121bf5 e-con-full e-flex wpr-particle-no wpr-jarallax-no wpr-parallax-no wpr-sticky-section-no e-con e-child\" data-id=\"2121bf5\" data-element_type=\"container\" data-settings=\"{&quot;_ha_eqh_enable&quot;:false}\">\n\t\t\t\t<div class=\"elementor-element elementor-element-1dc4d6b elementor-widget__width-initial exad-sticky-section-no exad-glass-effect-no elementor-widget elementor-widget-image\" data-id=\"1dc4d6b\" data-element_type=\"widget\" data-widget_type=\"image.default\">\n\t\t\t\t<div class=\"elementor-widget-container\">\n\t\t\t\t\t\t\t\t\t\t\t\t\t\t\t<img loading=\"lazy\" decoding=\"async\" width=\"732\" height=\"1024\" src=\"https:\/\/escolavila.com.br\/wp-content\/uploads\/2025\/09\/Imagem11-732x1024.jpg\" class=\"attachment-large size-large wp-image-6987\" alt=\"\" srcset=\"https:\/\/escolavila.com.br\/wp-content\/uploads\/2025\/09\/Imagem11-732x1024.jpg 732w, https:\/\/escolavila.com.br\/wp-content\/uploads\/2025\/09\/Imagem11-215x300.jpg 215w, https:\/\/escolavila.com.br\/wp-content\/uploads\/2025\/09\/Imagem11-768x1074.jpg 768w, https:\/\/escolavila.com.br\/wp-content\/uploads\/2025\/09\/Imagem11-1098x1536.jpg 1098w, https:\/\/escolavila.com.br\/wp-content\/uploads\/2025\/09\/Imagem11.jpg 1172w\" sizes=\"(max-width: 732px) 100vw, 732px\" \/>\t\t\t\t\t\t\t\t\t\t\t\t\t\t\t<\/div>\n\t\t\t\t<\/div>\n\t\t\t\t<div class=\"elementor-element elementor-element-9e0faf4 elementor-widget__width-initial exad-sticky-section-no exad-glass-effect-no elementor-widget elementor-widget-image\" data-id=\"9e0faf4\" data-element_type=\"widget\" data-widget_type=\"image.default\">\n\t\t\t\t<div class=\"elementor-widget-container\">\n\t\t\t\t\t\t\t\t\t\t\t\t\t\t\t<img loading=\"lazy\" decoding=\"async\" width=\"800\" height=\"533\" src=\"https:\/\/escolavila.com.br\/wp-content\/uploads\/2025\/09\/Imagem12-1024x682.jpg\" class=\"attachment-large size-large wp-image-6988\" alt=\"\" srcset=\"https:\/\/escolavila.com.br\/wp-content\/uploads\/2025\/09\/Imagem12-1024x682.jpg 1024w, https:\/\/escolavila.com.br\/wp-content\/uploads\/2025\/09\/Imagem12-300x200.jpg 300w, https:\/\/escolavila.com.br\/wp-content\/uploads\/2025\/09\/Imagem12-768x512.jpg 768w, https:\/\/escolavila.com.br\/wp-content\/uploads\/2025\/09\/Imagem12.jpg 1298w\" sizes=\"(max-width: 800px) 100vw, 800px\" \/>\t\t\t\t\t\t\t\t\t\t\t\t\t\t\t<\/div>\n\t\t\t\t<\/div>\n\t\t\t\t<\/div>\n\t\t\t\t<\/div>\n\t\t\t\t<\/div>\n\t\t","protected":false},"excerpt":{"rendered":"<p>Culmin\u00e2ncia dos Projetos A cada projeto os estudantes trabalham com pesquisas, entrevistas, estudos sobreum subtema escolhido pela turma, do projeto em andamento. As apresenta\u00e7\u00f5es nas culmin\u00e2ncias s\u00e3o decidas pelos estudantes, quem vai serrepresentante da turma que vai falar e fazer perguntas, outros organizam os textos aserem apresentados, outros v\u00e3o ser monitores das turmas do infantil, ajudando asprofessoras a arrumar e conduzir os pequenos para a apresenta\u00e7\u00e3o, outro grupo ajuda nadecora\u00e7\u00e3o e arruma\u00e7\u00e3o do local de apresenta\u00e7\u00e3o. Todos assumem responsabilidadescontribuindo para o sucesso das apresenta\u00e7\u00f5es. O Ser no Social A culmin\u00e2ncia do projeto 1 O Ser no Social \u00e9 o grande Encontro de Gera\u00e7\u00f5es, com m\u00fasicas e brincadeiras de todas as \u00e9pocas, envolvendo toda a comunidade escolar e os idosos das institui\u00e7\u00f5es beneficiadas. O objetivo do projeto \u00e9 trabalhar o respeito, o amor, a solidariedade e a \u00e9tica como valores fundamentais para conviver em harmonia com todos os seres. O Ser na Descoberta de Seus Valores e Suas Ra\u00edzes Na culmin\u00e2ncia do projeto 2 O Ser na Descoberta de seus Valores e suas Ra\u00edzes, acontece o encontro das culturas, com a presen\u00e7a de representantes dos povos convidados e de toda a comunidade escolar. O objetivo \u00e9 proporcionar o resgate da nossa hist\u00f3ria, conhecendo nossas ra\u00edzes e os valores dos povos que nos antecederam, sobretudo os origin\u00e1rios. O SER NATUREZA A culmin\u00e2ncia do projeto 3 O Ser Natureza acontece na semana do Dia Mundial do Meio Ambiente, quando \u00e9 realizado um semin\u00e1rio com convidados de \u00f3rg\u00e3os p\u00fablicos e estudiosos das quest\u00f5es ambientais para assistirem \u00e0s apresenta\u00e7\u00f5es e pesquisas feitas e, juntos, dar encaminhamentos para solu\u00e7\u00f5es. O objetivo \u00e9 desenvolver a consci\u00eancia de que somos seres integrantes da Natureza, e de que estamos ligados a todo o Universo. O SER NA TRADI\u00c7\u00c3O A culmin\u00e2ncia do projeto 4 O Ser na Tradi\u00e7\u00e3o acontece no Dia do Folclore, com uma grande festa apresentando o resultado das pesquisas, atrav\u00e9s de dan\u00e7as, exposi\u00e7\u00f5es e muita brincadeira. O objetivo \u00e9 pesquisar e estudar a hist\u00f3ria da coloniza\u00e7\u00e3o, a miscigena\u00e7\u00e3o das etnias, a cultura, tradi\u00e7\u00e3o e espiritualidade do povo brasileiro. VIGILANTES DO PLANETA Na culmin\u00e2ncia do projeto 5 Vigilantes do Planeta, acontece com o Semin\u00e1rio Cuidando do Planeta Terra, no qual s\u00e3o apresentados os resultados do que foi discutido, quais os questionamentos e reivindica\u00e7\u00f5es de cada tem\u00e1tica, e h\u00e1 um espet\u00e1culo art\u00edstico protagonizado pelas crian\u00e7as da Educa\u00e7\u00e3o Infantil. CONSTRUINDO UM MUNDO MELHOR J\u00e1 na \u00faltima culmin\u00e2ncia, o projeto 6 Construindo um Mundo Melhor s\u00e3o apresentados os resultados do que foi discutido ao longo do ano, quais os questionamentos e reivindica\u00e7\u00f5es de cada tem\u00e1tica, e h\u00e1 um espet\u00e1culo art\u00edstico protagonizado pelas crian\u00e7as da Educa\u00e7\u00e3o Infantil e do Ensino Fundamental 1 e 2.<\/p>\n","protected":false},"author":4,"featured_media":0,"parent":0,"menu_order":0,"comment_status":"closed","ping_status":"closed","template":"elementor_canvas","meta":{"_acf_changed":false,"footnotes":""},"class_list":["post-6949","page","type-page","status-publish","hentry"],"acf":[],"_links":{"self":[{"href":"https:\/\/escolavila.com.br\/index.php\/wp-json\/wp\/v2\/pages\/6949","targetHints":{"allow":["GET"]}}],"collection":[{"href":"https:\/\/escolavila.com.br\/index.php\/wp-json\/wp\/v2\/pages"}],"about":[{"href":"https:\/\/escolavila.com.br\/index.php\/wp-json\/wp\/v2\/types\/page"}],"author":[{"embeddable":true,"href":"https:\/\/escolavila.com.br\/index.php\/wp-json\/wp\/v2\/users\/4"}],"replies":[{"embeddable":true,"href":"https:\/\/escolavila.com.br\/index.php\/wp-json\/wp\/v2\/comments?post=6949"}],"version-history":[{"count":26,"href":"https:\/\/escolavila.com.br\/index.php\/wp-json\/wp\/v2\/pages\/6949\/revisions"}],"predecessor-version":[{"id":7261,"href":"https:\/\/escolavila.com.br\/index.php\/wp-json\/wp\/v2\/pages\/6949\/revisions\/7261"}],"wp:attachment":[{"href":"https:\/\/escolavila.com.br\/index.php\/wp-json\/wp\/v2\/media?parent=6949"}],"curies":[{"name":"wp","href":"https:\/\/api.w.org\/{rel}","templated":true}]}}