{"id":7011,"date":"2025-09-01T17:06:04","date_gmt":"2025-09-01T17:06:04","guid":{"rendered":"https:\/\/escolavila.com.br\/?page_id=7011"},"modified":"2025-09-02T16:25:00","modified_gmt":"2025-09-02T16:25:00","slug":"feirao-da-economia-solidaria","status":"publish","type":"page","link":"https:\/\/escolavila.com.br\/index.php\/feirao-da-economia-solidaria\/","title":{"rendered":"\u2014 Feir\u00e3o da Economia Solid\u00e1ria"},"content":{"rendered":"\t\t<div data-elementor-type=\"wp-page\" data-elementor-id=\"7011\" class=\"elementor elementor-7011\" data-elementor-settings=\"{&quot;ha_cmc_init_switcher&quot;:&quot;no&quot;}\" data-elementor-post-type=\"page\">\n\t\t\t\t<div class=\"elementor-element elementor-element-1b606f09 e-con-full e-flex wpr-particle-no wpr-jarallax-no wpr-parallax-no wpr-sticky-section-no e-con e-parent\" data-id=\"1b606f09\" data-element_type=\"container\" data-settings=\"{&quot;background_background&quot;:&quot;classic&quot;,&quot;_ha_eqh_enable&quot;:false}\">\n\t\t\t\t<\/div>\n\t\t<div class=\"elementor-element elementor-element-0b8e166 e-flex e-con-boxed wpr-particle-no wpr-jarallax-no wpr-parallax-no wpr-sticky-section-no e-con e-parent\" data-id=\"0b8e166\" data-element_type=\"container\" data-settings=\"{&quot;background_background&quot;:&quot;classic&quot;,&quot;_ha_eqh_enable&quot;:false}\">\n\t\t\t\t\t<div class=\"e-con-inner\">\n\t\t<div class=\"elementor-element elementor-element-354b98f e-con-full e-flex wpr-particle-no wpr-jarallax-no wpr-parallax-no wpr-sticky-section-no e-con e-child\" data-id=\"354b98f\" data-element_type=\"container\" data-settings=\"{&quot;_ha_eqh_enable&quot;:false}\">\n\t\t<div class=\"elementor-element elementor-element-f9304fc e-con-full e-flex wpr-particle-no wpr-jarallax-no wpr-parallax-no wpr-sticky-section-no e-con e-child\" data-id=\"f9304fc\" data-element_type=\"container\" data-settings=\"{&quot;_ha_eqh_enable&quot;:false}\">\n\t\t\t\t<div class=\"elementor-element elementor-element-0aedac2 exad-sticky-section-no exad-glass-effect-no elementor-widget elementor-widget-heading\" data-id=\"0aedac2\" data-element_type=\"widget\" data-widget_type=\"heading.default\">\n\t\t\t\t<div class=\"elementor-widget-container\">\n\t\t\t\t\t<span class=\"elementor-heading-title elementor-size-default\">Feir\u00e3o da Economia Solid\u00e1ria<\/span>\t\t\t\t<\/div>\n\t\t\t\t<\/div>\n\t\t\t\t<\/div>\n\t\t\t\t<\/div>\n\t\t\t\t<div class=\"elementor-element elementor-element-a95a231 elementor-widget__width-initial elementor-widget-mobile__width-inherit exad-sticky-section-no exad-glass-effect-no elementor-widget elementor-widget-text-editor\" data-id=\"a95a231\" data-element_type=\"widget\" data-widget_type=\"text-editor.default\">\n\t\t\t\t<div class=\"elementor-widget-container\">\n\t\t\t\t\t\t\t\t\t<p>Os Feir\u00f5es da Economia Solid\u00e1ria da Escola Vila acontecem desde 2010, sempre com o protagonismo da turma do 9\u00ba ano, com o objetivo de conhecer e praticar a Economia Solid\u00e1ria e a Economia Criativa.<\/p>\t\t\t\t\t\t\t\t<\/div>\n\t\t\t\t<\/div>\n\t\t\t\t\t<\/div>\n\t\t\t\t<\/div>\n\t\t<div class=\"elementor-element elementor-element-cd07f35 e-con-full manifestacao e-flex wpr-particle-no wpr-jarallax-no wpr-parallax-no wpr-sticky-section-no e-con e-child\" data-id=\"cd07f35\" data-element_type=\"container\" id=\"manifestacao\" data-settings=\"{&quot;background_background&quot;:&quot;classic&quot;,&quot;_ha_eqh_enable&quot;:false}\">\n\t\t<div class=\"elementor-element elementor-element-f1ffd11 e-con-full e-flex wpr-particle-no wpr-jarallax-no wpr-parallax-no wpr-sticky-section-no e-con e-child\" data-id=\"f1ffd11\" data-element_type=\"container\" data-settings=\"{&quot;_ha_eqh_enable&quot;:false}\">\n\t\t\t\t<div class=\"elementor-element elementor-element-a1a9e64 exad-sticky-section-no exad-glass-effect-no elementor-widget elementor-widget-image\" data-id=\"a1a9e64\" data-element_type=\"widget\" data-widget_type=\"image.default\">\n\t\t\t\t<div class=\"elementor-widget-container\">\n\t\t\t\t\t\t\t\t\t\t\t\t\t\t\t<img fetchpriority=\"high\" decoding=\"async\" width=\"2048\" height=\"1365\" src=\"https:\/\/escolavila.com.br\/wp-content\/uploads\/2025\/09\/505733572_2948438355328987_685118742750059424_n.jpg\" class=\"attachment-full size-full wp-image-7040\" alt=\"\" srcset=\"https:\/\/escolavila.com.br\/wp-content\/uploads\/2025\/09\/505733572_2948438355328987_685118742750059424_n.jpg 2048w, https:\/\/escolavila.com.br\/wp-content\/uploads\/2025\/09\/505733572_2948438355328987_685118742750059424_n-300x200.jpg 300w, https:\/\/escolavila.com.br\/wp-content\/uploads\/2025\/09\/505733572_2948438355328987_685118742750059424_n-1024x683.jpg 1024w, https:\/\/escolavila.com.br\/wp-content\/uploads\/2025\/09\/505733572_2948438355328987_685118742750059424_n-768x512.jpg 768w, https:\/\/escolavila.com.br\/wp-content\/uploads\/2025\/09\/505733572_2948438355328987_685118742750059424_n-1536x1024.jpg 1536w\" sizes=\"(max-width: 2048px) 100vw, 2048px\" \/>\t\t\t\t\t\t\t\t\t\t\t\t\t\t\t<\/div>\n\t\t\t\t<\/div>\n\t\t\t\t<\/div>\n\t\t<div class=\"elementor-element elementor-element-6a5d5cf e-con-full e-flex wpr-particle-no wpr-jarallax-no wpr-parallax-no wpr-sticky-section-no e-con e-child\" data-id=\"6a5d5cf\" data-element_type=\"container\" data-settings=\"{&quot;_ha_eqh_enable&quot;:false}\">\n\t\t\t\t<div class=\"elementor-element elementor-element-941ef4b elementor-widget__width-initial elementor-widget-mobile__width-inherit exad-sticky-section-no exad-glass-effect-no elementor-widget elementor-widget-text-editor\" data-id=\"941ef4b\" data-element_type=\"widget\" data-widget_type=\"text-editor.default\">\n\t\t\t\t<div class=\"elementor-widget-container\">\n\t\t\t\t\t\t\t\t\t<p>Alguns exemplos de como praticar a Economia Solid\u00e1ria: comprar em feiras e mercadinhos dos bairros, assim contribui-se para o crescimento econ\u00f4mico local; praticar o escambo o consumo consciente.<\/p>\t\t\t\t\t\t\t\t<\/div>\n\t\t\t\t<\/div>\n\t\t\t\t<\/div>\n\t\t\t\t<\/div>\n\t\t<div class=\"elementor-element elementor-element-2e7b42d e-con-full manifestacao e-flex wpr-particle-no wpr-jarallax-no wpr-parallax-no wpr-sticky-section-no e-con e-child\" data-id=\"2e7b42d\" data-element_type=\"container\" data-settings=\"{&quot;background_background&quot;:&quot;classic&quot;,&quot;_ha_eqh_enable&quot;:false}\">\n\t\t<div class=\"elementor-element elementor-element-f4d3fa4 e-con-full e-flex wpr-particle-no wpr-jarallax-no wpr-parallax-no wpr-sticky-section-no e-con e-child\" data-id=\"f4d3fa4\" data-element_type=\"container\" data-settings=\"{&quot;background_background&quot;:&quot;classic&quot;,&quot;_ha_eqh_enable&quot;:false}\">\n\t\t\t\t<div class=\"elementor-element elementor-element-d4bab22 elementor-widget__width-initial elementor-widget-mobile__width-inherit exad-sticky-section-no exad-glass-effect-no ha-has-bg-overlay elementor-widget elementor-widget-text-editor\" data-id=\"d4bab22\" data-element_type=\"widget\" data-widget_type=\"text-editor.default\">\n\t\t\t\t<div class=\"elementor-widget-container\">\n\t\t\t\t\t\t\t\t\t<p>O Feir\u00e3o acontece uma vez por m\u00eas no s\u00e1bado, nas datas estabelecidas no calend\u00e1rio.<\/p>\t\t\t\t\t\t\t\t<\/div>\n\t\t\t\t<\/div>\n\t\t\t\t<div class=\"elementor-element elementor-element-e175e36 elementor-widget__width-initial exad-sticky-section-no exad-glass-effect-no elementor-widget elementor-widget-image\" data-id=\"e175e36\" data-element_type=\"widget\" data-widget_type=\"image.default\">\n\t\t\t\t<div class=\"elementor-widget-container\">\n\t\t\t\t\t\t\t\t\t\t\t\t\t\t\t<img decoding=\"async\" width=\"800\" height=\"525\" src=\"https:\/\/escolavila.com.br\/wp-content\/uploads\/2025\/09\/untitled-shoot-6749-scaled-e1756751519503-1024x672.jpg\" class=\"attachment-large size-large wp-image-7080\" alt=\"\" srcset=\"https:\/\/escolavila.com.br\/wp-content\/uploads\/2025\/09\/untitled-shoot-6749-scaled-e1756751519503-1024x672.jpg 1024w, https:\/\/escolavila.com.br\/wp-content\/uploads\/2025\/09\/untitled-shoot-6749-scaled-e1756751519503-300x197.jpg 300w, https:\/\/escolavila.com.br\/wp-content\/uploads\/2025\/09\/untitled-shoot-6749-scaled-e1756751519503-768x504.jpg 768w, https:\/\/escolavila.com.br\/wp-content\/uploads\/2025\/09\/untitled-shoot-6749-scaled-e1756751519503-1536x1008.jpg 1536w, https:\/\/escolavila.com.br\/wp-content\/uploads\/2025\/09\/untitled-shoot-6749-scaled-e1756751519503-2048x1344.jpg 2048w\" sizes=\"(max-width: 800px) 100vw, 800px\" \/>\t\t\t\t\t\t\t\t\t\t\t\t\t\t\t<\/div>\n\t\t\t\t<\/div>\n\t\t\t\t<\/div>\n\t\t<div class=\"elementor-element elementor-element-5ed8515 e-con-full e-flex wpr-particle-no wpr-jarallax-no wpr-parallax-no wpr-sticky-section-no e-con e-child\" data-id=\"5ed8515\" data-element_type=\"container\" data-settings=\"{&quot;background_background&quot;:&quot;classic&quot;,&quot;_ha_eqh_enable&quot;:false}\">\n\t\t\t\t<div class=\"elementor-element elementor-element-e28dd6e elementor-widget__width-initial elementor-widget-mobile__width-inherit exad-sticky-section-no exad-glass-effect-no ha-has-bg-overlay elementor-widget elementor-widget-text-editor\" data-id=\"e28dd6e\" data-element_type=\"widget\" data-widget_type=\"text-editor.default\">\n\t\t\t\t<div class=\"elementor-widget-container\">\n\t\t\t\t\t\t\t\t\t<p>Nas duas semanas que antecedem o dia do feir\u00e3o, os estudantes do 9\u00ba ano abrem a barraca a partir de 11:50 e na sexta a partir de 11:00 para fazer as trocas de objetos (brinquedos, livros, revistas, roupas e tudo que est\u00e1 em boas condi\u00e7\u00f5es e sem uso em casa), para trocar pela moeda ECOVILA. Nos dias dos feir\u00f5es a moeda \u00e9 trocada pelo objeto escolhido.<\/p>\t\t\t\t\t\t\t\t<\/div>\n\t\t\t\t<\/div>\n\t\t\t\t<div class=\"elementor-element elementor-element-acdb062 elementor-widget__width-initial exad-sticky-section-no exad-glass-effect-no elementor-widget elementor-widget-image\" data-id=\"acdb062\" data-element_type=\"widget\" data-widget_type=\"image.default\">\n\t\t\t\t<div class=\"elementor-widget-container\">\n\t\t\t\t\t\t\t\t\t\t\t\t\t\t\t<img decoding=\"async\" width=\"800\" height=\"534\" src=\"https:\/\/escolavila.com.br\/wp-content\/uploads\/2025\/09\/untitled-shoot-6759-1024x683.jpg\" class=\"attachment-large size-large wp-image-7051\" alt=\"\" srcset=\"https:\/\/escolavila.com.br\/wp-content\/uploads\/2025\/09\/untitled-shoot-6759-1024x683.jpg 1024w, https:\/\/escolavila.com.br\/wp-content\/uploads\/2025\/09\/untitled-shoot-6759-300x200.jpg 300w, https:\/\/escolavila.com.br\/wp-content\/uploads\/2025\/09\/untitled-shoot-6759-768x512.jpg 768w, https:\/\/escolavila.com.br\/wp-content\/uploads\/2025\/09\/untitled-shoot-6759-1536x1024.jpg 1536w, https:\/\/escolavila.com.br\/wp-content\/uploads\/2025\/09\/untitled-shoot-6759-2048x1365.jpg 2048w\" sizes=\"(max-width: 800px) 100vw, 800px\" \/>\t\t\t\t\t\t\t\t\t\t\t\t\t\t\t<\/div>\n\t\t\t\t<\/div>\n\t\t\t\t<\/div>\n\t\t<div class=\"elementor-element elementor-element-384c55f e-con-full e-flex wpr-particle-no wpr-jarallax-no wpr-parallax-no wpr-sticky-section-no e-con e-child\" data-id=\"384c55f\" data-element_type=\"container\" data-settings=\"{&quot;background_background&quot;:&quot;classic&quot;,&quot;_ha_eqh_enable&quot;:false}\">\n\t\t\t\t<div class=\"elementor-element elementor-element-413aed5 elementor-widget__width-initial elementor-widget-mobile__width-inherit exad-sticky-section-no exad-glass-effect-no ha-has-bg-overlay elementor-widget elementor-widget-text-editor\" data-id=\"413aed5\" data-element_type=\"widget\" data-widget_type=\"text-editor.default\">\n\t\t\t\t<div class=\"elementor-widget-container\">\n\t\t\t\t\t\t\t\t\t<p>Nos feir\u00f5es abrimos espa\u00e7o para pequenos produtores e artes\u00e3os trazerem seus produtos para trocar ou vender.<\/p>\t\t\t\t\t\t\t\t<\/div>\n\t\t\t\t<\/div>\n\t\t\t\t<div class=\"elementor-element elementor-element-5519965 elementor-widget__width-initial exad-sticky-section-no exad-glass-effect-no elementor-widget elementor-widget-image\" data-id=\"5519965\" data-element_type=\"widget\" data-widget_type=\"image.default\">\n\t\t\t\t<div class=\"elementor-widget-container\">\n\t\t\t\t\t\t\t\t\t\t\t\t\t\t\t<img loading=\"lazy\" decoding=\"async\" width=\"2048\" height=\"1365\" src=\"https:\/\/escolavila.com.br\/wp-content\/uploads\/2025\/09\/51685681_1109026802603494_5134674767198027776_n.jpg\" class=\"attachment-full size-full wp-image-7038\" alt=\"\" srcset=\"https:\/\/escolavila.com.br\/wp-content\/uploads\/2025\/09\/51685681_1109026802603494_5134674767198027776_n.jpg 2048w, https:\/\/escolavila.com.br\/wp-content\/uploads\/2025\/09\/51685681_1109026802603494_5134674767198027776_n-300x200.jpg 300w, https:\/\/escolavila.com.br\/wp-content\/uploads\/2025\/09\/51685681_1109026802603494_5134674767198027776_n-1024x683.jpg 1024w, https:\/\/escolavila.com.br\/wp-content\/uploads\/2025\/09\/51685681_1109026802603494_5134674767198027776_n-768x512.jpg 768w, https:\/\/escolavila.com.br\/wp-content\/uploads\/2025\/09\/51685681_1109026802603494_5134674767198027776_n-1536x1024.jpg 1536w\" sizes=\"(max-width: 2048px) 100vw, 2048px\" \/>\t\t\t\t\t\t\t\t\t\t\t\t\t\t\t<\/div>\n\t\t\t\t<\/div>\n\t\t\t\t<\/div>\n\t\t<div class=\"elementor-element elementor-element-2e65f00 e-con-full e-flex wpr-particle-no wpr-jarallax-no wpr-parallax-no wpr-sticky-section-no e-con e-child\" data-id=\"2e65f00\" data-element_type=\"container\" data-settings=\"{&quot;background_background&quot;:&quot;classic&quot;,&quot;_ha_eqh_enable&quot;:false}\">\n\t\t\t\t<div class=\"elementor-element elementor-element-2057020 elementor-widget__width-initial elementor-widget-mobile__width-inherit exad-sticky-section-no exad-glass-effect-no ha-has-bg-overlay elementor-widget elementor-widget-text-editor\" data-id=\"2057020\" data-element_type=\"widget\" data-widget_type=\"text-editor.default\">\n\t\t\t\t<div class=\"elementor-widget-container\">\n\t\t\t\t\t\t\t\t\t<p>De acordo com os temas trabalhados pelos estudantes, acontecem palestras, apresenta\u00e7\u00f5es, n\u00fameros art\u00edsticos e outras atividades que ser\u00e3o divulgadas nos convites para o feir\u00e3o.<\/p>\t\t\t\t\t\t\t\t<\/div>\n\t\t\t\t<\/div>\n\t\t\t\t<div class=\"elementor-element elementor-element-75548ef elementor-widget__width-initial exad-sticky-section-no exad-glass-effect-no elementor-widget elementor-widget-image\" data-id=\"75548ef\" data-element_type=\"widget\" data-widget_type=\"image.default\">\n\t\t\t\t<div class=\"elementor-widget-container\">\n\t\t\t\t\t\t\t\t\t\t\t\t\t\t\t<img loading=\"lazy\" decoding=\"async\" width=\"800\" height=\"531\" src=\"https:\/\/escolavila.com.br\/wp-content\/uploads\/2025\/09\/DSC_0144-1024x680.jpg\" class=\"attachment-large size-large wp-image-7065\" alt=\"\" srcset=\"https:\/\/escolavila.com.br\/wp-content\/uploads\/2025\/09\/DSC_0144-1024x680.jpg 1024w, https:\/\/escolavila.com.br\/wp-content\/uploads\/2025\/09\/DSC_0144-300x199.jpg 300w, https:\/\/escolavila.com.br\/wp-content\/uploads\/2025\/09\/DSC_0144-768x510.jpg 768w, https:\/\/escolavila.com.br\/wp-content\/uploads\/2025\/09\/DSC_0144-1536x1020.jpg 1536w, https:\/\/escolavila.com.br\/wp-content\/uploads\/2025\/09\/DSC_0144-2048x1360.jpg 2048w\" sizes=\"(max-width: 800px) 100vw, 800px\" \/>\t\t\t\t\t\t\t\t\t\t\t\t\t\t\t<\/div>\n\t\t\t\t<\/div>\n\t\t\t\t<\/div>\n\t\t<div class=\"elementor-element elementor-element-9d60a9b e-con-full e-flex wpr-particle-no wpr-jarallax-no wpr-parallax-no wpr-sticky-section-no e-con e-child\" data-id=\"9d60a9b\" data-element_type=\"container\" data-settings=\"{&quot;background_background&quot;:&quot;classic&quot;,&quot;_ha_eqh_enable&quot;:false}\">\n\t\t\t\t<div class=\"elementor-element elementor-element-56b9fab elementor-widget__width-initial elementor-widget-mobile__width-inherit exad-sticky-section-no exad-glass-effect-no ha-has-bg-overlay elementor-widget elementor-widget-text-editor\" data-id=\"56b9fab\" data-element_type=\"widget\" data-widget_type=\"text-editor.default\">\n\t\t\t\t<div class=\"elementor-widget-container\">\n\t\t\t\t\t\t\t\t\t<p>No decorrer do ano as produ\u00e7\u00f5es realizadas pelos estudantes do fundamental, como lambedores, ch\u00e1s, desinfetantes etc., poder\u00e3o ser doadas.<\/p>\t\t\t\t\t\t\t\t<\/div>\n\t\t\t\t<\/div>\n\t\t\t\t<div class=\"elementor-element elementor-element-3c9c37e elementor-widget__width-initial exad-sticky-section-no exad-glass-effect-no elementor-widget elementor-widget-image\" data-id=\"3c9c37e\" data-element_type=\"widget\" data-widget_type=\"image.default\">\n\t\t\t\t<div class=\"elementor-widget-container\">\n\t\t\t\t\t\t\t\t\t\t\t\t\t\t\t<img loading=\"lazy\" decoding=\"async\" width=\"800\" height=\"534\" src=\"https:\/\/escolavila.com.br\/wp-content\/uploads\/2025\/09\/MG_1395-1024x683.jpg\" class=\"attachment-large size-large wp-image-7084\" alt=\"\" srcset=\"https:\/\/escolavila.com.br\/wp-content\/uploads\/2025\/09\/MG_1395-1024x683.jpg 1024w, https:\/\/escolavila.com.br\/wp-content\/uploads\/2025\/09\/MG_1395-300x200.jpg 300w, https:\/\/escolavila.com.br\/wp-content\/uploads\/2025\/09\/MG_1395-768x512.jpg 768w, https:\/\/escolavila.com.br\/wp-content\/uploads\/2025\/09\/MG_1395-1536x1024.jpg 1536w, https:\/\/escolavila.com.br\/wp-content\/uploads\/2025\/09\/MG_1395-2048x1365.jpg 2048w\" sizes=\"(max-width: 800px) 100vw, 800px\" \/>\t\t\t\t\t\t\t\t\t\t\t\t\t\t\t<\/div>\n\t\t\t\t<\/div>\n\t\t\t\t<\/div>\n\t\t<div class=\"elementor-element elementor-element-a5bea27 e-con-full e-flex wpr-particle-no wpr-jarallax-no wpr-parallax-no wpr-sticky-section-no e-con e-child\" data-id=\"a5bea27\" data-element_type=\"container\" data-settings=\"{&quot;background_background&quot;:&quot;classic&quot;,&quot;_ha_eqh_enable&quot;:false}\">\n\t\t\t\t<div class=\"elementor-element elementor-element-642790c elementor-widget__width-initial elementor-widget-mobile__width-inherit exad-sticky-section-no exad-glass-effect-no ha-has-bg-overlay elementor-widget elementor-widget-text-editor\" data-id=\"642790c\" data-element_type=\"widget\" data-widget_type=\"text-editor.default\">\n\t\t\t\t<div class=\"elementor-widget-container\">\n\t\t\t\t\t\t\t\t\t<p>Os feir\u00f5es s\u00e3o abertos \u00e0 comunidade.<\/p>\t\t\t\t\t\t\t\t<\/div>\n\t\t\t\t<\/div>\n\t\t\t\t<div class=\"elementor-element elementor-element-bf9d12f elementor-widget__width-initial exad-sticky-section-no exad-glass-effect-no elementor-widget elementor-widget-image\" data-id=\"bf9d12f\" data-element_type=\"widget\" data-widget_type=\"image.default\">\n\t\t\t\t<div class=\"elementor-widget-container\">\n\t\t\t\t\t\t\t\t\t\t\t\t\t\t\t<img loading=\"lazy\" decoding=\"async\" width=\"800\" height=\"534\" src=\"https:\/\/escolavila.com.br\/wp-content\/uploads\/2025\/09\/MG_0005-1024x683.jpg\" class=\"attachment-large size-large wp-image-7076\" alt=\"\" srcset=\"https:\/\/escolavila.com.br\/wp-content\/uploads\/2025\/09\/MG_0005-1024x683.jpg 1024w, https:\/\/escolavila.com.br\/wp-content\/uploads\/2025\/09\/MG_0005-300x200.jpg 300w, https:\/\/escolavila.com.br\/wp-content\/uploads\/2025\/09\/MG_0005-768x512.jpg 768w, https:\/\/escolavila.com.br\/wp-content\/uploads\/2025\/09\/MG_0005-1536x1024.jpg 1536w, https:\/\/escolavila.com.br\/wp-content\/uploads\/2025\/09\/MG_0005-2048x1365.jpg 2048w\" sizes=\"(max-width: 800px) 100vw, 800px\" \/>\t\t\t\t\t\t\t\t\t\t\t\t\t\t\t<\/div>\n\t\t\t\t<\/div>\n\t\t\t\t<\/div>\n\t\t\t\t<\/div>\n\t\t<div class=\"elementor-element elementor-element-49a69ab e-con-full manifestacao e-flex wpr-particle-no wpr-jarallax-no wpr-parallax-no wpr-sticky-section-no e-con e-child\" data-id=\"49a69ab\" data-element_type=\"container\" data-settings=\"{&quot;background_background&quot;:&quot;classic&quot;,&quot;_ha_eqh_enable&quot;:false}\">\n\t\t<div class=\"elementor-element elementor-element-d765c10 e-con-full e-flex wpr-particle-no wpr-jarallax-no wpr-parallax-no wpr-sticky-section-no e-con e-child\" data-id=\"d765c10\" data-element_type=\"container\" data-settings=\"{&quot;_ha_eqh_enable&quot;:false}\">\n\t\t\t\t<div class=\"elementor-element elementor-element-9819d20 exad-sticky-section-no exad-glass-effect-no elementor-widget elementor-widget-image\" data-id=\"9819d20\" data-element_type=\"widget\" data-widget_type=\"image.default\">\n\t\t\t\t<div class=\"elementor-widget-container\">\n\t\t\t\t\t\t\t\t\t\t\t\t\t\t\t<img loading=\"lazy\" decoding=\"async\" width=\"683\" height=\"1024\" src=\"https:\/\/escolavila.com.br\/wp-content\/uploads\/2025\/09\/MG_0027-683x1024.jpg\" class=\"attachment-large size-large wp-image-7079\" alt=\"\" srcset=\"https:\/\/escolavila.com.br\/wp-content\/uploads\/2025\/09\/MG_0027-683x1024.jpg 683w, https:\/\/escolavila.com.br\/wp-content\/uploads\/2025\/09\/MG_0027-200x300.jpg 200w, https:\/\/escolavila.com.br\/wp-content\/uploads\/2025\/09\/MG_0027-768x1152.jpg 768w, https:\/\/escolavila.com.br\/wp-content\/uploads\/2025\/09\/MG_0027-1024x1536.jpg 1024w, https:\/\/escolavila.com.br\/wp-content\/uploads\/2025\/09\/MG_0027-1365x2048.jpg 1365w, https:\/\/escolavila.com.br\/wp-content\/uploads\/2025\/09\/MG_0027-scaled.jpg 1707w\" sizes=\"(max-width: 683px) 100vw, 683px\" \/>\t\t\t\t\t\t\t\t\t\t\t\t\t\t\t<\/div>\n\t\t\t\t<\/div>\n\t\t\t\t<\/div>\n\t\t<div class=\"elementor-element elementor-element-c734491 e-con-full e-flex wpr-particle-no wpr-jarallax-no wpr-parallax-no wpr-sticky-section-no e-con e-child\" data-id=\"c734491\" data-element_type=\"container\" data-settings=\"{&quot;_ha_eqh_enable&quot;:false}\">\n\t\t\t\t<div class=\"elementor-element elementor-element-676e287 elementor-widget__width-initial elementor-widget-mobile__width-inherit exad-sticky-section-no exad-glass-effect-no elementor-widget elementor-widget-text-editor\" data-id=\"676e287\" data-element_type=\"widget\" data-widget_type=\"text-editor.default\">\n\t\t\t\t<div class=\"elementor-widget-container\">\n\t\t\t\t\t\t\t\t\t<p><strong><span style=\"text-decoration: underline;\"><em>PIB x FIB <\/em><\/span><\/strong><\/p><p>O economista Paul Singer descreve a diferen\u00e7a do PIB-Produto Interno Bruto e do FIB-Felicidade Interna Bruta.<\/p><p>\u201cO<strong> PIB<\/strong> \u00e9 o grande objeto de desejo das for\u00e7as que governam Na\u00e7\u00f5es. Ele \u00e9 a somat\u00f3rias das transa\u00e7\u00f5es \u2013 compras e vendas \u2013 realizadas nos mercados de um pa\u00eds em um ano.\u201d<\/p><p><em>\u201c<\/em>Quanto mais desastres um pa\u00eds sofre, mais o seu PIB aumenta, de modo que o seu crescimento \u00e0s vezes n\u00e3o representa o aumento do bem-estar do povo, mas a redu\u00e7\u00e3o<em>\u201d.<\/em><\/p><p><em>\u201c<\/em>O<strong> FIB<\/strong> foi constru\u00eddo para medir com exatid\u00e3o a varia\u00e7\u00e3o da felicidade da popula\u00e7\u00e3o, os cientistas conclu\u00edram que a felicidade pode ser medida pelo grau de sufici\u00eancia em nove \u00e1reas: bem-estar ps\u00edquico, sa\u00fade, uso do tempo, educa\u00e7\u00e3o, diversidade cultural, boa governan\u00e7a, vitalidade comunit\u00e1ria, diversidade ecol\u00f3gica e padr\u00f5es de vida<em>.\u201d<\/em><\/p>\t\t\t\t\t\t\t\t<\/div>\n\t\t\t\t<\/div>\n\t\t\t\t<\/div>\n\t\t\t\t<\/div>\n\t\t\t\t<\/div>\n\t\t","protected":false},"excerpt":{"rendered":"<p>Feir\u00e3o da Economia Solid\u00e1ria Os Feir\u00f5es da Economia Solid\u00e1ria da Escola Vila acontecem desde 2010, sempre com o protagonismo da turma do 9\u00ba ano, com o objetivo de conhecer e praticar a Economia Solid\u00e1ria e a Economia Criativa. Alguns exemplos de como praticar a Economia Solid\u00e1ria: comprar em feiras e mercadinhos dos bairros, assim contribui-se para o crescimento econ\u00f4mico local; praticar o escambo o consumo consciente. O Feir\u00e3o acontece uma vez por m\u00eas no s\u00e1bado, nas datas estabelecidas no calend\u00e1rio. Nas duas semanas que antecedem o dia do feir\u00e3o, os estudantes do 9\u00ba ano abrem a barraca a partir de 11:50 e na sexta a partir de 11:00 para fazer as trocas de objetos (brinquedos, livros, revistas, roupas e tudo que est\u00e1 em boas condi\u00e7\u00f5es e sem uso em casa), para trocar pela moeda ECOVILA. Nos dias dos feir\u00f5es a moeda \u00e9 trocada pelo objeto escolhido. Nos feir\u00f5es abrimos espa\u00e7o para pequenos produtores e artes\u00e3os trazerem seus produtos para trocar ou vender. De acordo com os temas trabalhados pelos estudantes, acontecem palestras, apresenta\u00e7\u00f5es, n\u00fameros art\u00edsticos e outras atividades que ser\u00e3o divulgadas nos convites para o feir\u00e3o. No decorrer do ano as produ\u00e7\u00f5es realizadas pelos estudantes do fundamental, como lambedores, ch\u00e1s, desinfetantes etc., poder\u00e3o ser doadas. Os feir\u00f5es s\u00e3o abertos \u00e0 comunidade. PIB x FIB O economista Paul Singer descreve a diferen\u00e7a do PIB-Produto Interno Bruto e do FIB-Felicidade Interna Bruta. \u201cO PIB \u00e9 o grande objeto de desejo das for\u00e7as que governam Na\u00e7\u00f5es. Ele \u00e9 a somat\u00f3rias das transa\u00e7\u00f5es \u2013 compras e vendas \u2013 realizadas nos mercados de um pa\u00eds em um ano.\u201d \u201cQuanto mais desastres um pa\u00eds sofre, mais o seu PIB aumenta, de modo que o seu crescimento \u00e0s vezes n\u00e3o representa o aumento do bem-estar do povo, mas a redu\u00e7\u00e3o\u201d. \u201cO FIB foi constru\u00eddo para medir com exatid\u00e3o a varia\u00e7\u00e3o da felicidade da popula\u00e7\u00e3o, os cientistas conclu\u00edram que a felicidade pode ser medida pelo grau de sufici\u00eancia em nove \u00e1reas: bem-estar ps\u00edquico, sa\u00fade, uso do tempo, educa\u00e7\u00e3o, diversidade cultural, boa governan\u00e7a, vitalidade comunit\u00e1ria, diversidade ecol\u00f3gica e padr\u00f5es de vida.\u201d<\/p>\n","protected":false},"author":4,"featured_media":0,"parent":0,"menu_order":0,"comment_status":"closed","ping_status":"closed","template":"elementor_canvas","meta":{"_acf_changed":false,"footnotes":""},"class_list":["post-7011","page","type-page","status-publish","hentry"],"acf":[],"_links":{"self":[{"href":"https:\/\/escolavila.com.br\/index.php\/wp-json\/wp\/v2\/pages\/7011","targetHints":{"allow":["GET"]}}],"collection":[{"href":"https:\/\/escolavila.com.br\/index.php\/wp-json\/wp\/v2\/pages"}],"about":[{"href":"https:\/\/escolavila.com.br\/index.php\/wp-json\/wp\/v2\/types\/page"}],"author":[{"embeddable":true,"href":"https:\/\/escolavila.com.br\/index.php\/wp-json\/wp\/v2\/users\/4"}],"replies":[{"embeddable":true,"href":"https:\/\/escolavila.com.br\/index.php\/wp-json\/wp\/v2\/comments?post=7011"}],"version-history":[{"count":43,"href":"https:\/\/escolavila.com.br\/index.php\/wp-json\/wp\/v2\/pages\/7011\/revisions"}],"predecessor-version":[{"id":7159,"href":"https:\/\/escolavila.com.br\/index.php\/wp-json\/wp\/v2\/pages\/7011\/revisions\/7159"}],"wp:attachment":[{"href":"https:\/\/escolavila.com.br\/index.php\/wp-json\/wp\/v2\/media?parent=7011"}],"curies":[{"name":"wp","href":"https:\/\/api.w.org\/{rel}","templated":true}]}}