{"id":7124,"date":"2025-09-01T18:58:14","date_gmt":"2025-09-01T18:58:14","guid":{"rendered":"https:\/\/escolavila.com.br\/?page_id=7124"},"modified":"2025-09-11T13:31:46","modified_gmt":"2025-09-11T13:31:46","slug":"manifestacoes","status":"publish","type":"page","link":"https:\/\/escolavila.com.br\/index.php\/manifestacoes\/","title":{"rendered":"\u2014 Manifesta\u00e7\u00f5es"},"content":{"rendered":"\t\t<div data-elementor-type=\"wp-page\" data-elementor-id=\"7124\" class=\"elementor elementor-7124\" data-elementor-settings=\"{&quot;ha_cmc_init_switcher&quot;:&quot;no&quot;}\" data-elementor-post-type=\"page\">\n\t\t\t\t<div class=\"elementor-element elementor-element-1b606f09 e-con-full e-flex wpr-particle-no wpr-jarallax-no wpr-parallax-no wpr-sticky-section-no e-con e-parent\" data-id=\"1b606f09\" data-element_type=\"container\" data-settings=\"{&quot;background_background&quot;:&quot;classic&quot;,&quot;_ha_eqh_enable&quot;:false}\">\n\t\t\t\t<\/div>\n\t\t<div class=\"elementor-element elementor-element-0b8e166 e-flex e-con-boxed wpr-particle-no wpr-jarallax-no wpr-parallax-no wpr-sticky-section-no e-con e-parent\" data-id=\"0b8e166\" data-element_type=\"container\" data-settings=\"{&quot;background_background&quot;:&quot;classic&quot;,&quot;_ha_eqh_enable&quot;:false}\">\n\t\t\t\t\t<div class=\"e-con-inner\">\n\t\t<div class=\"elementor-element elementor-element-354b98f e-con-full e-flex wpr-particle-no wpr-jarallax-no wpr-parallax-no wpr-sticky-section-no e-con e-child\" data-id=\"354b98f\" data-element_type=\"container\" data-settings=\"{&quot;_ha_eqh_enable&quot;:false}\">\n\t\t<div class=\"elementor-element elementor-element-f9304fc e-con-full e-flex wpr-particle-no wpr-jarallax-no wpr-parallax-no wpr-sticky-section-no e-con e-child\" data-id=\"f9304fc\" data-element_type=\"container\" data-settings=\"{&quot;_ha_eqh_enable&quot;:false}\">\n\t\t\t\t<div class=\"elementor-element elementor-element-0aedac2 exad-sticky-section-no exad-glass-effect-no elementor-widget elementor-widget-heading\" data-id=\"0aedac2\" data-element_type=\"widget\" data-widget_type=\"heading.default\">\n\t\t\t\t<div class=\"elementor-widget-container\">\n\t\t\t\t\t<span class=\"elementor-heading-title elementor-size-default\">Manifesta\u00e7\u00f5es<\/span>\t\t\t\t<\/div>\n\t\t\t\t<\/div>\n\t\t\t\t<\/div>\n\t\t\t\t<\/div>\n\t\t\t\t<div class=\"elementor-element elementor-element-a95a231 elementor-widget__width-initial elementor-widget-mobile__width-inherit exad-sticky-section-no exad-glass-effect-no elementor-widget elementor-widget-text-editor\" data-id=\"a95a231\" data-element_type=\"widget\" data-widget_type=\"text-editor.default\">\n\t\t\t\t<div class=\"elementor-widget-container\">\n\t\t\t\t\t\t\t\t\t<p>No decorrer de quatro d\u00e9cadas de hist\u00f3ria da <strong>Escola Vila<\/strong>, v\u00e1rias manifesta\u00e7\u00f5es foram feitas em defesa do meio ambiente: pela preserva\u00e7\u00e3o de rios, lagoas e dunas; em defesa da Amaz\u00f4nia e dos povos ind\u00edgenas, contra o corte de coqueiros da Beira-mar; pela limpeza da Praia do Futuro, contra o envio de lixo radioativo de Goi\u00e2nia para Jaguaretama, no Cear\u00e1, dentre outros protestos que traziam \u00e0 tona quest\u00f5es locais.<\/p>\t\t\t\t\t\t\t\t<\/div>\n\t\t\t\t<\/div>\n\t\t\t\t\t<\/div>\n\t\t\t\t<\/div>\n\t\t<div class=\"elementor-element elementor-element-7d4d6a6 e-con-full manifestacao e-flex wpr-particle-no wpr-jarallax-no wpr-parallax-no wpr-sticky-section-no e-con e-child\" data-id=\"7d4d6a6\" data-element_type=\"container\" data-settings=\"{&quot;_ha_eqh_enable&quot;:false}\">\n\t\t<div class=\"elementor-element elementor-element-53dd7aa e-con-full e-flex wpr-particle-no wpr-jarallax-no wpr-parallax-no wpr-sticky-section-no e-con e-child\" data-id=\"53dd7aa\" data-element_type=\"container\" data-settings=\"{&quot;_ha_eqh_enable&quot;:false}\">\n\t\t<div class=\"elementor-element elementor-element-830424e e-con-full e-flex wpr-particle-no wpr-jarallax-no wpr-parallax-no wpr-sticky-section-no e-con e-child\" data-id=\"830424e\" data-element_type=\"container\" data-settings=\"{&quot;_ha_eqh_enable&quot;:false}\">\n\t\t\t\t<div class=\"elementor-element elementor-element-48eb893 exad-sticky-section-no exad-glass-effect-no elementor-widget elementor-widget-image\" data-id=\"48eb893\" data-element_type=\"widget\" data-widget_type=\"image.default\">\n\t\t\t\t<div class=\"elementor-widget-container\">\n\t\t\t\t\t\t\t\t\t\t\t\t\t\t\t<img fetchpriority=\"high\" decoding=\"async\" width=\"800\" height=\"600\" src=\"https:\/\/escolavila.com.br\/wp-content\/uploads\/2025\/01\/Mobilizacoes-9-1024x768.png\" class=\"attachment-large size-large wp-image-4221\" alt=\"\" srcset=\"https:\/\/escolavila.com.br\/wp-content\/uploads\/2025\/01\/Mobilizacoes-9-1024x768.png 1024w, https:\/\/escolavila.com.br\/wp-content\/uploads\/2025\/01\/Mobilizacoes-9-300x225.png 300w, https:\/\/escolavila.com.br\/wp-content\/uploads\/2025\/01\/Mobilizacoes-9-768x576.png 768w, https:\/\/escolavila.com.br\/wp-content\/uploads\/2025\/01\/Mobilizacoes-9-1536x1152.png 1536w, https:\/\/escolavila.com.br\/wp-content\/uploads\/2025\/01\/Mobilizacoes-9.png 1600w\" sizes=\"(max-width: 800px) 100vw, 800px\" \/>\t\t\t\t\t\t\t\t\t\t\t\t\t\t\t<\/div>\n\t\t\t\t<\/div>\n\t\t\t\t<\/div>\n\t\t\t\t<div class=\"elementor-element elementor-element-3d83d5e elementor-widget__width-initial elementor-widget-mobile__width-inherit exad-sticky-section-no exad-glass-effect-no elementor-widget elementor-widget-text-editor\" data-id=\"3d83d5e\" data-element_type=\"widget\" data-widget_type=\"text-editor.default\">\n\t\t\t\t<div class=\"elementor-widget-container\">\n\t\t\t\t\t\t\t\t\t<p><strong>Essas manifesta\u00e7\u00f5es s\u00e3o realizadas at\u00e9 hoje por meio de mobiliza\u00e7\u00f5es<\/strong>, passeatas e abaixo-assinados. \u00c9 o caso, por exemplo, de abaixo-assinados enviados pelos estudantes para a Organiza\u00e7\u00e3o das Na\u00e7\u00f5es Unidas (ONU) em defesa dos povos ind\u00edgenas e em prol dos Cinco Artigos para o Futuro (Campanha de Jacques Cousteau), e para o Presidente da Rep\u00fablica reivindicando a defesa da Amaz\u00f4nia e pelo desarmamento. Todas essas atividades sempre envolveram as fam\u00edlias e a comunidade.<\/p><p><strong>Al\u00e9m das manifesta\u00e7\u00f5es, s\u00e3o tamb\u00e9m encabe\u00e7adas campanhas e mobiliza\u00e7\u00f5es de conscientiza\u00e7\u00e3o pol\u00edtica, ambiental e social, dentre outras<\/strong> que tangem a preserva\u00e7\u00e3o da vida no planeta. Campanhas sobre a gravidade e o impacto da energia nuclear, a educa\u00e7\u00e3o no tr\u00e2nsito e a economia solid\u00e1ria s\u00e3o exemplos de campanhas que mobilizaram a Escola.<\/p>\t\t\t\t\t\t\t\t<\/div>\n\t\t\t\t<\/div>\n\t\t\t\t<\/div>\n\t\t\t\t<\/div>\n\t\t<div class=\"elementor-element elementor-element-77b83cf e-con-full e-flex wpr-particle-no wpr-jarallax-no wpr-parallax-no wpr-sticky-section-no e-con e-child\" data-id=\"77b83cf\" data-element_type=\"container\" data-settings=\"{&quot;background_background&quot;:&quot;classic&quot;,&quot;_ha_eqh_enable&quot;:false}\">\n\t\t<div class=\"elementor-element elementor-element-b5338c3 e-con-full e-flex wpr-particle-no wpr-jarallax-no wpr-parallax-no wpr-sticky-section-no e-con e-child\" data-id=\"b5338c3\" data-element_type=\"container\" data-settings=\"{&quot;_ha_eqh_enable&quot;:false}\">\n\t\t\t\t<div class=\"elementor-element elementor-element-4e677ad elementor-widget__width-initial elementor-widget-mobile__width-inherit exad-sticky-section-no exad-glass-effect-no elementor-widget elementor-widget-text-editor\" data-id=\"4e677ad\" data-element_type=\"widget\" data-widget_type=\"text-editor.default\">\n\t\t\t\t<div class=\"elementor-widget-container\">\n\t\t\t\t\t\t\t\t\t<p><strong>A Pedagogia Ecossist\u00eamica tem como objetivo formar cidad\u00e3s e cidad\u00e3os atuantes no meio social, ambiental e pol\u00edtica,<\/strong> pois acredita que a escola \u00e9 um espa\u00e7o de constru\u00e7\u00e3o e forma\u00e7\u00e3o, n\u00e3o apenas um lugar para se aprender conte\u00fados para passar numa prova.<\/p><p>Formar pessoas que lutem por direitos e por um planeta habit\u00e1vel para o hoje, para as gera\u00e7\u00f5es que ainda est\u00e3o por vir. Somente atrav\u00e9s das vozes que clamam conseguiremos ser ouvidos e poderemos ter um mundo melhor.<\/p>\t\t\t\t\t\t\t\t<\/div>\n\t\t\t\t<\/div>\n\t\t<div class=\"elementor-element elementor-element-8e5d98e e-con-full e-flex wpr-particle-no wpr-jarallax-no wpr-parallax-no wpr-sticky-section-no e-con e-child\" data-id=\"8e5d98e\" data-element_type=\"container\" data-settings=\"{&quot;_ha_eqh_enable&quot;:false}\">\n\t\t\t\t<div class=\"elementor-element elementor-element-14d2e1a exad-sticky-section-no exad-glass-effect-no elementor-widget elementor-widget-image\" data-id=\"14d2e1a\" data-element_type=\"widget\" data-widget_type=\"image.default\">\n\t\t\t\t<div class=\"elementor-widget-container\">\n\t\t\t\t\t\t\t\t\t\t\t\t\t\t\t<img decoding=\"async\" width=\"800\" height=\"600\" src=\"https:\/\/escolavila.com.br\/wp-content\/uploads\/2025\/01\/Mobilizacoes-6-1024x768.png\" class=\"attachment-large size-large wp-image-4217\" alt=\"\" srcset=\"https:\/\/escolavila.com.br\/wp-content\/uploads\/2025\/01\/Mobilizacoes-6-1024x768.png 1024w, https:\/\/escolavila.com.br\/wp-content\/uploads\/2025\/01\/Mobilizacoes-6-300x225.png 300w, https:\/\/escolavila.com.br\/wp-content\/uploads\/2025\/01\/Mobilizacoes-6-768x576.png 768w, https:\/\/escolavila.com.br\/wp-content\/uploads\/2025\/01\/Mobilizacoes-6-1536x1152.png 1536w, https:\/\/escolavila.com.br\/wp-content\/uploads\/2025\/01\/Mobilizacoes-6.png 1600w\" sizes=\"(max-width: 800px) 100vw, 800px\" \/>\t\t\t\t\t\t\t\t\t\t\t\t\t\t\t<\/div>\n\t\t\t\t<\/div>\n\t\t\t\t<\/div>\n\t\t\t\t<\/div>\n\t\t\t\t<\/div>\n\t\t<div class=\"elementor-element elementor-element-19ddd64 e-con-full e-flex wpr-particle-no wpr-jarallax-no wpr-parallax-no wpr-sticky-section-no e-con e-parent\" data-id=\"19ddd64\" data-element_type=\"container\" data-settings=\"{&quot;_ha_eqh_enable&quot;:false}\">\n\t\t\t\t<div class=\"elementor-element elementor-element-e91b674 e-n-tabs-mobile exad-sticky-section-no exad-glass-effect-no elementor-widget elementor-widget-n-tabs\" data-id=\"e91b674\" data-element_type=\"widget\" data-settings=\"{&quot;horizontal_scroll&quot;:&quot;disable&quot;}\" data-widget_type=\"nested-tabs.default\">\n\t\t\t\t<div class=\"elementor-widget-container\">\n\t\t\t\t\t\t\t<div class=\"e-n-tabs\" data-widget-number=\"244430452\" aria-label=\"Abas. Abra itens com &quot;Enter&quot; ou &quot;Espa\u00e7o&quot;, feche com &quot;Escape&quot; e navegue usando as teclas de &quot;Seta&quot;.\">\n\t\t\t<div class=\"e-n-tabs-heading\" role=\"tablist\">\n\t\t\t\t\t<button id=\"e-n-tab-title-2444304521\" class=\"e-n-tab-title\" aria-selected=\"true\" data-tab-index=\"1\" role=\"tab\" tabindex=\"0\" aria-controls=\"e-n-tab-content-2444304521\" style=\"--n-tabs-title-order: 1;\">\n\t\t\t\t\t\t<span class=\"e-n-tab-title-text\">\n\t\t\t\tD\u00e9cada de 80\t\t\t<\/span>\n\t\t<\/button>\n\t\t\t\t<button id=\"e-n-tab-title-2444304522\" class=\"e-n-tab-title\" aria-selected=\"false\" data-tab-index=\"2\" role=\"tab\" tabindex=\"-1\" aria-controls=\"e-n-tab-content-2444304522\" style=\"--n-tabs-title-order: 2;\">\n\t\t\t\t\t\t<span class=\"e-n-tab-title-text\">\n\t\t\t\tD\u00e9cada de 90\t\t\t<\/span>\n\t\t<\/button>\n\t\t\t\t<button id=\"e-n-tab-title-2444304523\" class=\"e-n-tab-title\" aria-selected=\"false\" data-tab-index=\"3\" role=\"tab\" tabindex=\"-1\" aria-controls=\"e-n-tab-content-2444304523\" style=\"--n-tabs-title-order: 3;\">\n\t\t\t\t\t\t<span class=\"e-n-tab-title-text\">\n\t\t\t\tD\u00e9cada de 2000\t\t\t<\/span>\n\t\t<\/button>\n\t\t\t\t<button id=\"e-n-tab-title-2444304524\" class=\"e-n-tab-title\" aria-selected=\"false\" data-tab-index=\"4\" role=\"tab\" tabindex=\"-1\" aria-controls=\"e-n-tab-content-2444304524\" style=\"--n-tabs-title-order: 4;\">\n\t\t\t\t\t\t<span class=\"e-n-tab-title-text\">\n\t\t\t\tD\u00e9cada de 2010\t\t\t<\/span>\n\t\t<\/button>\n\t\t\t\t<button id=\"e-n-tab-title-2444304525\" class=\"e-n-tab-title\" aria-selected=\"false\" data-tab-index=\"5\" role=\"tab\" tabindex=\"-1\" aria-controls=\"e-n-tab-content-2444304525\" style=\"--n-tabs-title-order: 5;\">\n\t\t\t\t\t\t<span class=\"e-n-tab-title-text\">\n\t\t\t\tD\u00e9cada de 2020\t\t\t<\/span>\n\t\t<\/button>\n\t\t\t\t\t<\/div>\n\t\t\t<div class=\"e-n-tabs-content\">\n\t\t\t\t<div id=\"e-n-tab-content-2444304521\" role=\"tabpanel\" aria-labelledby=\"e-n-tab-title-2444304521\" data-tab-index=\"1\" style=\"--n-tabs-title-order: 1;\" class=\"e-active elementor-element elementor-element-6447363 e-con-full e-flex wpr-particle-no wpr-jarallax-no wpr-parallax-no wpr-sticky-section-no e-con e-child\" data-id=\"6447363\" data-element_type=\"container\" data-settings=\"{&quot;_ha_eqh_enable&quot;:false}\">\n\t\t<div class=\"elementor-element elementor-element-9d3397c e-con-full e-flex wpr-particle-no wpr-jarallax-no wpr-parallax-no wpr-sticky-section-no e-con e-child\" data-id=\"9d3397c\" data-element_type=\"container\" data-settings=\"{&quot;background_background&quot;:&quot;classic&quot;,&quot;_ha_eqh_enable&quot;:false}\">\n\t\t<div class=\"elementor-element elementor-element-f6c8f59 e-con-full e-flex wpr-particle-no wpr-jarallax-no wpr-parallax-no wpr-sticky-section-no e-con e-child\" data-id=\"f6c8f59\" data-element_type=\"container\" data-settings=\"{&quot;_ha_eqh_enable&quot;:false}\">\n\t\t\t\t<div class=\"elementor-element elementor-element-9cbc1e2 exad-sticky-section-no exad-glass-effect-no ha-has-bg-overlay elementor-widget elementor-widget-heading\" data-id=\"9cbc1e2\" data-element_type=\"widget\" data-widget_type=\"heading.default\">\n\t\t\t\t<div class=\"elementor-widget-container\">\n\t\t\t\t\t<span class=\"elementor-heading-title elementor-size-default\">1985<\/span>\t\t\t\t<\/div>\n\t\t\t\t<\/div>\n\t\t\t\t<div class=\"elementor-element elementor-element-45be9bb elementor-widget__width-initial elementor-widget-mobile__width-inherit exad-sticky-section-no exad-glass-effect-no ha-has-bg-overlay elementor-widget elementor-widget-text-editor\" data-id=\"45be9bb\" data-element_type=\"widget\" data-widget_type=\"text-editor.default\">\n\t\t\t\t<div class=\"elementor-widget-container\">\n\t\t\t\t\t\t\t\t\t<h1><a href=\"https:\/\/escolavila.com.br\/wp-content\/uploads\/2025\/09\/manif1.png\"><img decoding=\"async\" class=\"alignleft wp-image-7160 \" src=\"https:\/\/escolavila.com.br\/wp-content\/uploads\/2025\/09\/manif1-164x300.png\" alt=\"\" width=\"89\" height=\"162\" srcset=\"https:\/\/escolavila.com.br\/wp-content\/uploads\/2025\/09\/manif1-164x300.png 164w, https:\/\/escolavila.com.br\/wp-content\/uploads\/2025\/09\/manif1-560x1024.png 560w, https:\/\/escolavila.com.br\/wp-content\/uploads\/2025\/09\/manif1-768x1404.png 768w, https:\/\/escolavila.com.br\/wp-content\/uploads\/2025\/09\/manif1-840x1536.png 840w, https:\/\/escolavila.com.br\/wp-content\/uploads\/2025\/09\/manif1-1120x2048.png 1120w, https:\/\/escolavila.com.br\/wp-content\/uploads\/2025\/09\/manif1.png 1309w\" sizes=\"(max-width: 89px) 100vw, 89px\" \/><\/a>Ecologistas fazem o SOS coc\u00f3<\/h1><p>Fortaleza enfrenta v\u00e1rias quest\u00f5es ambientais, uma que nos mobilizou foi a not\u00edcia da constru\u00e7\u00e3o de v\u00e1rios edif\u00edcios na \u00e1rea de uma antiga salina desativada no rio coc\u00f3, onde j\u00e1 havia sido constru\u00eddo em \u00e1rea de preserva\u00e7\u00e3o o shopping Iguatemi. Nos reunimos com diversas entidades e movimentos para realizarmos a \u201cFesta da Cidade\u201d, com o tema \u201cS.O.S. Coc\u00f3\u201d no parque Adail Barreto, com o objetivo de alertarmos a popula\u00e7\u00e3o sobre o rio e seu entorno serem degradados.<\/p>\t\t\t\t\t\t\t\t<\/div>\n\t\t\t\t<\/div>\n\t\t\t\t<\/div>\n\t\t\t\t<\/div>\n\t\t<div class=\"elementor-element elementor-element-e33be27 e-con-full e-flex wpr-particle-no wpr-jarallax-no wpr-parallax-no wpr-sticky-section-no e-con e-child\" data-id=\"e33be27\" data-element_type=\"container\" data-settings=\"{&quot;background_background&quot;:&quot;classic&quot;,&quot;_ha_eqh_enable&quot;:false}\">\n\t\t<div class=\"elementor-element elementor-element-3bc3fc2 e-con-full e-flex wpr-particle-no wpr-jarallax-no wpr-parallax-no wpr-sticky-section-no e-con e-child\" data-id=\"3bc3fc2\" data-element_type=\"container\" data-settings=\"{&quot;_ha_eqh_enable&quot;:false}\">\n\t\t\t\t<div class=\"elementor-element elementor-element-7920685 exad-sticky-section-no exad-glass-effect-no ha-has-bg-overlay elementor-widget elementor-widget-heading\" data-id=\"7920685\" data-element_type=\"widget\" data-widget_type=\"heading.default\">\n\t\t\t\t<div class=\"elementor-widget-container\">\n\t\t\t\t\t<span class=\"elementor-heading-title elementor-size-default\">1985<\/span>\t\t\t\t<\/div>\n\t\t\t\t<\/div>\n\t\t\t\t<div class=\"elementor-element elementor-element-238745a elementor-widget__width-inherit elementor-widget-mobile__width-inherit exad-sticky-section-no exad-glass-effect-no ha-has-bg-overlay elementor-widget elementor-widget-text-editor\" data-id=\"238745a\" data-element_type=\"widget\" data-widget_type=\"text-editor.default\">\n\t\t\t\t<div class=\"elementor-widget-container\">\n\t\t\t\t\t\t\t\t\t<h1><a href=\"https:\/\/escolavila.com.br\/wp-content\/uploads\/2025\/09\/livro_vila1985_f05-1.png\"><img loading=\"lazy\" decoding=\"async\" class=\"alignleft wp-image-7170\" src=\"https:\/\/escolavila.com.br\/wp-content\/uploads\/2025\/09\/livro_vila1985_f05-1-300x205.png\" alt=\"\" width=\"176\" height=\"121\" srcset=\"https:\/\/escolavila.com.br\/wp-content\/uploads\/2025\/09\/livro_vila1985_f05-1-300x205.png 300w, https:\/\/escolavila.com.br\/wp-content\/uploads\/2025\/09\/livro_vila1985_f05-1-1024x701.png 1024w, https:\/\/escolavila.com.br\/wp-content\/uploads\/2025\/09\/livro_vila1985_f05-1-768x526.png 768w, https:\/\/escolavila.com.br\/wp-content\/uploads\/2025\/09\/livro_vila1985_f05-1-1536x1052.png 1536w, https:\/\/escolavila.com.br\/wp-content\/uploads\/2025\/09\/livro_vila1985_f05-1.png 1691w\" sizes=\"(max-width: 176px) 100vw, 176px\" \/><\/a>pequenos em favor da natureza<\/h1><p>As manifesta\u00e7\u00f5es em favor da natureza, sempre acontecia com os pequenos em passeio pela pra\u00e7a que ficava na frente da escola, j\u00e1 era o in\u00edcio do papel de cidad\u00e3os e cidad\u00e3s em busca de um mundo melhor.<\/p>\t\t\t\t\t\t\t\t<\/div>\n\t\t\t\t<\/div>\n\t\t\t\t<\/div>\n\t\t\t\t<\/div>\n\t\t<div class=\"elementor-element elementor-element-9aede31 e-con-full e-flex wpr-particle-no wpr-jarallax-no wpr-parallax-no wpr-sticky-section-no e-con e-child\" data-id=\"9aede31\" data-element_type=\"container\" data-settings=\"{&quot;background_background&quot;:&quot;classic&quot;,&quot;_ha_eqh_enable&quot;:false}\">\n\t\t<div class=\"elementor-element elementor-element-294f16e e-con-full e-flex wpr-particle-no wpr-jarallax-no wpr-parallax-no wpr-sticky-section-no e-con e-child\" data-id=\"294f16e\" data-element_type=\"container\" data-settings=\"{&quot;_ha_eqh_enable&quot;:false}\">\n\t\t\t\t<div class=\"elementor-element elementor-element-44dde1e exad-sticky-section-no exad-glass-effect-no ha-has-bg-overlay elementor-widget elementor-widget-heading\" data-id=\"44dde1e\" data-element_type=\"widget\" data-widget_type=\"heading.default\">\n\t\t\t\t<div class=\"elementor-widget-container\">\n\t\t\t\t\t<span class=\"elementor-heading-title elementor-size-default\">1985<\/span>\t\t\t\t<\/div>\n\t\t\t\t<\/div>\n\t\t\t\t<div class=\"elementor-element elementor-element-341089b elementor-widget__width-initial elementor-widget-mobile__width-inherit exad-sticky-section-no exad-glass-effect-no ha-has-bg-overlay elementor-widget elementor-widget-text-editor\" data-id=\"341089b\" data-element_type=\"widget\" data-widget_type=\"text-editor.default\">\n\t\t\t\t<div class=\"elementor-widget-container\">\n\t\t\t\t\t\t\t\t\t<h1><a href=\"https:\/\/escolavila.com.br\/wp-content\/uploads\/2025\/09\/livro_vila1985_r03-1.png\"><img loading=\"lazy\" decoding=\"async\" class=\"alignleft wp-image-7178\" src=\"https:\/\/escolavila.com.br\/wp-content\/uploads\/2025\/09\/livro_vila1985_r03-1-300x270.png\" alt=\"\" width=\"141\" height=\"127\" srcset=\"https:\/\/escolavila.com.br\/wp-content\/uploads\/2025\/09\/livro_vila1985_r03-1-300x270.png 300w, https:\/\/escolavila.com.br\/wp-content\/uploads\/2025\/09\/livro_vila1985_r03-1-1024x922.png 1024w, https:\/\/escolavila.com.br\/wp-content\/uploads\/2025\/09\/livro_vila1985_r03-1-768x691.png 768w, https:\/\/escolavila.com.br\/wp-content\/uploads\/2025\/09\/livro_vila1985_r03-1-1536x1383.png 1536w, https:\/\/escolavila.com.br\/wp-content\/uploads\/2025\/09\/livro_vila1985_r03-1.png 1994w\" sizes=\"(max-width: 141px) 100vw, 141px\" \/><\/a>ATO CONTRA HOTEL NA PRAIA DE IRACEMA<\/h1><p>Realizamos uma manifesta\u00e7\u00e3o em defesa do bairro da Praia de Iracema, um ato contra a constru\u00e7\u00e3o do hotel. As crian\u00e7as juntamente com as fam\u00edlias coletaram bastante assinaturas do abaixo assinado que foi entregue aos governantes.<\/p>\t\t\t\t\t\t\t\t<\/div>\n\t\t\t\t<\/div>\n\t\t\t\t<\/div>\n\t\t\t\t<\/div>\n\t\t<div class=\"elementor-element elementor-element-e2e1091 e-con-full e-flex wpr-particle-no wpr-jarallax-no wpr-parallax-no wpr-sticky-section-no e-con e-child\" data-id=\"e2e1091\" data-element_type=\"container\" data-settings=\"{&quot;background_background&quot;:&quot;classic&quot;,&quot;_ha_eqh_enable&quot;:false}\">\n\t\t<div class=\"elementor-element elementor-element-f78dacd e-con-full e-flex wpr-particle-no wpr-jarallax-no wpr-parallax-no wpr-sticky-section-no e-con e-child\" data-id=\"f78dacd\" data-element_type=\"container\" data-settings=\"{&quot;_ha_eqh_enable&quot;:false}\">\n\t\t\t\t<div class=\"elementor-element elementor-element-d8fbf01 exad-sticky-section-no exad-glass-effect-no ha-has-bg-overlay elementor-widget elementor-widget-heading\" data-id=\"d8fbf01\" data-element_type=\"widget\" data-widget_type=\"heading.default\">\n\t\t\t\t<div class=\"elementor-widget-container\">\n\t\t\t\t\t<span class=\"elementor-heading-title elementor-size-default\">1986<\/span>\t\t\t\t<\/div>\n\t\t\t\t<\/div>\n\t\t\t\t<div class=\"elementor-element elementor-element-b0415b4 elementor-widget__width-initial elementor-widget-mobile__width-inherit exad-sticky-section-no exad-glass-effect-no ha-has-bg-overlay elementor-widget elementor-widget-text-editor\" data-id=\"b0415b4\" data-element_type=\"widget\" data-widget_type=\"text-editor.default\">\n\t\t\t\t<div class=\"elementor-widget-container\">\n\t\t\t\t\t\t\t\t\t<h1>Debates sobre o meio ambiente\u00a0<\/h1><p>No m\u00eas de junho\/86, na Semana do Meio Ambiente, muitas manifesta\u00e7\u00f5es foram realizadas em defesa das quest\u00f5es ambientais, como a discuss\u00e3o sobre a constru\u00e7\u00e3o da barragem do Castanh\u00e3o, a luta pela implanta\u00e7\u00e3o da coleta seletiva nos bairros. Foi realizado um debate Meio Ambiente e Constituinte no Circo Voador, com parlamentares e movimentos ambientais.<\/p><p>Realizamos plantio no entorno da escola.<\/p>\t\t\t\t\t\t\t\t<\/div>\n\t\t\t\t<\/div>\n\t\t\t\t<\/div>\n\t\t<div class=\"elementor-element elementor-element-9a63b85 e-con-full e-flex wpr-particle-no wpr-jarallax-no wpr-parallax-no wpr-sticky-section-no e-con e-child\" data-id=\"9a63b85\" data-element_type=\"container\" data-settings=\"{&quot;background_background&quot;:&quot;classic&quot;,&quot;_ha_eqh_enable&quot;:false}\">\n\t\t<div class=\"elementor-element elementor-element-b7035fb e-con-full e-flex wpr-particle-no wpr-jarallax-no wpr-parallax-no wpr-sticky-section-no e-con e-child\" data-id=\"b7035fb\" data-element_type=\"container\" data-settings=\"{&quot;_ha_eqh_enable&quot;:false}\">\n\t\t\t\t<div class=\"elementor-element elementor-element-b727f6b exad-sticky-section-no exad-glass-effect-no ha-has-bg-overlay elementor-widget elementor-widget-heading\" data-id=\"b727f6b\" data-element_type=\"widget\" data-widget_type=\"heading.default\">\n\t\t\t\t<div class=\"elementor-widget-container\">\n\t\t\t\t\t<span class=\"elementor-heading-title elementor-size-default\">1986<\/span>\t\t\t\t<\/div>\n\t\t\t\t<\/div>\n\t\t\t\t<div class=\"elementor-element elementor-element-cdcca31 elementor-widget__width-initial elementor-widget-mobile__width-inherit exad-sticky-section-no exad-glass-effect-no ha-has-bg-overlay elementor-widget elementor-widget-text-editor\" data-id=\"cdcca31\" data-element_type=\"widget\" data-widget_type=\"text-editor.default\">\n\t\t\t\t<div class=\"elementor-widget-container\">\n\t\t\t\t\t\t\t\t\t<h1><a href=\"https:\/\/escolavila.com.br\/wp-content\/uploads\/2025\/09\/livro_vila1986_r05-1-scaled.png\"><img loading=\"lazy\" decoding=\"async\" class=\"alignleft wp-image-7284\" src=\"https:\/\/escolavila.com.br\/wp-content\/uploads\/2025\/09\/livro_vila1986_r05-2-286x300.png\" alt=\"\" width=\"162\" height=\"170\" srcset=\"https:\/\/escolavila.com.br\/wp-content\/uploads\/2025\/09\/livro_vila1986_r05-2-286x300.png 286w, https:\/\/escolavila.com.br\/wp-content\/uploads\/2025\/09\/livro_vila1986_r05-2-977x1024.png 977w, https:\/\/escolavila.com.br\/wp-content\/uploads\/2025\/09\/livro_vila1986_r05-2-768x805.png 768w, https:\/\/escolavila.com.br\/wp-content\/uploads\/2025\/09\/livro_vila1986_r05-2-1466x1536.png 1466w, https:\/\/escolavila.com.br\/wp-content\/uploads\/2025\/09\/livro_vila1986_r05-2-1955x2048.png 1955w, https:\/\/escolavila.com.br\/wp-content\/uploads\/2025\/09\/livro_vila1986_r05-2.png 2029w\" sizes=\"(max-width: 162px) 100vw, 162px\" \/><\/a>crian\u00e7as v\u00e3o \u00e0s ruas em defesa da ecologia\u00a0<\/h1><p>As crian\u00e7as da Escola Vila convidaram outras escolas, para escreveram cartas com desenhos para o ent\u00e3o Presidente Jos\u00e9 Sarney. O conte\u00fado das postagens objetivava sensibilizar as autoridades, para a import\u00e2ncia da aprova\u00e7\u00e3o do Decreto pela Preserva\u00e7\u00e3o do Rio Coc\u00f3 e prote\u00e7\u00e3o do meio ambiente. Posteriormente, juntamente com v\u00e1rias entidades ambientalistas, organizamos uma passeata at\u00e9 os Correios para postar as correspond\u00eancias e para denunciar o acidente nuclear da usina at\u00f4mica de Chernobyl. Neste contexto cresceu nossa preocupa\u00e7\u00e3o com o projeto que visava a explora\u00e7\u00e3o de ur\u00e2nio em Santa Quit\u00e9ria, atrav\u00e9s da constru\u00e7\u00e3o da Usina de Itataia.\u00a0 Tal fato nos aproximou do Grupo Ambiental da Bahia &#8211; GAMBA e da Associa\u00e7\u00e3o Mineira de Defesa Ambiental \u2013 AMDA.<\/p>\t\t\t\t\t\t\t\t<\/div>\n\t\t\t\t<\/div>\n\t\t\t\t<\/div>\n\t\t\t\t<\/div>\n\t\t<div class=\"elementor-element elementor-element-bcad01d e-con-full e-flex wpr-particle-no wpr-jarallax-no wpr-parallax-no wpr-sticky-section-no e-con e-child\" data-id=\"bcad01d\" data-element_type=\"container\" data-settings=\"{&quot;background_background&quot;:&quot;classic&quot;,&quot;_ha_eqh_enable&quot;:false}\">\n\t\t<div class=\"elementor-element elementor-element-5ba8980 e-con-full e-flex wpr-particle-no wpr-jarallax-no wpr-parallax-no wpr-sticky-section-no e-con e-child\" data-id=\"5ba8980\" data-element_type=\"container\" data-settings=\"{&quot;_ha_eqh_enable&quot;:false}\">\n\t\t\t\t<div class=\"elementor-element elementor-element-2162493 exad-sticky-section-no exad-glass-effect-no ha-has-bg-overlay elementor-widget elementor-widget-heading\" data-id=\"2162493\" data-element_type=\"widget\" data-widget_type=\"heading.default\">\n\t\t\t\t<div class=\"elementor-widget-container\">\n\t\t\t\t\t<span class=\"elementor-heading-title elementor-size-default\">1986<\/span>\t\t\t\t<\/div>\n\t\t\t\t<\/div>\n\t\t\t\t<div class=\"elementor-element elementor-element-b3914b9 elementor-widget__width-initial elementor-widget-mobile__width-inherit exad-sticky-section-no exad-glass-effect-no ha-has-bg-overlay elementor-widget elementor-widget-text-editor\" data-id=\"b3914b9\" data-element_type=\"widget\" data-widget_type=\"text-editor.default\">\n\t\t\t\t<div class=\"elementor-widget-container\">\n\t\t\t\t\t\t\t\t\t<h1><a href=\"https:\/\/escolavila.com.br\/wp-content\/uploads\/2025\/09\/livro_vila1986_r06-scaled.png\"><img loading=\"lazy\" decoding=\"async\" class=\"alignleft wp-image-7295\" src=\"https:\/\/escolavila.com.br\/wp-content\/uploads\/2025\/09\/livro_vila1986_r06-2-300x278.png\" alt=\"\" width=\"170\" height=\"157\" srcset=\"https:\/\/escolavila.com.br\/wp-content\/uploads\/2025\/09\/livro_vila1986_r06-2-300x278.png 300w, https:\/\/escolavila.com.br\/wp-content\/uploads\/2025\/09\/livro_vila1986_r06-2-1024x948.png 1024w, https:\/\/escolavila.com.br\/wp-content\/uploads\/2025\/09\/livro_vila1986_r06-2-768x711.png 768w, https:\/\/escolavila.com.br\/wp-content\/uploads\/2025\/09\/livro_vila1986_r06-2-1536x1421.png 1536w, https:\/\/escolavila.com.br\/wp-content\/uploads\/2025\/09\/livro_vila1986_r06-2.png 2036w\" sizes=\"(max-width: 170px) 100vw, 170px\" \/><\/a>luta pela demarca\u00e7\u00e3o das terras ind\u00edgenas<\/h1><p>Esse ano foi marcado pelo o in\u00edcio da luta pela demarca\u00e7\u00e3o das terras ind\u00edgenas do povo Tapeba. Para somar na mobiliza\u00e7\u00e3o organizamos juntamente com v\u00e1rias entidades, escolas, associa\u00e7\u00f5es de moradores de diversos bairros e favelas, artistas e integrantes do Circo Voador, que estava em temporada em Fortaleza, uma grande manifesta\u00e7\u00e3o na avenida Beira Mar, que teve a participa\u00e7\u00e3o de aproximadamente duas mil pessoas. Os Tapeba encontravam-se, na ocasi\u00e3o, amea\u00e7ados pela ind\u00fastria de biscoitos TBA.<\/p>\t\t\t\t\t\t\t\t<\/div>\n\t\t\t\t<\/div>\n\t\t\t\t<\/div>\n\t\t\t\t<\/div>\n\t\t<div class=\"elementor-element elementor-element-4dd9687 e-con-full e-flex wpr-particle-no wpr-jarallax-no wpr-parallax-no wpr-sticky-section-no e-con e-child\" data-id=\"4dd9687\" data-element_type=\"container\" data-settings=\"{&quot;background_background&quot;:&quot;classic&quot;,&quot;_ha_eqh_enable&quot;:false}\">\n\t\t<div class=\"elementor-element elementor-element-b2031e9 e-con-full e-flex wpr-particle-no wpr-jarallax-no wpr-parallax-no wpr-sticky-section-no e-con e-child\" data-id=\"b2031e9\" data-element_type=\"container\" data-settings=\"{&quot;_ha_eqh_enable&quot;:false}\">\n\t\t\t\t<div class=\"elementor-element elementor-element-4805a29 exad-sticky-section-no exad-glass-effect-no ha-has-bg-overlay elementor-widget elementor-widget-heading\" data-id=\"4805a29\" data-element_type=\"widget\" data-widget_type=\"heading.default\">\n\t\t\t\t<div class=\"elementor-widget-container\">\n\t\t\t\t\t<span class=\"elementor-heading-title elementor-size-default\">1987<\/span>\t\t\t\t<\/div>\n\t\t\t\t<\/div>\n\t\t\t\t<div class=\"elementor-element elementor-element-15943d7 elementor-widget__width-initial elementor-widget-mobile__width-inherit exad-sticky-section-no exad-glass-effect-no ha-has-bg-overlay elementor-widget elementor-widget-text-editor\" data-id=\"15943d7\" data-element_type=\"widget\" data-widget_type=\"text-editor.default\">\n\t\t\t\t<div class=\"elementor-widget-container\">\n\t\t\t\t\t\t\t\t\t<h1><a href=\"https:\/\/escolavila.com.br\/wp-content\/uploads\/2025\/09\/livro_vila1987_r01-scaled.png\"><img loading=\"lazy\" decoding=\"async\" class=\"alignleft wp-image-7316 \" src=\"https:\/\/escolavila.com.br\/wp-content\/uploads\/2025\/09\/livro_vila1987_r01-246x300.png\" alt=\"\" width=\"162\" height=\"198\" srcset=\"https:\/\/escolavila.com.br\/wp-content\/uploads\/2025\/09\/livro_vila1987_r01-246x300.png 246w, https:\/\/escolavila.com.br\/wp-content\/uploads\/2025\/09\/livro_vila1987_r01-838x1024.png 838w, https:\/\/escolavila.com.br\/wp-content\/uploads\/2025\/09\/livro_vila1987_r01-768x938.png 768w, https:\/\/escolavila.com.br\/wp-content\/uploads\/2025\/09\/livro_vila1987_r01-1257x1536.png 1257w, https:\/\/escolavila.com.br\/wp-content\/uploads\/2025\/09\/livro_vila1987_r01-1676x2048.png 1676w\" sizes=\"(max-width: 162px) 100vw, 162px\" \/><\/a>Protesto pela preserva\u00e7\u00e3o das lagoas<\/h1><p>A Lagoa de Parangaba estava sofrendo frequentes invas\u00f5es e amea\u00e7as de constru\u00e7\u00f5es ilegais. Frente a isso, a Escola Vila, o Partido Verde, os povos ind\u00edgenas Tapeba e Trememb\u00e9 e diversas entidades ambientalistas, organizamos um ato show em defesa da Lagoa de Parangaba. Integrando a programa\u00e7\u00e3o \u00e0s crian\u00e7as com muita empolga\u00e7\u00e3o apresentaram o maracatu infantil da Vila.<\/p>\t\t\t\t\t\t\t\t<\/div>\n\t\t\t\t<\/div>\n\t\t\t\t<\/div>\n\t\t\t\t<\/div>\n\t\t\t\t<\/div>\n\t\t<div class=\"elementor-element elementor-element-4f131b7 e-con-full e-flex wpr-particle-no wpr-jarallax-no wpr-parallax-no wpr-sticky-section-no e-con e-child\" data-id=\"4f131b7\" data-element_type=\"container\" data-settings=\"{&quot;background_background&quot;:&quot;classic&quot;,&quot;_ha_eqh_enable&quot;:false}\">\n\t\t<div class=\"elementor-element elementor-element-2ba5f84 e-con-full e-flex wpr-particle-no wpr-jarallax-no wpr-parallax-no wpr-sticky-section-no e-con e-child\" data-id=\"2ba5f84\" data-element_type=\"container\" data-settings=\"{&quot;_ha_eqh_enable&quot;:false}\">\n\t\t\t\t<div class=\"elementor-element elementor-element-08e84cc exad-sticky-section-no exad-glass-effect-no ha-has-bg-overlay elementor-widget elementor-widget-heading\" data-id=\"08e84cc\" data-element_type=\"widget\" data-widget_type=\"heading.default\">\n\t\t\t\t<div class=\"elementor-widget-container\">\n\t\t\t\t\t<span class=\"elementor-heading-title elementor-size-default\">1987<\/span>\t\t\t\t<\/div>\n\t\t\t\t<\/div>\n\t\t\t\t<div class=\"elementor-element elementor-element-e39e438 elementor-widget__width-initial elementor-widget-mobile__width-inherit exad-sticky-section-no exad-glass-effect-no ha-has-bg-overlay elementor-widget elementor-widget-text-editor\" data-id=\"e39e438\" data-element_type=\"widget\" data-widget_type=\"text-editor.default\">\n\t\t\t\t<div class=\"elementor-widget-container\">\n\t\t\t\t\t\t\t\t\t<h1>lutas dos movimentos e entidades ambientalistas<\/h1><p>Outros recursos h\u00eddricos importantes da cidade, encontravam-se igualmente amea\u00e7ados e avali\u00e1vamos a urgente necessidade de termos um representante com sensibilidade e compromisso para com as causas ambientais. Assim, iniciamos uma grande mobiliza\u00e7\u00e3o para que Jo\u00e3o Alfredo, deputado estadual e pai da Escola Vila, fosse integrante da comiss\u00e3o de Meio Ambiente da Assembleia Legislativa do Cear\u00e1.<\/p><p>Havia o anteprojeto de urbaniza\u00e7\u00e3o do Parque Papicu, a luta pela preserva\u00e7\u00e3o do Rio Coc\u00f3, do Riacho Parre\u00e3o e Paje\u00fa, a reivindica\u00e7\u00e3o pela demarca\u00e7\u00e3o das Terras Ind\u00edgenas dentre outras.<\/p><p>Gra\u00e7as as lutas dos movimentos e entidades ambientalistas tivemos algumas vit\u00f3rias. O envolvimento das comunidades, povos ind\u00edgenas e entidades ambientais agregaram for\u00e7as e fortaleceram conjuntamente as lutas.<\/p>\t\t\t\t\t\t\t\t<\/div>\n\t\t\t\t<\/div>\n\t\t\t\t<\/div>\n\t\t\t\t<\/div>\n\t\t<div class=\"elementor-element elementor-element-8801db3 e-con-full e-flex wpr-particle-no wpr-jarallax-no wpr-parallax-no wpr-sticky-section-no e-con e-child\" data-id=\"8801db3\" data-element_type=\"container\" data-settings=\"{&quot;background_background&quot;:&quot;classic&quot;,&quot;_ha_eqh_enable&quot;:false}\">\n\t\t<div class=\"elementor-element elementor-element-dc624ed e-con-full e-flex wpr-particle-no wpr-jarallax-no wpr-parallax-no wpr-sticky-section-no e-con e-child\" data-id=\"dc624ed\" data-element_type=\"container\" data-settings=\"{&quot;_ha_eqh_enable&quot;:false}\">\n\t\t\t\t<div class=\"elementor-element elementor-element-cd3a1a5 exad-sticky-section-no exad-glass-effect-no ha-has-bg-overlay elementor-widget elementor-widget-heading\" data-id=\"cd3a1a5\" data-element_type=\"widget\" data-widget_type=\"heading.default\">\n\t\t\t\t<div class=\"elementor-widget-container\">\n\t\t\t\t\t<span class=\"elementor-heading-title elementor-size-default\">1987<\/span>\t\t\t\t<\/div>\n\t\t\t\t<\/div>\n\t\t\t\t<div class=\"elementor-element elementor-element-abdff17 elementor-widget__width-initial elementor-widget-mobile__width-inherit exad-sticky-section-no exad-glass-effect-no ha-has-bg-overlay elementor-widget elementor-widget-text-editor\" data-id=\"abdff17\" data-element_type=\"widget\" data-widget_type=\"text-editor.default\">\n\t\t\t\t<div class=\"elementor-widget-container\">\n\t\t\t\t\t\t\t\t\t<h1><a href=\"https:\/\/escolavila.com.br\/wp-content\/uploads\/2025\/09\/livro_vila1987_r03-scaled.png\"><img loading=\"lazy\" decoding=\"async\" class=\"alignleft wp-image-7324\" src=\"https:\/\/escolavila.com.br\/wp-content\/uploads\/2025\/09\/livro_vila1987_r03-218x300.png\" alt=\"\" width=\"185\" height=\"255\" srcset=\"https:\/\/escolavila.com.br\/wp-content\/uploads\/2025\/09\/livro_vila1987_r03-218x300.png 218w, https:\/\/escolavila.com.br\/wp-content\/uploads\/2025\/09\/livro_vila1987_r03-745x1024.png 745w, https:\/\/escolavila.com.br\/wp-content\/uploads\/2025\/09\/livro_vila1987_r03-768x1056.png 768w, https:\/\/escolavila.com.br\/wp-content\/uploads\/2025\/09\/livro_vila1987_r03-1117x1536.png 1117w, https:\/\/escolavila.com.br\/wp-content\/uploads\/2025\/09\/livro_vila1987_r03-1489x2048.png 1489w, https:\/\/escolavila.com.br\/wp-content\/uploads\/2025\/09\/livro_vila1987_r03-scaled.png 1861w\" sizes=\"(max-width: 185px) 100vw, 185px\" \/><\/a>Carta ao povo de fortaleza<\/h1><p>No Dia Mundial do Meio Ambiente foi entregue uma \u201cCarta Ao Povo de Fortaleza\u201d alertando para destrui\u00e7\u00e3o acelerada dos recursos h\u00eddricos, polui\u00e7\u00f5es, expuls\u00e3o de trabalhadores rurais, ind\u00edgenas e pescadores de suas terras.<\/p><p>Na ocasi\u00e3o, houve uma coleta de assinaturas, programada pela Federa\u00e7\u00e3o de Assist\u00eancia Social e Educacional (FASE), para o encaminhamento de propostas de Reforma Urbana e Pol\u00edtica Fundi\u00e1ria \u00e0 <em>Assembleia Nacional Constituinte.<\/em> No entanto, a ades\u00e3o da popula\u00e7\u00e3o foi frustrante.<\/p>\t\t\t\t\t\t\t\t<\/div>\n\t\t\t\t<\/div>\n\t\t\t\t<\/div>\n\t\t\t\t<\/div>\n\t\t<div class=\"elementor-element elementor-element-697cc31 e-con-full e-flex wpr-particle-no wpr-jarallax-no wpr-parallax-no wpr-sticky-section-no e-con e-child\" data-id=\"697cc31\" data-element_type=\"container\" data-settings=\"{&quot;background_background&quot;:&quot;classic&quot;,&quot;_ha_eqh_enable&quot;:false}\">\n\t\t<div class=\"elementor-element elementor-element-b8f12b2 e-con-full e-flex wpr-particle-no wpr-jarallax-no wpr-parallax-no wpr-sticky-section-no e-con e-child\" data-id=\"b8f12b2\" data-element_type=\"container\" data-settings=\"{&quot;_ha_eqh_enable&quot;:false}\">\n\t\t\t\t<div class=\"elementor-element elementor-element-b335429 exad-sticky-section-no exad-glass-effect-no ha-has-bg-overlay elementor-widget elementor-widget-heading\" data-id=\"b335429\" data-element_type=\"widget\" data-widget_type=\"heading.default\">\n\t\t\t\t<div class=\"elementor-widget-container\">\n\t\t\t\t\t<span class=\"elementor-heading-title elementor-size-default\">1987<\/span>\t\t\t\t<\/div>\n\t\t\t\t<\/div>\n\t\t\t\t<div class=\"elementor-element elementor-element-ef7433c elementor-widget__width-initial elementor-widget-mobile__width-inherit exad-sticky-section-no exad-glass-effect-no ha-has-bg-overlay elementor-widget elementor-widget-text-editor\" data-id=\"ef7433c\" data-element_type=\"widget\" data-widget_type=\"text-editor.default\">\n\t\t\t\t<div class=\"elementor-widget-container\">\n\t\t\t\t\t\t\t\t\t<h1>Hiroshima Nunca Mais<\/h1><p>Participamos no m\u00eas de agosto da realiza\u00e7\u00e3o do ato \u201cHiroshima Nunca Mais\u201d, na Pra\u00e7a do Ferreira. Na ocasi\u00e3o, relembramos a data em que a cidade foi completamente destru\u00edda por uma bomba at\u00f4mica na Segunda Guerra Mundial e distribu\u00edmos uma \u201c<em>carta aberta<\/em>\u201d chamando a aten\u00e7\u00e3o da popula\u00e7\u00e3o sobre o perigo da energia nuclear.<\/p>\t\t\t\t\t\t\t\t<\/div>\n\t\t\t\t<\/div>\n\t\t\t\t<\/div>\n\t\t\t\t<\/div>\n\t\t<div class=\"elementor-element elementor-element-aeafc78 e-con-full e-flex wpr-particle-no wpr-jarallax-no wpr-parallax-no wpr-sticky-section-no e-con e-child\" data-id=\"aeafc78\" data-element_type=\"container\" data-settings=\"{&quot;background_background&quot;:&quot;classic&quot;,&quot;_ha_eqh_enable&quot;:false}\">\n\t\t<div class=\"elementor-element elementor-element-13b35de e-con-full e-flex wpr-particle-no wpr-jarallax-no wpr-parallax-no wpr-sticky-section-no e-con e-child\" data-id=\"13b35de\" data-element_type=\"container\" data-settings=\"{&quot;_ha_eqh_enable&quot;:false}\">\n\t\t\t\t<div class=\"elementor-element elementor-element-d7e8891 exad-sticky-section-no exad-glass-effect-no ha-has-bg-overlay elementor-widget elementor-widget-heading\" data-id=\"d7e8891\" data-element_type=\"widget\" data-widget_type=\"heading.default\">\n\t\t\t\t<div class=\"elementor-widget-container\">\n\t\t\t\t\t<span class=\"elementor-heading-title elementor-size-default\">1987<\/span>\t\t\t\t<\/div>\n\t\t\t\t<\/div>\n\t\t\t\t<div class=\"elementor-element elementor-element-74c3cd6 elementor-widget__width-initial elementor-widget-mobile__width-inherit exad-sticky-section-no exad-glass-effect-no ha-has-bg-overlay elementor-widget elementor-widget-text-editor\" data-id=\"74c3cd6\" data-element_type=\"widget\" data-widget_type=\"text-editor.default\">\n\t\t\t\t<div class=\"elementor-widget-container\">\n\t\t\t\t\t\t\t\t\t<h1><a href=\"https:\/\/escolavila.com.br\/wp-content\/uploads\/2025\/09\/livro_vila1987_r05-2.png\"><img loading=\"lazy\" decoding=\"async\" class=\"alignleft wp-image-7331\" src=\"https:\/\/escolavila.com.br\/wp-content\/uploads\/2025\/09\/livro_vila1987_r05-2-300x212.png\" alt=\"\" width=\"168\" height=\"119\" srcset=\"https:\/\/escolavila.com.br\/wp-content\/uploads\/2025\/09\/livro_vila1987_r05-2-300x212.png 300w, https:\/\/escolavila.com.br\/wp-content\/uploads\/2025\/09\/livro_vila1987_r05-2-1024x725.png 1024w, https:\/\/escolavila.com.br\/wp-content\/uploads\/2025\/09\/livro_vila1987_r05-2-768x543.png 768w, https:\/\/escolavila.com.br\/wp-content\/uploads\/2025\/09\/livro_vila1987_r05-2-1536x1087.png 1536w, https:\/\/escolavila.com.br\/wp-content\/uploads\/2025\/09\/livro_vila1987_r05-2.png 1754w\" sizes=\"(max-width: 168px) 100vw, 168px\" \/><\/a>Pela paz desarmada<\/h1><p>As comemora\u00e7\u00f5es da II Semana Internacional de Cientistas pela Paz, que tem como tema \u201c<em>Pela Paz Desarmada\u201d,<\/em> foi o momento s\u00edmbolo da den\u00fancia da fragilidade da pol\u00edtica nuclear no Brasil.<\/p>\t\t\t\t\t\t\t\t<\/div>\n\t\t\t\t<\/div>\n\t\t\t\t<\/div>\n\t\t\t\t<\/div>\n\t\t<div class=\"elementor-element elementor-element-17bac2c e-con-full e-flex wpr-particle-no wpr-jarallax-no wpr-parallax-no wpr-sticky-section-no e-con e-child\" data-id=\"17bac2c\" data-element_type=\"container\" data-settings=\"{&quot;background_background&quot;:&quot;classic&quot;,&quot;_ha_eqh_enable&quot;:false}\">\n\t\t<div class=\"elementor-element elementor-element-bb59a7a e-con-full e-flex wpr-particle-no wpr-jarallax-no wpr-parallax-no wpr-sticky-section-no e-con e-child\" data-id=\"bb59a7a\" data-element_type=\"container\" data-settings=\"{&quot;_ha_eqh_enable&quot;:false}\">\n\t\t\t\t<div class=\"elementor-element elementor-element-67709b4 exad-sticky-section-no exad-glass-effect-no ha-has-bg-overlay elementor-widget elementor-widget-heading\" data-id=\"67709b4\" data-element_type=\"widget\" data-widget_type=\"heading.default\">\n\t\t\t\t<div class=\"elementor-widget-container\">\n\t\t\t\t\t<span class=\"elementor-heading-title elementor-size-default\">1987<\/span>\t\t\t\t<\/div>\n\t\t\t\t<\/div>\n\t\t\t\t<div class=\"elementor-element elementor-element-6085357 elementor-widget__width-initial elementor-widget-mobile__width-inherit exad-sticky-section-no exad-glass-effect-no ha-has-bg-overlay elementor-widget elementor-widget-text-editor\" data-id=\"6085357\" data-element_type=\"widget\" data-widget_type=\"text-editor.default\">\n\t\t\t\t<div class=\"elementor-widget-container\">\n\t\t\t\t\t\t\t\t\t<h1><a href=\"https:\/\/escolavila.com.br\/wp-content\/uploads\/2025\/09\/livro_vila1987_r06-scaled.png\"><img loading=\"lazy\" decoding=\"async\" class=\"alignleft wp-image-7492 size-medium\" src=\"https:\/\/escolavila.com.br\/wp-content\/uploads\/2025\/09\/livro_vila1987_r06-179x300.png\" alt=\"\" width=\"179\" height=\"300\" srcset=\"https:\/\/escolavila.com.br\/wp-content\/uploads\/2025\/09\/livro_vila1987_r06-179x300.png 179w, https:\/\/escolavila.com.br\/wp-content\/uploads\/2025\/09\/livro_vila1987_r06-610x1024.png 610w, https:\/\/escolavila.com.br\/wp-content\/uploads\/2025\/09\/livro_vila1987_r06-768x1290.png 768w, https:\/\/escolavila.com.br\/wp-content\/uploads\/2025\/09\/livro_vila1987_r06-914x1536.png 914w, https:\/\/escolavila.com.br\/wp-content\/uploads\/2025\/09\/livro_vila1987_r06-1219x2048.png 1219w, https:\/\/escolavila.com.br\/wp-content\/uploads\/2025\/09\/livro_vila1987_r06-scaled.png 1524w\" sizes=\"(max-width: 179px) 100vw, 179px\" \/><\/a>Acidente radioativo em goi\u00e2nia<\/h1><p>O ano de 1987 foi marcado, pelo acidente radioativo de Goi\u00e2nia, o maior j\u00e1 ocorrido no Brasil. No dia 13 de setembro um aparelho de radiografia abandonado, foi encontrado por catadores que o levaram para um ferro velho. Quando desmontaram o equipamento para retirar algumas pe\u00e7as, houve a exposi\u00e7\u00e3o de uma c\u00e1psula de C\u00e9sio-137, que contaminou centenas de pessoas, quatro delas morreram pelo contato com a radioatividade. A not\u00edcia abalou todo Brasil, a quest\u00e3o da energia nuclear sempre foi assustadora. O ur\u00e2nio no Cear\u00e1, \u00e9 outra luta de todos n\u00f3s para que n\u00e3o seja explorado.<\/p><p>Quando circulou a not\u00edcia da vinda do lixo radioativo de Goi\u00e2nia para o Cear\u00e1. A Escola Vila juntamente com o Partido Verde, movimentos ambientalistas, artistas e outras entidades, organizamos uma manifesta\u00e7\u00e3o na Pra\u00e7a da Igreja de F\u00e1tima. Travamos uma grande luta e conseguimos evitar a transfer\u00eancia do referido lixo radioativo para o Cear\u00e1.<\/p>\t\t\t\t\t\t\t\t<\/div>\n\t\t\t\t<\/div>\n\t\t\t\t<\/div>\n\t\t\t\t<\/div>\n\t\t<div class=\"elementor-element elementor-element-0377f4c e-con-full e-flex wpr-particle-no wpr-jarallax-no wpr-parallax-no wpr-sticky-section-no e-con e-child\" data-id=\"0377f4c\" data-element_type=\"container\" data-settings=\"{&quot;background_background&quot;:&quot;classic&quot;,&quot;_ha_eqh_enable&quot;:false}\">\n\t\t<div class=\"elementor-element elementor-element-8d36c43 e-con-full e-flex wpr-particle-no wpr-jarallax-no wpr-parallax-no wpr-sticky-section-no e-con e-child\" data-id=\"8d36c43\" data-element_type=\"container\" data-settings=\"{&quot;_ha_eqh_enable&quot;:false}\">\n\t\t\t\t<div class=\"elementor-element elementor-element-6eb5e4e exad-sticky-section-no exad-glass-effect-no ha-has-bg-overlay elementor-widget elementor-widget-heading\" data-id=\"6eb5e4e\" data-element_type=\"widget\" data-widget_type=\"heading.default\">\n\t\t\t\t<div class=\"elementor-widget-container\">\n\t\t\t\t\t<span class=\"elementor-heading-title elementor-size-default\">1988<\/span>\t\t\t\t<\/div>\n\t\t\t\t<\/div>\n\t\t\t\t<div class=\"elementor-element elementor-element-9fe27af elementor-widget__width-initial elementor-widget-mobile__width-inherit exad-sticky-section-no exad-glass-effect-no ha-has-bg-overlay elementor-widget elementor-widget-text-editor\" data-id=\"9fe27af\" data-element_type=\"widget\" data-widget_type=\"text-editor.default\">\n\t\t\t\t<div class=\"elementor-widget-container\">\n\t\t\t\t\t\t\t\t\t<h1><a href=\"https:\/\/escolavila.com.br\/wp-content\/uploads\/2025\/09\/livro_vila1988_r03.png\"><img loading=\"lazy\" decoding=\"async\" class=\"alignleft wp-image-7497 size-medium\" src=\"https:\/\/escolavila.com.br\/wp-content\/uploads\/2025\/09\/livro_vila1988_r03-194x300.png\" alt=\"\" width=\"194\" height=\"300\" srcset=\"https:\/\/escolavila.com.br\/wp-content\/uploads\/2025\/09\/livro_vila1988_r03-194x300.png 194w, https:\/\/escolavila.com.br\/wp-content\/uploads\/2025\/09\/livro_vila1988_r03-663x1024.png 663w, https:\/\/escolavila.com.br\/wp-content\/uploads\/2025\/09\/livro_vila1988_r03-768x1186.png 768w, https:\/\/escolavila.com.br\/wp-content\/uploads\/2025\/09\/livro_vila1988_r03-994x1536.png 994w, https:\/\/escolavila.com.br\/wp-content\/uploads\/2025\/09\/livro_vila1988_r03.png 1307w\" sizes=\"(max-width: 194px) 100vw, 194px\" \/><\/a>Dia mundial da Sa\u00fade e combate ao fumo<\/h1><p>A Escola Vila e diversas entidades: Instituto Jos\u00e9 Frota; Secretaria de Sa\u00fade do Munic\u00edpio; Instituto de Previd\u00eancia do Munic\u00edpio; Associa\u00e7\u00e3o dos Engenheiros Agr\u00f4nomos e Tecn\u00f3logos; integrantes do Distrito 113 e Comunidades Pacifistas Crist\u00e3s, participaram da Manifesta\u00e7\u00e3o do Dia Mundial da Sa\u00fade e Combate ao Fumo.<\/p><p>A Campanha manifestava a defesa do SUDS \u2013 Sistema Unificado e Descentralizado de Sa\u00fade, distribuindo uma Carta Aberta \u00e0 popula\u00e7\u00e3o, divulgando o SUDS, a Carta Magna garante a sa\u00fade como direitos de todos e um dever do Estado.<\/p><p>Uma contribui\u00e7\u00e3o para a <em>Assembleia Nacional Constituinte.<\/em><\/p>\t\t\t\t\t\t\t\t<\/div>\n\t\t\t\t<\/div>\n\t\t\t\t<\/div>\n\t\t\t\t<\/div>\n\t\t<div class=\"elementor-element elementor-element-1a06347 e-con-full e-flex wpr-particle-no wpr-jarallax-no wpr-parallax-no wpr-sticky-section-no e-con e-child\" data-id=\"1a06347\" data-element_type=\"container\" data-settings=\"{&quot;background_background&quot;:&quot;classic&quot;,&quot;_ha_eqh_enable&quot;:false}\">\n\t\t<div class=\"elementor-element elementor-element-9ef7d19 e-con-full e-flex wpr-particle-no wpr-jarallax-no wpr-parallax-no wpr-sticky-section-no e-con e-child\" data-id=\"9ef7d19\" data-element_type=\"container\" data-settings=\"{&quot;_ha_eqh_enable&quot;:false}\">\n\t\t\t\t<div class=\"elementor-element elementor-element-a5cd330 exad-sticky-section-no exad-glass-effect-no ha-has-bg-overlay elementor-widget elementor-widget-heading\" data-id=\"a5cd330\" data-element_type=\"widget\" data-widget_type=\"heading.default\">\n\t\t\t\t<div class=\"elementor-widget-container\">\n\t\t\t\t\t<span class=\"elementor-heading-title elementor-size-default\">1988<\/span>\t\t\t\t<\/div>\n\t\t\t\t<\/div>\n\t\t\t\t<div class=\"elementor-element elementor-element-2003143 elementor-widget__width-initial elementor-widget-mobile__width-inherit exad-sticky-section-no exad-glass-effect-no ha-has-bg-overlay elementor-widget elementor-widget-text-editor\" data-id=\"2003143\" data-element_type=\"widget\" data-widget_type=\"text-editor.default\">\n\t\t\t\t<div class=\"elementor-widget-container\">\n\t\t\t\t\t\t\t\t\t<h1><a href=\"https:\/\/escolavila.com.br\/wp-content\/uploads\/2025\/09\/livro_vila1988_r06-1.png\"><img loading=\"lazy\" decoding=\"async\" class=\"alignleft wp-image-8215 \" src=\"https:\/\/escolavila.com.br\/wp-content\/uploads\/2025\/09\/livro_vila1988_r06-1-300x280.png\" alt=\"\" width=\"215\" height=\"201\" srcset=\"https:\/\/escolavila.com.br\/wp-content\/uploads\/2025\/09\/livro_vila1988_r06-1-300x280.png 300w, https:\/\/escolavila.com.br\/wp-content\/uploads\/2025\/09\/livro_vila1988_r06-1-768x716.png 768w, https:\/\/escolavila.com.br\/wp-content\/uploads\/2025\/09\/livro_vila1988_r06-1.png 928w\" sizes=\"(max-width: 215px) 100vw, 215px\" \/><\/a>comunidade ind\u00edgena Tapeba<\/h1><p>Os encontros de v\u00e1rias entidades com a comunidade ind\u00edgena Tapeba, continuaram com o prop\u00f3sito de recorrer \u00e0 justi\u00e7a pela garantia de suas terras. Foi elaborado um documento assinado por v\u00e1rias entidades, que foi entregue ao Minist\u00e9rio P\u00fablico, ao Presidente da Rep\u00fablica, a Funai e ao Incra.<\/p><p>Os encontros de v\u00e1rias entidades com a comunidade ind\u00edgena Tapeba, continuaram com o prop\u00f3sito de recorrer \u00e0 justi\u00e7a pela garantia de suas terras. Foi elaborado um documento assinado por v\u00e1rias entidades, que foi entregue ao Minist\u00e9rio P\u00fablico, ao Presidente da Rep\u00fablica, a Funai e ao Incra.<\/p><p>Os encontros das entidades, nesse per\u00edodo, eram bastante atuantes e foi criado um movimento ambientalista, que contavam tamb\u00e9m com a participa\u00e7\u00e3o de parlamentares que apoiavam as lutas:<\/p><ul><li>APA de Balbino.<\/li><li>Abaixo assinado do SOS Ta\u00edba, encaminhado para procuradoria e IBDF.<\/li><li>Informa\u00e7\u00f5es e discuss\u00f5es sobre o projeto do Metrofor.<\/li><li>Invas\u00f5es no Riacho Macei\u00f3 amea\u00e7ado pela especula\u00e7\u00e3o imobili\u00e1ria,<\/li><li>Todas essas lutas em prol da vida, do meio ambiente, dos direitos a terra e do respeito \u00e0s comunidades tradicionais. As entidades, familiares e crian\u00e7as participavam de todas as manifesta\u00e7\u00f5es.<\/li><\/ul>\t\t\t\t\t\t\t\t<\/div>\n\t\t\t\t<\/div>\n\t\t\t\t<\/div>\n\t\t\t\t<\/div>\n\t\t<div class=\"elementor-element elementor-element-e2994a6 e-con-full e-flex wpr-particle-no wpr-jarallax-no wpr-parallax-no wpr-sticky-section-no e-con e-child\" data-id=\"e2994a6\" data-element_type=\"container\" data-settings=\"{&quot;background_background&quot;:&quot;classic&quot;,&quot;_ha_eqh_enable&quot;:false}\">\n\t\t<div class=\"elementor-element elementor-element-34ea862 e-con-full e-flex wpr-particle-no wpr-jarallax-no wpr-parallax-no wpr-sticky-section-no e-con e-child\" data-id=\"34ea862\" data-element_type=\"container\" data-settings=\"{&quot;_ha_eqh_enable&quot;:false}\">\n\t\t\t\t<div class=\"elementor-element elementor-element-151dfdc exad-sticky-section-no exad-glass-effect-no ha-has-bg-overlay elementor-widget elementor-widget-heading\" data-id=\"151dfdc\" data-element_type=\"widget\" data-widget_type=\"heading.default\">\n\t\t\t\t<div class=\"elementor-widget-container\">\n\t\t\t\t\t<span class=\"elementor-heading-title elementor-size-default\">1988<\/span>\t\t\t\t<\/div>\n\t\t\t\t<\/div>\n\t\t\t\t<div class=\"elementor-element elementor-element-1f98cc7 elementor-widget__width-initial elementor-widget-mobile__width-inherit exad-sticky-section-no exad-glass-effect-no ha-has-bg-overlay elementor-widget elementor-widget-text-editor\" data-id=\"1f98cc7\" data-element_type=\"widget\" data-widget_type=\"text-editor.default\">\n\t\t\t\t<div class=\"elementor-widget-container\">\n\t\t\t\t\t\t\t\t\t<h1><a href=\"https:\/\/escolavila.com.br\/wp-content\/uploads\/2025\/09\/livro_vila1988_r08.png\"><img loading=\"lazy\" decoding=\"async\" class=\"alignleft wp-image-7503 size-medium\" src=\"https:\/\/escolavila.com.br\/wp-content\/uploads\/2025\/09\/livro_vila1988_r08-191x300.png\" alt=\"\" width=\"191\" height=\"300\" srcset=\"https:\/\/escolavila.com.br\/wp-content\/uploads\/2025\/09\/livro_vila1988_r08-191x300.png 191w, https:\/\/escolavila.com.br\/wp-content\/uploads\/2025\/09\/livro_vila1988_r08-650x1024.png 650w, https:\/\/escolavila.com.br\/wp-content\/uploads\/2025\/09\/livro_vila1988_r08-768x1209.png 768w, https:\/\/escolavila.com.br\/wp-content\/uploads\/2025\/09\/livro_vila1988_r08-976x1536.png 976w, https:\/\/escolavila.com.br\/wp-content\/uploads\/2025\/09\/livro_vila1988_r08-1301x2048.png 1301w, https:\/\/escolavila.com.br\/wp-content\/uploads\/2025\/09\/livro_vila1988_r08.png 1504w\" sizes=\"(max-width: 191px) 100vw, 191px\" \/><\/a>PROTESTO CONTRA UTILIZA\u00c7\u00c3O DE SPRAY<\/h1><p>A not\u00edcia sobre o spray e o aerossol afetar a camada de oz\u00f4nio, foi um tema preocupante que mobilizou os alunos, familiares e o movimento ambientalistas, na discuss\u00e3o e pesquisa sobre os componentes qu\u00edmicos do spray. Os ambientalistas come\u00e7aram os protestos contra a utiliza\u00e7\u00e3o do spray.<\/p><p>O ano era eleitoral, o uso do spray nas campanhas era massivo, apoiamos a campanha \u201climpa\u201d do candidato a Prefeitura de Fortaleza, M\u00e1rio Mamede. Mobilizamos v\u00e1rios artistas que pintaram um mural art\u00edstico na Praia de Iracema, na ocasi\u00e3o foi realizado um show, um protesto contra a utiliza\u00e7\u00e3o do spray e contra a polui\u00e7\u00e3o visual utilizada nas campanhas.<\/p>\t\t\t\t\t\t\t\t<\/div>\n\t\t\t\t<\/div>\n\t\t\t\t<\/div>\n\t\t\t\t<\/div>\n\t\t<div class=\"elementor-element elementor-element-9b062e6 e-con-full e-flex wpr-particle-no wpr-jarallax-no wpr-parallax-no wpr-sticky-section-no e-con e-child\" data-id=\"9b062e6\" data-element_type=\"container\" data-settings=\"{&quot;background_background&quot;:&quot;classic&quot;,&quot;_ha_eqh_enable&quot;:false}\">\n\t\t<div class=\"elementor-element elementor-element-4983b63 e-con-full e-flex wpr-particle-no wpr-jarallax-no wpr-parallax-no wpr-sticky-section-no e-con e-child\" data-id=\"4983b63\" data-element_type=\"container\" data-settings=\"{&quot;_ha_eqh_enable&quot;:false}\">\n\t\t\t\t<div class=\"elementor-element elementor-element-3cbad77 exad-sticky-section-no exad-glass-effect-no ha-has-bg-overlay elementor-widget elementor-widget-heading\" data-id=\"3cbad77\" data-element_type=\"widget\" data-widget_type=\"heading.default\">\n\t\t\t\t<div class=\"elementor-widget-container\">\n\t\t\t\t\t<span class=\"elementor-heading-title elementor-size-default\">1988<\/span>\t\t\t\t<\/div>\n\t\t\t\t<\/div>\n\t\t\t\t<div class=\"elementor-element elementor-element-4966a67 elementor-widget__width-initial elementor-widget-mobile__width-inherit exad-sticky-section-no exad-glass-effect-no ha-has-bg-overlay elementor-widget elementor-widget-text-editor\" data-id=\"4966a67\" data-element_type=\"widget\" data-widget_type=\"text-editor.default\">\n\t\t\t\t<div class=\"elementor-widget-container\">\n\t\t\t\t\t\t\t\t\t<h1><a href=\"https:\/\/escolavila.com.br\/wp-content\/uploads\/2025\/09\/livro_vila1988_r12-scaled.png\"><img loading=\"lazy\" decoding=\"async\" class=\"alignleft wp-image-7508\" src=\"https:\/\/escolavila.com.br\/wp-content\/uploads\/2025\/09\/livro_vila1988_r12-172x300.png\" alt=\"\" width=\"144\" height=\"251\" srcset=\"https:\/\/escolavila.com.br\/wp-content\/uploads\/2025\/09\/livro_vila1988_r12-172x300.png 172w, https:\/\/escolavila.com.br\/wp-content\/uploads\/2025\/09\/livro_vila1988_r12-587x1024.png 587w, https:\/\/escolavila.com.br\/wp-content\/uploads\/2025\/09\/livro_vila1988_r12-768x1340.png 768w, https:\/\/escolavila.com.br\/wp-content\/uploads\/2025\/09\/livro_vila1988_r12-880x1536.png 880w, https:\/\/escolavila.com.br\/wp-content\/uploads\/2025\/09\/livro_vila1988_r12-1174x2048.png 1174w, https:\/\/escolavila.com.br\/wp-content\/uploads\/2025\/09\/livro_vila1988_r12-scaled.png 1467w\" sizes=\"(max-width: 144px) 100vw, 144px\" \/><\/a>partido verde protesta em missa<\/h1><p>O Partido Verde e Escola Vila realizou um Ato em Mem\u00f3ria a morte de Chico Mendes, presidente do Sindicato dos Trabalhadores Rurais de Xapuri no Acre, premiado pela ONU por sua luta em Defesa da Amaz\u00f4nia. Como ele, morreram in\u00fameras pessoas vitimadas pelo terror imposto pelos grandes latifundi\u00e1rios na regi\u00e3o e pela omiss\u00e3o criminosa do Governo Federal.<\/p><p>Declara\u00e7\u00e3o de Chico Mendes antes da sua morte: <em>\u201cSe descesse um enviado do c\u00e9u e garantisse que minha vida iria fortalecer a nossa luta, at\u00e9 que valeria a pena, mas a experi\u00eancia nos ensina o contr\u00e1rio. Ato p\u00fablico e enterro numeroso n\u00e3o salvar\u00e3o a Amaz\u00f4nia, ent\u00e3o eu quero viver.\u201d<\/em><\/p>\t\t\t\t\t\t\t\t<\/div>\n\t\t\t\t<\/div>\n\t\t\t\t<\/div>\n\t\t\t\t<\/div>\n\t\t<div class=\"elementor-element elementor-element-6c2bd7c e-con-full e-flex wpr-particle-no wpr-jarallax-no wpr-parallax-no wpr-sticky-section-no e-con e-child\" data-id=\"6c2bd7c\" data-element_type=\"container\" data-settings=\"{&quot;background_background&quot;:&quot;classic&quot;,&quot;_ha_eqh_enable&quot;:false}\">\n\t\t<div class=\"elementor-element elementor-element-fff7222 e-con-full e-flex wpr-particle-no wpr-jarallax-no wpr-parallax-no wpr-sticky-section-no e-con e-child\" data-id=\"fff7222\" data-element_type=\"container\" data-settings=\"{&quot;_ha_eqh_enable&quot;:false}\">\n\t\t\t\t<div class=\"elementor-element elementor-element-3765449 exad-sticky-section-no exad-glass-effect-no ha-has-bg-overlay elementor-widget elementor-widget-heading\" data-id=\"3765449\" data-element_type=\"widget\" data-widget_type=\"heading.default\">\n\t\t\t\t<div class=\"elementor-widget-container\">\n\t\t\t\t\t<span class=\"elementor-heading-title elementor-size-default\">1989<\/span>\t\t\t\t<\/div>\n\t\t\t\t<\/div>\n\t\t\t\t<div class=\"elementor-element elementor-element-e2e18c5 elementor-widget__width-initial elementor-widget-mobile__width-inherit exad-sticky-section-no exad-glass-effect-no ha-has-bg-overlay elementor-widget elementor-widget-text-editor\" data-id=\"e2e18c5\" data-element_type=\"widget\" data-widget_type=\"text-editor.default\">\n\t\t\t\t<div class=\"elementor-widget-container\">\n\t\t\t\t\t\t\t\t\t<h1><a href=\"https:\/\/escolavila.com.br\/wp-content\/uploads\/2025\/09\/livro_vila1989_r01_pt1-scaled.png\"><img loading=\"lazy\" decoding=\"async\" class=\"alignleft wp-image-7509\" src=\"https:\/\/escolavila.com.br\/wp-content\/uploads\/2025\/09\/livro_vila1989_r01_pt1-300x209.png\" alt=\"\" width=\"194\" height=\"135\" srcset=\"https:\/\/escolavila.com.br\/wp-content\/uploads\/2025\/09\/livro_vila1989_r01_pt1-300x209.png 300w, https:\/\/escolavila.com.br\/wp-content\/uploads\/2025\/09\/livro_vila1989_r01_pt1-1024x713.png 1024w, https:\/\/escolavila.com.br\/wp-content\/uploads\/2025\/09\/livro_vila1989_r01_pt1-768x535.png 768w, https:\/\/escolavila.com.br\/wp-content\/uploads\/2025\/09\/livro_vila1989_r01_pt1-1536x1069.png 1536w, https:\/\/escolavila.com.br\/wp-content\/uploads\/2025\/09\/livro_vila1989_r01_pt1-2048x1426.png 2048w\" sizes=\"(max-width: 194px) 100vw, 194px\" \/><\/a>Campanha em defesa de Preserva\u00e7\u00e3o da Amaz\u00f4nia<\/h1><p>Todos n\u00f3s do movimento ambientalista do Cear\u00e1, participamos da Campanha em Defesa de Preserva\u00e7\u00e3o da Amaz\u00f4nia, quando o roqueiro ingl\u00eas Sting veio ao Brasil e criou a Funda\u00e7\u00e3o Mata Virgem, para angariar recursos para demarca\u00e7\u00e3o das terras ind\u00edgenas.<\/p><p>Sting realizou a grava\u00e7\u00e3o da composi\u00e7\u00e3o \u201cThe Spirit of the Florest\u201d com v\u00e1rios artistas brasileiros, todo recurso arrecadado foi revertido em favor dos povos ind\u00edgenas e das matas amea\u00e7adas na Amaz\u00f4nia.\u00a0<\/p>\t\t\t\t\t\t\t\t<\/div>\n\t\t\t\t<\/div>\n\t\t\t\t<\/div>\n\t\t\t\t<\/div>\n\t\t<div class=\"elementor-element elementor-element-0a12498 e-con-full e-flex wpr-particle-no wpr-jarallax-no wpr-parallax-no wpr-sticky-section-no e-con e-child\" data-id=\"0a12498\" data-element_type=\"container\" data-settings=\"{&quot;background_background&quot;:&quot;classic&quot;,&quot;_ha_eqh_enable&quot;:false}\">\n\t\t<div class=\"elementor-element elementor-element-c296f37 e-con-full e-flex wpr-particle-no wpr-jarallax-no wpr-parallax-no wpr-sticky-section-no e-con e-child\" data-id=\"c296f37\" data-element_type=\"container\" data-settings=\"{&quot;_ha_eqh_enable&quot;:false}\">\n\t\t\t\t<div class=\"elementor-element elementor-element-11ae874 exad-sticky-section-no exad-glass-effect-no ha-has-bg-overlay elementor-widget elementor-widget-heading\" data-id=\"11ae874\" data-element_type=\"widget\" data-widget_type=\"heading.default\">\n\t\t\t\t<div class=\"elementor-widget-container\">\n\t\t\t\t\t<span class=\"elementor-heading-title elementor-size-default\">1989<\/span>\t\t\t\t<\/div>\n\t\t\t\t<\/div>\n\t\t\t\t<div class=\"elementor-element elementor-element-c5bf8c2 elementor-widget__width-initial elementor-widget-mobile__width-inherit exad-sticky-section-no exad-glass-effect-no ha-has-bg-overlay elementor-widget elementor-widget-text-editor\" data-id=\"c5bf8c2\" data-element_type=\"widget\" data-widget_type=\"text-editor.default\">\n\t\t\t\t<div class=\"elementor-widget-container\">\n\t\t\t\t\t\t\t\t\t<h1><a href=\"https:\/\/escolavila.com.br\/wp-content\/uploads\/2025\/09\/livro_vila1989_r02-scaled.png\"><img loading=\"lazy\" decoding=\"async\" class=\"alignleft wp-image-7514 \" src=\"https:\/\/escolavila.com.br\/wp-content\/uploads\/2025\/09\/livro_vila1989_r02-207x300.png\" alt=\"\" width=\"155\" height=\"225\" srcset=\"https:\/\/escolavila.com.br\/wp-content\/uploads\/2025\/09\/livro_vila1989_r02-207x300.png 207w, https:\/\/escolavila.com.br\/wp-content\/uploads\/2025\/09\/livro_vila1989_r02-706x1024.png 706w, https:\/\/escolavila.com.br\/wp-content\/uploads\/2025\/09\/livro_vila1989_r02-768x1114.png 768w, https:\/\/escolavila.com.br\/wp-content\/uploads\/2025\/09\/livro_vila1989_r02-1059x1536.png 1059w, https:\/\/escolavila.com.br\/wp-content\/uploads\/2025\/09\/livro_vila1989_r02-1412x2048.png 1412w, https:\/\/escolavila.com.br\/wp-content\/uploads\/2025\/09\/livro_vila1989_r02-scaled.png 1765w\" sizes=\"(max-width: 155px) 100vw, 155px\" \/><\/a>Um domingo para preserva\u00e7\u00e3o<\/h1><p>A Escola Vila, partidos pol\u00edticos, entidades como IAB, Socema, AGB, OAB, Arquidiocese, movimentos ambientalistas, dando continuidade a luta pela preserva\u00e7\u00e3o do rio coc\u00f3 \u2013 SOS Coc\u00f3, organizou uma vasta programa\u00e7\u00e3o com palestras, passeio e um domingo no Parque, pela preserva\u00e7\u00e3o do meio ambiente.<\/p><p>No mesmo per\u00edodo foi denunciado a ocupa\u00e7\u00e3o ilegal do projeto do Lagamar, a defesa da Ponte Met\u00e1lica atrav\u00e9s da Associa\u00e7\u00e3o dos Moradores da Praia de Iracema (AMPI).<\/p>\t\t\t\t\t\t\t\t<\/div>\n\t\t\t\t<\/div>\n\t\t\t\t<\/div>\n\t\t\t\t<\/div>\n\t\t<div class=\"elementor-element elementor-element-1bd5e80 e-con-full e-flex wpr-particle-no wpr-jarallax-no wpr-parallax-no wpr-sticky-section-no e-con e-child\" data-id=\"1bd5e80\" data-element_type=\"container\" data-settings=\"{&quot;background_background&quot;:&quot;classic&quot;,&quot;_ha_eqh_enable&quot;:false}\">\n\t\t<div class=\"elementor-element elementor-element-1b98aff e-con-full e-flex wpr-particle-no wpr-jarallax-no wpr-parallax-no wpr-sticky-section-no e-con e-child\" data-id=\"1b98aff\" data-element_type=\"container\" data-settings=\"{&quot;_ha_eqh_enable&quot;:false}\">\n\t\t\t\t<div class=\"elementor-element elementor-element-6c1a8d1 exad-sticky-section-no exad-glass-effect-no ha-has-bg-overlay elementor-widget elementor-widget-heading\" data-id=\"6c1a8d1\" data-element_type=\"widget\" data-widget_type=\"heading.default\">\n\t\t\t\t<div class=\"elementor-widget-container\">\n\t\t\t\t\t<span class=\"elementor-heading-title elementor-size-default\">1989<\/span>\t\t\t\t<\/div>\n\t\t\t\t<\/div>\n\t\t\t\t<div class=\"elementor-element elementor-element-0bb560f elementor-widget__width-initial elementor-widget-mobile__width-inherit exad-sticky-section-no exad-glass-effect-no ha-has-bg-overlay elementor-widget elementor-widget-text-editor\" data-id=\"0bb560f\" data-element_type=\"widget\" data-widget_type=\"text-editor.default\">\n\t\t\t\t<div class=\"elementor-widget-container\">\n\t\t\t\t\t\t\t\t\t<h1><a href=\"https:\/\/escolavila.com.br\/wp-content\/uploads\/2025\/09\/livro_vila1989_r03-scaled.png\"><img loading=\"lazy\" decoding=\"async\" class=\"alignleft wp-image-7523 \" src=\"https:\/\/escolavila.com.br\/wp-content\/uploads\/2025\/09\/livro_vila1989_r03-208x300.png\" alt=\"\" width=\"83\" height=\"120\" srcset=\"https:\/\/escolavila.com.br\/wp-content\/uploads\/2025\/09\/livro_vila1989_r03-208x300.png 208w, https:\/\/escolavila.com.br\/wp-content\/uploads\/2025\/09\/livro_vila1989_r03-712x1024.png 712w, https:\/\/escolavila.com.br\/wp-content\/uploads\/2025\/09\/livro_vila1989_r03-768x1105.png 768w, https:\/\/escolavila.com.br\/wp-content\/uploads\/2025\/09\/livro_vila1989_r03-1067x1536.png 1067w, https:\/\/escolavila.com.br\/wp-content\/uploads\/2025\/09\/livro_vila1989_r03-1423x2048.png 1423w, https:\/\/escolavila.com.br\/wp-content\/uploads\/2025\/09\/livro_vila1989_r03-scaled.png 1779w\" sizes=\"(max-width: 83px) 100vw, 83px\" \/><\/a>ECOLOGISTAS REPUDIAM NOVA PONTE<\/h1><p>Realizamos uma manifesta\u00e7\u00e3o em rep\u00fadio \u00e0 constru\u00e7\u00e3o da ponte sobre o rio coc\u00f3. Doze entidades ligadas \u00e0 defesa do meio ambiente assinam a nota de repudio que foi enviada para os \u00d3rg\u00e3os P\u00fablicos.<\/p>\t\t\t\t\t\t\t\t<\/div>\n\t\t\t\t<\/div>\n\t\t\t\t<\/div>\n\t\t\t\t<\/div>\n\t\t\t\t<\/div>\n\t\t<div id=\"e-n-tab-content-2444304522\" role=\"tabpanel\" aria-labelledby=\"e-n-tab-title-2444304522\" data-tab-index=\"2\" style=\"--n-tabs-title-order: 2;\" class=\" elementor-element elementor-element-4385a79 e-con-full e-flex wpr-particle-no wpr-jarallax-no wpr-parallax-no wpr-sticky-section-no e-con e-child\" data-id=\"4385a79\" data-element_type=\"container\" data-settings=\"{&quot;_ha_eqh_enable&quot;:false}\">\n\t\t<div class=\"elementor-element elementor-element-2e3e5e1 e-con-full e-flex wpr-particle-no wpr-jarallax-no wpr-parallax-no wpr-sticky-section-no e-con e-child\" data-id=\"2e3e5e1\" data-element_type=\"container\" data-settings=\"{&quot;background_background&quot;:&quot;classic&quot;,&quot;_ha_eqh_enable&quot;:false}\">\n\t\t<div class=\"elementor-element elementor-element-eee38c6 e-con-full e-flex wpr-particle-no wpr-jarallax-no wpr-parallax-no wpr-sticky-section-no e-con e-child\" data-id=\"eee38c6\" data-element_type=\"container\" data-settings=\"{&quot;_ha_eqh_enable&quot;:false}\">\n\t\t\t\t<div class=\"elementor-element elementor-element-c98cd5a exad-sticky-section-no exad-glass-effect-no ha-has-bg-overlay elementor-widget elementor-widget-heading\" data-id=\"c98cd5a\" data-element_type=\"widget\" data-widget_type=\"heading.default\">\n\t\t\t\t<div class=\"elementor-widget-container\">\n\t\t\t\t\t<span class=\"elementor-heading-title elementor-size-default\">1990<\/span>\t\t\t\t<\/div>\n\t\t\t\t<\/div>\n\t\t\t\t<div class=\"elementor-element elementor-element-e573698 elementor-widget__width-initial elementor-widget-mobile__width-inherit exad-sticky-section-no exad-glass-effect-no ha-has-bg-overlay elementor-widget elementor-widget-text-editor\" data-id=\"e573698\" data-element_type=\"widget\" data-widget_type=\"text-editor.default\">\n\t\t\t\t<div class=\"elementor-widget-container\">\n\t\t\t\t\t\t\t\t\t<h1><a href=\"https:\/\/escolavila.com.br\/wp-content\/uploads\/2025\/09\/livro_vila1990_r02-scaled.png\"><img loading=\"lazy\" decoding=\"async\" class=\"alignleft wp-image-7673 size-medium\" src=\"https:\/\/escolavila.com.br\/wp-content\/uploads\/2025\/09\/livro_vila1990_r02-178x300.png\" alt=\"\" width=\"178\" height=\"300\" srcset=\"https:\/\/escolavila.com.br\/wp-content\/uploads\/2025\/09\/livro_vila1990_r02-178x300.png 178w, https:\/\/escolavila.com.br\/wp-content\/uploads\/2025\/09\/livro_vila1990_r02-608x1024.png 608w, https:\/\/escolavila.com.br\/wp-content\/uploads\/2025\/09\/livro_vila1990_r02-768x1294.png 768w, https:\/\/escolavila.com.br\/wp-content\/uploads\/2025\/09\/livro_vila1990_r02-912x1536.png 912w, https:\/\/escolavila.com.br\/wp-content\/uploads\/2025\/09\/livro_vila1990_r02-1216x2048.png 1216w, https:\/\/escolavila.com.br\/wp-content\/uploads\/2025\/09\/livro_vila1990_r02-scaled.png 1520w\" sizes=\"(max-width: 178px) 100vw, 178px\" \/><\/a>protesto por preserva\u00e7\u00e3o de \u00e1rea<\/h1><p>As crian\u00e7as souberam da not\u00edcia que o espa\u00e7o onde os circos se instalavam em Fortaleza, bem pr\u00f3ximo a escola, iria ser constru\u00eddo uma sede do Banco do Estado do Cear\u00e1 \u2013 BEC, isso gerou um grande debate entre as crian\u00e7as, onde somente duas apoiavam o banco.<\/p><p>Iniciamos uma grande mobiliza\u00e7\u00e3o para defender um dos poucos espa\u00e7os de lazer existentes em Fortaleza.<\/p><p>A discuss\u00e3o envolveu toda equipe da escola, familiares e assim criamos um abaixo assinado com o apoio da comunidade, pedindo \u00e0 Prefeitura a desapropria\u00e7\u00e3o da \u00e1rea em benef\u00edcio da popula\u00e7\u00e3o.<\/p>\t\t\t\t\t\t\t\t<\/div>\n\t\t\t\t<\/div>\n\t\t\t\t<\/div>\n\t\t\t\t<\/div>\n\t\t<div class=\"elementor-element elementor-element-e9ad0c3 e-con-full e-flex wpr-particle-no wpr-jarallax-no wpr-parallax-no wpr-sticky-section-no e-con e-child\" data-id=\"e9ad0c3\" data-element_type=\"container\" data-settings=\"{&quot;background_background&quot;:&quot;classic&quot;,&quot;_ha_eqh_enable&quot;:false}\">\n\t\t<div class=\"elementor-element elementor-element-3b8b9d0 e-con-full e-flex wpr-particle-no wpr-jarallax-no wpr-parallax-no wpr-sticky-section-no e-con e-child\" data-id=\"3b8b9d0\" data-element_type=\"container\" data-settings=\"{&quot;_ha_eqh_enable&quot;:false}\">\n\t\t\t\t<div class=\"elementor-element elementor-element-ab86258 exad-sticky-section-no exad-glass-effect-no ha-has-bg-overlay elementor-widget elementor-widget-heading\" data-id=\"ab86258\" data-element_type=\"widget\" data-widget_type=\"heading.default\">\n\t\t\t\t<div class=\"elementor-widget-container\">\n\t\t\t\t\t<span class=\"elementor-heading-title elementor-size-default\">1990<\/span>\t\t\t\t<\/div>\n\t\t\t\t<\/div>\n\t\t\t\t<div class=\"elementor-element elementor-element-c9e99eb elementor-widget__width-initial elementor-widget-mobile__width-inherit exad-sticky-section-no exad-glass-effect-no ha-has-bg-overlay elementor-widget elementor-widget-text-editor\" data-id=\"c9e99eb\" data-element_type=\"widget\" data-widget_type=\"text-editor.default\">\n\t\t\t\t<div class=\"elementor-widget-container\">\n\t\t\t\t\t\t\t\t\t<h1>discuss\u00e3o sobre a constru\u00e7\u00e3o do marina park<\/h1><p>A programa\u00e7\u00e3o da Semana do Meio Ambiente foi marcada por v\u00e1rias manifesta\u00e7\u00f5es, com passeatas e com manifesta\u00e7\u00f5es, a voz das crian\u00e7as clamavam pela Natureza e pediam que respeitassem o meio ambiente. O aterro na praia para a constru\u00e7\u00e3o do Marina Park, gerou discuss\u00f5es sobre \u201cpara onde iria a \u00e1gua do mar que estava ali\u201d, e viram que os problemas de alagamentos seriam por ocasi\u00e3o dos aterros em rios e no mar. Outro fator que ocasiona o alagamento s\u00e3o as constru\u00e7\u00f5es que impermeabilizam as dunas, muitos n\u00e3o sabem que dunas s\u00e3o reservat\u00f3rios de \u00e1guas.<\/p>\t\t\t\t\t\t\t\t<\/div>\n\t\t\t\t<\/div>\n\t\t\t\t<\/div>\n\t\t\t\t<\/div>\n\t\t<div class=\"elementor-element elementor-element-bd4d77a e-con-full e-flex wpr-particle-no wpr-jarallax-no wpr-parallax-no wpr-sticky-section-no e-con e-child\" data-id=\"bd4d77a\" data-element_type=\"container\" data-settings=\"{&quot;background_background&quot;:&quot;classic&quot;,&quot;_ha_eqh_enable&quot;:false}\">\n\t\t<div class=\"elementor-element elementor-element-6ca22a4 e-con-full e-flex wpr-particle-no wpr-jarallax-no wpr-parallax-no wpr-sticky-section-no e-con e-child\" data-id=\"6ca22a4\" data-element_type=\"container\" data-settings=\"{&quot;_ha_eqh_enable&quot;:false}\">\n\t\t\t\t<div class=\"elementor-element elementor-element-5cc2a51 exad-sticky-section-no exad-glass-effect-no ha-has-bg-overlay elementor-widget elementor-widget-heading\" data-id=\"5cc2a51\" data-element_type=\"widget\" data-widget_type=\"heading.default\">\n\t\t\t\t<div class=\"elementor-widget-container\">\n\t\t\t\t\t<span class=\"elementor-heading-title elementor-size-default\">1991<\/span>\t\t\t\t<\/div>\n\t\t\t\t<\/div>\n\t\t\t\t<div class=\"elementor-element elementor-element-0d45887 elementor-widget__width-initial elementor-widget-mobile__width-inherit exad-sticky-section-no exad-glass-effect-no ha-has-bg-overlay elementor-widget elementor-widget-text-editor\" data-id=\"0d45887\" data-element_type=\"widget\" data-widget_type=\"text-editor.default\">\n\t\t\t\t<div class=\"elementor-widget-container\">\n\t\t\t\t\t\t\t\t\t<h1><a href=\"https:\/\/escolavila.com.br\/wp-content\/uploads\/2025\/09\/livro_vila1991_r05.png\"><img loading=\"lazy\" decoding=\"async\" class=\"alignleft wp-image-7955 \" src=\"https:\/\/escolavila.com.br\/wp-content\/uploads\/2025\/09\/livro_vila1991_r05_2-300x235.png\" alt=\"\" width=\"143\" height=\"112\" srcset=\"https:\/\/escolavila.com.br\/wp-content\/uploads\/2025\/09\/livro_vila1991_r05_2-300x235.png 300w, https:\/\/escolavila.com.br\/wp-content\/uploads\/2025\/09\/livro_vila1991_r05_2-1024x803.png 1024w, https:\/\/escolavila.com.br\/wp-content\/uploads\/2025\/09\/livro_vila1991_r05_2-768x603.png 768w, https:\/\/escolavila.com.br\/wp-content\/uploads\/2025\/09\/livro_vila1991_r05_2-1536x1205.png 1536w, https:\/\/escolavila.com.br\/wp-content\/uploads\/2025\/09\/livro_vila1991_r05_2-2048x1607.png 2048w\" sizes=\"(max-width: 143px) 100vw, 143px\" \/><\/a>Manifesta\u00e7\u00e3o contra a devasta\u00e7\u00e3o do mangue<\/h1><p>A defesa pelo Rio Coc\u00f3 era constante, j\u00e1 que a especula\u00e7\u00e3o imobili\u00e1ria avan\u00e7ava e a \u00e1rea do coc\u00f3 sempre foi muito visada. A Escola Vila participou da manifesta\u00e7\u00e3o contra a abertura da Av. Sebasti\u00e3o de Abreu que iria devastar o mangue na margem do rio.\u00a0<\/p>\t\t\t\t\t\t\t\t<\/div>\n\t\t\t\t<\/div>\n\t\t\t\t<\/div>\n\t\t\t\t<\/div>\n\t\t<div class=\"elementor-element elementor-element-503b512 e-con-full e-flex wpr-particle-no wpr-jarallax-no wpr-parallax-no wpr-sticky-section-no e-con e-child\" data-id=\"503b512\" data-element_type=\"container\" data-settings=\"{&quot;background_background&quot;:&quot;classic&quot;,&quot;_ha_eqh_enable&quot;:false}\">\n\t\t<div class=\"elementor-element elementor-element-64e72bb e-con-full e-flex wpr-particle-no wpr-jarallax-no wpr-parallax-no wpr-sticky-section-no e-con e-child\" data-id=\"64e72bb\" data-element_type=\"container\" data-settings=\"{&quot;_ha_eqh_enable&quot;:false}\">\n\t\t\t\t<div class=\"elementor-element elementor-element-9f19ad5 exad-sticky-section-no exad-glass-effect-no ha-has-bg-overlay elementor-widget elementor-widget-heading\" data-id=\"9f19ad5\" data-element_type=\"widget\" data-widget_type=\"heading.default\">\n\t\t\t\t<div class=\"elementor-widget-container\">\n\t\t\t\t\t<span class=\"elementor-heading-title elementor-size-default\">1992<\/span>\t\t\t\t<\/div>\n\t\t\t\t<\/div>\n\t\t\t\t<div class=\"elementor-element elementor-element-24d2a5b elementor-widget__width-initial elementor-widget-mobile__width-inherit exad-sticky-section-no exad-glass-effect-no ha-has-bg-overlay elementor-widget elementor-widget-text-editor\" data-id=\"24d2a5b\" data-element_type=\"widget\" data-widget_type=\"text-editor.default\">\n\t\t\t\t<div class=\"elementor-widget-container\">\n\t\t\t\t\t\t\t\t\t<h1><a href=\"https:\/\/escolavila.com.br\/wp-content\/uploads\/2025\/09\/livro_vila1992_r02-scaled.png\"><img loading=\"lazy\" decoding=\"async\" class=\"alignleft wp-image-7973\" src=\"https:\/\/escolavila.com.br\/wp-content\/uploads\/2025\/09\/livro_vila1992_r02_2-300x259.png\" alt=\"\" width=\"177\" height=\"153\" srcset=\"https:\/\/escolavila.com.br\/wp-content\/uploads\/2025\/09\/livro_vila1992_r02_2-300x259.png 300w, https:\/\/escolavila.com.br\/wp-content\/uploads\/2025\/09\/livro_vila1992_r02_2-1024x883.png 1024w, https:\/\/escolavila.com.br\/wp-content\/uploads\/2025\/09\/livro_vila1992_r02_2-768x662.png 768w, https:\/\/escolavila.com.br\/wp-content\/uploads\/2025\/09\/livro_vila1992_r02_2.png 1438w\" sizes=\"(max-width: 177px) 100vw, 177px\" \/><\/a>Eco vila 92<\/h1><p>Agora com um n\u00famero maior de alunos a participa\u00e7\u00e3o nas manifesta\u00e7\u00f5es ficaram mais fortes e, a luta foi pela cria\u00e7\u00e3o de um Parque Ecol\u00f3gico do Parre\u00e3o no Bairro de F\u00e1tima. A Eco 92 acontecendo no Rio de Janeiro e os alunos criaram a Eco Vila 92, ampliando as discuss\u00f5es ambientais.<\/p>\t\t\t\t\t\t\t\t<\/div>\n\t\t\t\t<\/div>\n\t\t\t\t<\/div>\n\t\t\t\t<\/div>\n\t\t<div class=\"elementor-element elementor-element-7657f60 e-con-full e-flex wpr-particle-no wpr-jarallax-no wpr-parallax-no wpr-sticky-section-no e-con e-child\" data-id=\"7657f60\" data-element_type=\"container\" data-settings=\"{&quot;background_background&quot;:&quot;classic&quot;,&quot;_ha_eqh_enable&quot;:false}\">\n\t\t<div class=\"elementor-element elementor-element-daf1449 e-con-full e-flex wpr-particle-no wpr-jarallax-no wpr-parallax-no wpr-sticky-section-no e-con e-child\" data-id=\"daf1449\" data-element_type=\"container\" data-settings=\"{&quot;_ha_eqh_enable&quot;:false}\">\n\t\t\t\t<div class=\"elementor-element elementor-element-38d8b32 exad-sticky-section-no exad-glass-effect-no ha-has-bg-overlay elementor-widget elementor-widget-heading\" data-id=\"38d8b32\" data-element_type=\"widget\" data-widget_type=\"heading.default\">\n\t\t\t\t<div class=\"elementor-widget-container\">\n\t\t\t\t\t<span class=\"elementor-heading-title elementor-size-default\">1993<\/span>\t\t\t\t<\/div>\n\t\t\t\t<\/div>\n\t\t\t\t<div class=\"elementor-element elementor-element-7694392 elementor-widget__width-initial elementor-widget-mobile__width-inherit exad-sticky-section-no exad-glass-effect-no ha-has-bg-overlay elementor-widget elementor-widget-text-editor\" data-id=\"7694392\" data-element_type=\"widget\" data-widget_type=\"text-editor.default\">\n\t\t\t\t<div class=\"elementor-widget-container\">\n\t\t\t\t\t\t\t\t\t<h1>alerta da \u00e1gua no planeta<\/h1><p>A seca nesse ano foi severa, o cuidado com o consumo da \u00e1gua foi constante. O Dia Mundial da \u00c1gua foi marcado com o tema \u201cAlerta da \u00c1gua no Planeta\u201d, o que gerou pesquisas e estudos sobre os reservat\u00f3rios e mananciais de \u00e1gua. Uma campanha para o consumo consciente da \u00e1gua foi criada pelos alunos e outros movimentos. Na ocasi\u00e3o a Escola Vila e o ent\u00e3o Vereador S\u00e9rgio Novaes, que foi diretor de Saneamento do Sindi\u00e1gua, realizamos uma manifesta\u00e7\u00e3o na pra\u00e7a de igreja de F\u00e1tima e em seguida uma audi\u00eancia P\u00fablica na Escola Vila, participaram Movimentos Sociais, Associa\u00e7\u00f5es e o Partido Verde.<\/p>\t\t\t\t\t\t\t\t<\/div>\n\t\t\t\t<\/div>\n\t\t\t\t<\/div>\n\t\t\t\t<\/div>\n\t\t<div class=\"elementor-element elementor-element-d18c945 e-con-full e-flex wpr-particle-no wpr-jarallax-no wpr-parallax-no wpr-sticky-section-no e-con e-child\" data-id=\"d18c945\" data-element_type=\"container\" data-settings=\"{&quot;background_background&quot;:&quot;classic&quot;,&quot;_ha_eqh_enable&quot;:false}\">\n\t\t<div class=\"elementor-element elementor-element-e19d667 e-con-full e-flex wpr-particle-no wpr-jarallax-no wpr-parallax-no wpr-sticky-section-no e-con e-child\" data-id=\"e19d667\" data-element_type=\"container\" data-settings=\"{&quot;_ha_eqh_enable&quot;:false}\">\n\t\t\t\t<div class=\"elementor-element elementor-element-c39ea7e exad-sticky-section-no exad-glass-effect-no ha-has-bg-overlay elementor-widget elementor-widget-heading\" data-id=\"c39ea7e\" data-element_type=\"widget\" data-widget_type=\"heading.default\">\n\t\t\t\t<div class=\"elementor-widget-container\">\n\t\t\t\t\t<span class=\"elementor-heading-title elementor-size-default\">1994<\/span>\t\t\t\t<\/div>\n\t\t\t\t<\/div>\n\t\t\t\t<div class=\"elementor-element elementor-element-c89fddd elementor-widget__width-initial elementor-widget-mobile__width-inherit exad-sticky-section-no exad-glass-effect-no ha-has-bg-overlay elementor-widget elementor-widget-text-editor\" data-id=\"c89fddd\" data-element_type=\"widget\" data-widget_type=\"text-editor.default\">\n\t\t\t\t<div class=\"elementor-widget-container\">\n\t\t\t\t\t\t\t\t\t<h1><a href=\"https:\/\/escolavila.com.br\/wp-content\/uploads\/2025\/09\/livro_vila1994_f02.png\"><img loading=\"lazy\" decoding=\"async\" class=\"alignleft wp-image-7990 size-medium\" src=\"https:\/\/escolavila.com.br\/wp-content\/uploads\/2025\/09\/livro_vila1994_f02-300x201.png\" alt=\"\" width=\"300\" height=\"201\" srcset=\"https:\/\/escolavila.com.br\/wp-content\/uploads\/2025\/09\/livro_vila1994_f02-300x201.png 300w, https:\/\/escolavila.com.br\/wp-content\/uploads\/2025\/09\/livro_vila1994_f02-1024x686.png 1024w, https:\/\/escolavila.com.br\/wp-content\/uploads\/2025\/09\/livro_vila1994_f02-768x514.png 768w, https:\/\/escolavila.com.br\/wp-content\/uploads\/2025\/09\/livro_vila1994_f02-1536x1029.png 1536w, https:\/\/escolavila.com.br\/wp-content\/uploads\/2025\/09\/livro_vila1994_f02.png 1774w\" sizes=\"(max-width: 300px) 100vw, 300px\" \/><\/a>inteiro pela vida<\/h1><p>Na revista OS CAMINHOS DA TERRA, Ano 3 N\u00ba 4 \u2013 Edi\u00e7\u00e3o 24 &#8211; Abril 94, vimos a campanha da peti\u00e7\u00e3o criada pelo cientista Jacques Ives Cousteau, pelos Direitos das Gera\u00e7\u00f5es Futuras para ser enviado \u00e0 ONU. Logo surgiu a ideia entre os estudantes para a cria\u00e7\u00e3o de um Grupo Ecol\u00f3gico, que teve o nome \u201cInteiro pela Vida\u201d, a fim de coletar assinaturas para a peti\u00e7\u00e3o. O grupo ecol\u00f3gico escolheu, em homenagem ao cientista Jacques Yves Cousteau, como s\u00edmbolo do grupo, o gorro vermelho usado pelo cientista.<\/p>\t\t\t\t\t\t\t\t<\/div>\n\t\t\t\t<\/div>\n\t\t\t\t<\/div>\n\t\t\t\t<\/div>\n\t\t<div class=\"elementor-element elementor-element-4193b8f e-con-full e-flex wpr-particle-no wpr-jarallax-no wpr-parallax-no wpr-sticky-section-no e-con e-child\" data-id=\"4193b8f\" data-element_type=\"container\" data-settings=\"{&quot;background_background&quot;:&quot;classic&quot;,&quot;_ha_eqh_enable&quot;:false}\">\n\t\t<div class=\"elementor-element elementor-element-f3404cd e-con-full e-flex wpr-particle-no wpr-jarallax-no wpr-parallax-no wpr-sticky-section-no e-con e-child\" data-id=\"f3404cd\" data-element_type=\"container\" data-settings=\"{&quot;_ha_eqh_enable&quot;:false}\">\n\t\t\t\t<div class=\"elementor-element elementor-element-fd88389 exad-sticky-section-no exad-glass-effect-no ha-has-bg-overlay elementor-widget elementor-widget-heading\" data-id=\"fd88389\" data-element_type=\"widget\" data-widget_type=\"heading.default\">\n\t\t\t\t<div class=\"elementor-widget-container\">\n\t\t\t\t\t<span class=\"elementor-heading-title elementor-size-default\">1994<\/span>\t\t\t\t<\/div>\n\t\t\t\t<\/div>\n\t\t\t\t<div class=\"elementor-element elementor-element-ed4299c elementor-widget__width-initial elementor-widget-mobile__width-inherit exad-sticky-section-no exad-glass-effect-no ha-has-bg-overlay elementor-widget elementor-widget-text-editor\" data-id=\"ed4299c\" data-element_type=\"widget\" data-widget_type=\"text-editor.default\">\n\t\t\t\t<div class=\"elementor-widget-container\">\n\t\t\t\t\t\t\t\t\t<h1><a href=\"https:\/\/escolavila.com.br\/wp-content\/uploads\/2025\/09\/livro_vila1994_f04.png\"><img loading=\"lazy\" decoding=\"async\" class=\"alignleft wp-image-7998 size-medium\" src=\"https:\/\/escolavila.com.br\/wp-content\/uploads\/2025\/09\/livro_vila1994_f04-300x201.png\" alt=\"\" width=\"300\" height=\"201\" srcset=\"https:\/\/escolavila.com.br\/wp-content\/uploads\/2025\/09\/livro_vila1994_f04-300x201.png 300w, https:\/\/escolavila.com.br\/wp-content\/uploads\/2025\/09\/livro_vila1994_f04-1024x686.png 1024w, https:\/\/escolavila.com.br\/wp-content\/uploads\/2025\/09\/livro_vila1994_f04-768x514.png 768w, https:\/\/escolavila.com.br\/wp-content\/uploads\/2025\/09\/livro_vila1994_f04-1536x1029.png 1536w, https:\/\/escolavila.com.br\/wp-content\/uploads\/2025\/09\/livro_vila1994_f04.png 1762w\" sizes=\"(max-width: 300px) 100vw, 300px\" \/><\/a>cinco artigos pelo futuro<\/h1><p>\u00a0A coleta de assinatura da peti\u00e7\u00e3o dos CINCO ARTIGOS PELO FUTURO, foi a primeira luta do grupo ecol\u00f3gico, que contou com a ajuda dos familiares para coletar assinaturas, as fam\u00edlias levavam o abaixo assinado para seus locais de trabalho, assim conseguimos 10 mil assinaturas.<\/p><p>Houve uma programa\u00e7\u00e3o para os locais das coletas, na pra\u00e7a da Igreja de F\u00e1tima, na Beira Mar, Praia do Futuro, levando faixas e muitas palavras de ordem.<\/p>\t\t\t\t\t\t\t\t<\/div>\n\t\t\t\t<\/div>\n\t\t\t\t<\/div>\n\t\t\t\t<\/div>\n\t\t<div class=\"elementor-element elementor-element-be59690 e-con-full e-flex wpr-particle-no wpr-jarallax-no wpr-parallax-no wpr-sticky-section-no e-con e-child\" data-id=\"be59690\" data-element_type=\"container\" data-settings=\"{&quot;background_background&quot;:&quot;classic&quot;,&quot;_ha_eqh_enable&quot;:false}\">\n\t\t<div class=\"elementor-element elementor-element-ebe952e e-con-full e-flex wpr-particle-no wpr-jarallax-no wpr-parallax-no wpr-sticky-section-no e-con e-child\" data-id=\"ebe952e\" data-element_type=\"container\" data-settings=\"{&quot;_ha_eqh_enable&quot;:false}\">\n\t\t\t\t<div class=\"elementor-element elementor-element-7a33ec5 exad-sticky-section-no exad-glass-effect-no ha-has-bg-overlay elementor-widget elementor-widget-heading\" data-id=\"7a33ec5\" data-element_type=\"widget\" data-widget_type=\"heading.default\">\n\t\t\t\t<div class=\"elementor-widget-container\">\n\t\t\t\t\t<span class=\"elementor-heading-title elementor-size-default\">1994<\/span>\t\t\t\t<\/div>\n\t\t\t\t<\/div>\n\t\t\t\t<div class=\"elementor-element elementor-element-e3e8c6e elementor-widget__width-initial elementor-widget-mobile__width-inherit exad-sticky-section-no exad-glass-effect-no ha-has-bg-overlay elementor-widget elementor-widget-text-editor\" data-id=\"e3e8c6e\" data-element_type=\"widget\" data-widget_type=\"text-editor.default\">\n\t\t\t\t<div class=\"elementor-widget-container\">\n\t\t\t\t\t\t\t\t\t<h1><a href=\"https:\/\/escolavila.com.br\/wp-content\/uploads\/2025\/09\/livro_vila1994_r03-scaled.png\"><img loading=\"lazy\" decoding=\"async\" class=\"alignleft wp-image-7973 size-medium\" src=\"https:\/\/escolavila.com.br\/wp-content\/uploads\/2025\/09\/livro_vila1992_r02_2-300x259.png\" alt=\"\" width=\"300\" height=\"259\" srcset=\"https:\/\/escolavila.com.br\/wp-content\/uploads\/2025\/09\/livro_vila1992_r02_2-300x259.png 300w, https:\/\/escolavila.com.br\/wp-content\/uploads\/2025\/09\/livro_vila1992_r02_2-1024x883.png 1024w, https:\/\/escolavila.com.br\/wp-content\/uploads\/2025\/09\/livro_vila1992_r02_2-768x662.png 768w, https:\/\/escolavila.com.br\/wp-content\/uploads\/2025\/09\/livro_vila1992_r02_2.png 1438w\" sizes=\"(max-width: 300px) 100vw, 300px\" \/><\/a>lixo e seu destino nas cidades<\/h1><p>A preocupa\u00e7\u00e3o com o lixo e seu destino nas cidades, foi o tema escolhido para o semin\u00e1rio, principalmente o pl\u00e1stico que invade as cidades e que n\u00e3o s\u00e3o reciclados. Realizamos com os estudantes estudo sobre o pl\u00e1stico e uma campanha, durante 15 dias, 150 fam\u00edlias levariam todo pl\u00e1stico recolhidos nas compras de casa para escola, assim ter\u00edamos um c\u00e1lculo da quantidade apenas de algumas fam\u00edlias. O volume foi bastante assustador.<\/p><p>A realiza\u00e7\u00e3o do semin\u00e1rio contou com a participa\u00e7\u00e3o de representantes da Emlurb, Semace, Ibama, Nutec, pol\u00edticos e catadores.<\/p>\t\t\t\t\t\t\t\t<\/div>\n\t\t\t\t<\/div>\n\t\t\t\t<\/div>\n\t\t\t\t<\/div>\n\t\t\t\t<\/div>\n\t\t<div id=\"e-n-tab-content-2444304523\" role=\"tabpanel\" aria-labelledby=\"e-n-tab-title-2444304523\" data-tab-index=\"3\" style=\"--n-tabs-title-order: 3;\" class=\" elementor-element elementor-element-3869083 e-con-full e-flex wpr-particle-no wpr-jarallax-no wpr-parallax-no wpr-sticky-section-no e-con e-child\" data-id=\"3869083\" data-element_type=\"container\" data-settings=\"{&quot;_ha_eqh_enable&quot;:false}\">\n\t\t<div class=\"elementor-element elementor-element-825e0e7 e-con-full e-flex wpr-particle-no wpr-jarallax-no wpr-parallax-no wpr-sticky-section-no e-con e-child\" data-id=\"825e0e7\" data-element_type=\"container\" data-settings=\"{&quot;background_background&quot;:&quot;classic&quot;,&quot;_ha_eqh_enable&quot;:false}\">\n\t\t<div class=\"elementor-element elementor-element-38269b9 e-con-full e-flex wpr-particle-no wpr-jarallax-no wpr-parallax-no wpr-sticky-section-no e-con e-child\" data-id=\"38269b9\" data-element_type=\"container\" data-settings=\"{&quot;_ha_eqh_enable&quot;:false}\">\n\t\t\t\t<div class=\"elementor-element elementor-element-b1feb61 exad-sticky-section-no exad-glass-effect-no ha-has-bg-overlay elementor-widget elementor-widget-heading\" data-id=\"b1feb61\" data-element_type=\"widget\" data-widget_type=\"heading.default\">\n\t\t\t\t<div class=\"elementor-widget-container\">\n\t\t\t\t\t<span class=\"elementor-heading-title elementor-size-default\">2000<\/span>\t\t\t\t<\/div>\n\t\t\t\t<\/div>\n\t\t\t\t<div class=\"elementor-element elementor-element-aed2dc4 elementor-widget__width-initial elementor-widget-mobile__width-inherit exad-sticky-section-no exad-glass-effect-no ha-has-bg-overlay elementor-widget elementor-widget-text-editor\" data-id=\"aed2dc4\" data-element_type=\"widget\" data-widget_type=\"text-editor.default\">\n\t\t\t\t<div class=\"elementor-widget-container\">\n\t\t\t\t\t\t\t\t\t<h1>protesto contra a situa\u00e7\u00e3o social<\/h1><p>Estudantes da Escola Vila lembram os 500 anos do descobrimento e protestam contra a situa\u00e7\u00e3o social.<\/p>\t\t\t\t\t\t\t\t<\/div>\n\t\t\t\t<\/div>\n\t\t\t\t<\/div>\n\t\t\t\t<\/div>\n\t\t<div class=\"elementor-element elementor-element-693dada e-con-full e-flex wpr-particle-no wpr-jarallax-no wpr-parallax-no wpr-sticky-section-no e-con e-child\" data-id=\"693dada\" data-element_type=\"container\" data-settings=\"{&quot;background_background&quot;:&quot;classic&quot;,&quot;_ha_eqh_enable&quot;:false}\">\n\t\t<div class=\"elementor-element elementor-element-c2a3df8 e-con-full e-flex wpr-particle-no wpr-jarallax-no wpr-parallax-no wpr-sticky-section-no e-con e-child\" data-id=\"c2a3df8\" data-element_type=\"container\" data-settings=\"{&quot;_ha_eqh_enable&quot;:false}\">\n\t\t\t\t<div class=\"elementor-element elementor-element-dec29ae exad-sticky-section-no exad-glass-effect-no ha-has-bg-overlay elementor-widget elementor-widget-heading\" data-id=\"dec29ae\" data-element_type=\"widget\" data-widget_type=\"heading.default\">\n\t\t\t\t<div class=\"elementor-widget-container\">\n\t\t\t\t\t<span class=\"elementor-heading-title elementor-size-default\">2001<\/span>\t\t\t\t<\/div>\n\t\t\t\t<\/div>\n\t\t\t\t<div class=\"elementor-element elementor-element-e02c39f elementor-widget__width-initial elementor-widget-mobile__width-inherit exad-sticky-section-no exad-glass-effect-no ha-has-bg-overlay elementor-widget elementor-widget-text-editor\" data-id=\"e02c39f\" data-element_type=\"widget\" data-widget_type=\"text-editor.default\">\n\t\t\t\t<div class=\"elementor-widget-container\">\n\t\t\t\t\t\t\t\t\t<h1>natal sem fome<\/h1><p>A Escola Vila participa do Natal Sem Fome, realizando uma campanha de alimentos, roupas e brinquedos. A doa\u00e7\u00e3o foi feita ao IPREDE.<\/p>\t\t\t\t\t\t\t\t<\/div>\n\t\t\t\t<\/div>\n\t\t\t\t<\/div>\n\t\t\t\t<\/div>\n\t\t<div class=\"elementor-element elementor-element-56be2bb e-con-full e-flex wpr-particle-no wpr-jarallax-no wpr-parallax-no wpr-sticky-section-no e-con e-child\" data-id=\"56be2bb\" data-element_type=\"container\" data-settings=\"{&quot;background_background&quot;:&quot;classic&quot;,&quot;_ha_eqh_enable&quot;:false}\">\n\t\t<div class=\"elementor-element elementor-element-41cec6c e-con-full e-flex wpr-particle-no wpr-jarallax-no wpr-parallax-no wpr-sticky-section-no e-con e-child\" data-id=\"41cec6c\" data-element_type=\"container\" data-settings=\"{&quot;_ha_eqh_enable&quot;:false}\">\n\t\t\t\t<div class=\"elementor-element elementor-element-6d3d26f exad-sticky-section-no exad-glass-effect-no ha-has-bg-overlay elementor-widget elementor-widget-heading\" data-id=\"6d3d26f\" data-element_type=\"widget\" data-widget_type=\"heading.default\">\n\t\t\t\t<div class=\"elementor-widget-container\">\n\t\t\t\t\t<span class=\"elementor-heading-title elementor-size-default\">2003<\/span>\t\t\t\t<\/div>\n\t\t\t\t<\/div>\n\t\t\t\t<div class=\"elementor-element elementor-element-04adf85 elementor-widget__width-initial elementor-widget-mobile__width-inherit exad-sticky-section-no exad-glass-effect-no ha-has-bg-overlay elementor-widget elementor-widget-text-editor\" data-id=\"04adf85\" data-element_type=\"widget\" data-widget_type=\"text-editor.default\">\n\t\t\t\t<div class=\"elementor-widget-container\">\n\t\t\t\t\t\t\t\t\t<h1><a href=\"https:\/\/escolavila.com.br\/wp-content\/uploads\/2025\/09\/WhatsApp-Image-2025-09-08-at-16.00.05.png\"><img loading=\"lazy\" decoding=\"async\" class=\"alignleft wp-image-8027\" src=\"https:\/\/escolavila.com.br\/wp-content\/uploads\/2025\/09\/WhatsApp-Image-2025-09-08-at-16.00.05-300x200.png\" alt=\"\" width=\"207\" height=\"138\" srcset=\"https:\/\/escolavila.com.br\/wp-content\/uploads\/2025\/09\/WhatsApp-Image-2025-09-08-at-16.00.05-300x200.png 300w, https:\/\/escolavila.com.br\/wp-content\/uploads\/2025\/09\/WhatsApp-Image-2025-09-08-at-16.00.05-1024x682.png 1024w, https:\/\/escolavila.com.br\/wp-content\/uploads\/2025\/09\/WhatsApp-Image-2025-09-08-at-16.00.05-768x512.png 768w, https:\/\/escolavila.com.br\/wp-content\/uploads\/2025\/09\/WhatsApp-Image-2025-09-08-at-16.00.05-1536x1023.png 1536w, https:\/\/escolavila.com.br\/wp-content\/uploads\/2025\/09\/WhatsApp-Image-2025-09-08-at-16.00.05.png 1600w\" sizes=\"(max-width: 207px) 100vw, 207px\" \/><\/a>manuten\u00e7\u00e3o e passarelas na br 116<\/h1><p>Os estudantes da Escola Vila cobram manuten\u00e7\u00e3o e passarelas da BR 116.<\/p><p>\u00a0<\/p>\t\t\t\t\t\t\t\t<\/div>\n\t\t\t\t<\/div>\n\t\t\t\t<\/div>\n\t\t\t\t<\/div>\n\t\t\t\t<\/div>\n\t\t<div id=\"e-n-tab-content-2444304524\" role=\"tabpanel\" aria-labelledby=\"e-n-tab-title-2444304524\" data-tab-index=\"4\" style=\"--n-tabs-title-order: 4;\" class=\" elementor-element elementor-element-c4281ad e-flex e-con-boxed wpr-particle-no wpr-jarallax-no wpr-parallax-no wpr-sticky-section-no e-con e-child\" data-id=\"c4281ad\" data-element_type=\"container\" data-settings=\"{&quot;_ha_eqh_enable&quot;:false}\">\n\t\t\t\t\t<div class=\"e-con-inner\">\n\t\t<div class=\"elementor-element elementor-element-162a690 e-con-full e-flex wpr-particle-no wpr-jarallax-no wpr-parallax-no wpr-sticky-section-no e-con e-child\" data-id=\"162a690\" data-element_type=\"container\" data-settings=\"{&quot;background_background&quot;:&quot;classic&quot;,&quot;_ha_eqh_enable&quot;:false}\">\n\t\t<div class=\"elementor-element elementor-element-ccbf23a e-con-full e-flex wpr-particle-no wpr-jarallax-no wpr-parallax-no wpr-sticky-section-no e-con e-child\" data-id=\"ccbf23a\" data-element_type=\"container\" data-settings=\"{&quot;_ha_eqh_enable&quot;:false}\">\n\t\t\t\t<div class=\"elementor-element elementor-element-c111063 exad-sticky-section-no exad-glass-effect-no ha-has-bg-overlay elementor-widget elementor-widget-heading\" data-id=\"c111063\" data-element_type=\"widget\" data-widget_type=\"heading.default\">\n\t\t\t\t<div class=\"elementor-widget-container\">\n\t\t\t\t\t<span class=\"elementor-heading-title elementor-size-default\">2017<\/span>\t\t\t\t<\/div>\n\t\t\t\t<\/div>\n\t\t\t\t<div class=\"elementor-element elementor-element-a6dcf75 elementor-widget__width-initial elementor-widget-mobile__width-inherit exad-sticky-section-no exad-glass-effect-no ha-has-bg-overlay elementor-widget elementor-widget-text-editor\" data-id=\"a6dcf75\" data-element_type=\"widget\" data-widget_type=\"text-editor.default\">\n\t\t\t\t<div class=\"elementor-widget-container\">\n\t\t\t\t\t\t\t\t\t<h1>amigos do parque<\/h1><p>Parque do Coc\u00f3 \u00e9 regulamentado e F\u00e1tima Limaverde foi uma das agraciadas pelo governo com a comenda Amigos do Parque.<\/p>\t\t\t\t\t\t\t\t<\/div>\n\t\t\t\t<\/div>\n\t\t\t\t<\/div>\n\t\t\t\t<\/div>\n\t\t\t\t\t<\/div>\n\t\t\t\t<\/div>\n\t\t<div id=\"e-n-tab-content-2444304525\" role=\"tabpanel\" aria-labelledby=\"e-n-tab-title-2444304525\" data-tab-index=\"5\" style=\"--n-tabs-title-order: 5;\" class=\" elementor-element elementor-element-356498d e-flex e-con-boxed wpr-particle-no wpr-jarallax-no wpr-parallax-no wpr-sticky-section-no e-con e-child\" data-id=\"356498d\" data-element_type=\"container\" data-settings=\"{&quot;_ha_eqh_enable&quot;:false}\">\n\t\t\t\t\t<div class=\"e-con-inner\">\n\t\t<div class=\"elementor-element elementor-element-81500fd e-con-full e-flex wpr-particle-no wpr-jarallax-no wpr-parallax-no wpr-sticky-section-no e-con e-child\" data-id=\"81500fd\" data-element_type=\"container\" data-settings=\"{&quot;background_background&quot;:&quot;classic&quot;,&quot;_ha_eqh_enable&quot;:false}\">\n\t\t<div class=\"elementor-element elementor-element-62c4a14 e-con-full e-flex wpr-particle-no wpr-jarallax-no wpr-parallax-no wpr-sticky-section-no e-con e-child\" data-id=\"62c4a14\" data-element_type=\"container\" data-settings=\"{&quot;_ha_eqh_enable&quot;:false}\">\n\t\t\t\t<div class=\"elementor-element elementor-element-a5193c8 exad-sticky-section-no exad-glass-effect-no ha-has-bg-overlay elementor-widget elementor-widget-heading\" data-id=\"a5193c8\" data-element_type=\"widget\" data-widget_type=\"heading.default\">\n\t\t\t\t<div class=\"elementor-widget-container\">\n\t\t\t\t\t<span class=\"elementor-heading-title elementor-size-default\">2022<\/span>\t\t\t\t<\/div>\n\t\t\t\t<\/div>\n\t\t\t\t<div class=\"elementor-element elementor-element-6c4c2b5 elementor-widget__width-initial elementor-widget-mobile__width-inherit exad-sticky-section-no exad-glass-effect-no ha-has-bg-overlay elementor-widget elementor-widget-text-editor\" data-id=\"6c4c2b5\" data-element_type=\"widget\" data-widget_type=\"text-editor.default\">\n\t\t\t\t<div class=\"elementor-widget-container\">\n\t\t\t\t\t\t\t\t\t<h1>ato em defesa da mata do miri\u00fa<\/h1><p>Estudantes do Ensino Fundamental 2 da Escola Vila realizam ato em defesa da Mata do Miri\u00fa reunindo representa\u00e7\u00f5es pol\u00edticas<\/p>\t\t\t\t\t\t\t\t<\/div>\n\t\t\t\t<\/div>\n\t\t\t\t<\/div>\n\t\t\t\t<\/div>\n\t\t<div class=\"elementor-element elementor-element-4aececf e-con-full e-flex wpr-particle-no wpr-jarallax-no wpr-parallax-no wpr-sticky-section-no e-con e-child\" data-id=\"4aececf\" data-element_type=\"container\" data-settings=\"{&quot;background_background&quot;:&quot;classic&quot;,&quot;_ha_eqh_enable&quot;:false}\">\n\t\t<div class=\"elementor-element elementor-element-671000a e-con-full e-flex wpr-particle-no wpr-jarallax-no wpr-parallax-no wpr-sticky-section-no e-con e-child\" data-id=\"671000a\" data-element_type=\"container\" data-settings=\"{&quot;_ha_eqh_enable&quot;:false}\">\n\t\t\t\t<div class=\"elementor-element elementor-element-6221ae9 exad-sticky-section-no exad-glass-effect-no ha-has-bg-overlay elementor-widget elementor-widget-heading\" data-id=\"6221ae9\" data-element_type=\"widget\" data-widget_type=\"heading.default\">\n\t\t\t\t<div class=\"elementor-widget-container\">\n\t\t\t\t\t<span class=\"elementor-heading-title elementor-size-default\">2024<\/span>\t\t\t\t<\/div>\n\t\t\t\t<\/div>\n\t\t\t\t<div class=\"elementor-element elementor-element-f6a9dfe elementor-widget__width-initial elementor-widget-mobile__width-inherit exad-sticky-section-no exad-glass-effect-no ha-has-bg-overlay elementor-widget elementor-widget-text-editor\" data-id=\"f6a9dfe\" data-element_type=\"widget\" data-widget_type=\"text-editor.default\">\n\t\t\t\t<div class=\"elementor-widget-container\">\n\t\t\t\t\t\t\t\t\t<h1>Mobiliza\u00e7\u00e3o contra desmatamento<\/h1><p>Houveram denuncias do desmatamento de uma \u00e1rea pr\u00f3xima ao Aeroporto Internacional de Fortaleza Pinto Martins. Uma floresta rica em vegeta\u00e7\u00e3o e biodiversidade de animais silvestres. Este desmatamento fazia parte do in\u00edcio dos trabalhos para a realiza\u00e7\u00e3o Fortal, tradicional festa de carnaval fora de \u00e9poca da capital cearense. Essa a\u00e7\u00e3o ganhou repercuss\u00e3o nas redes sociais.<\/p><p>A mat\u00e9ria completa pode ser acessada aqui: <strong><a href=\"https:\/\/marcozero.org\/fortal-quer-desmatar-20-hectares-de-mata-em-fortaleza-para-fazer-micareta-de-quatro-dias\/\" target=\"_blank\" rel=\"noopener\">Mat\u00e9ria<\/a><\/strong><\/p>\t\t\t\t\t\t\t\t<\/div>\n\t\t\t\t<\/div>\n\t\t\t\t<\/div>\n\t\t\t\t<\/div>\n\t\t\t\t\t<\/div>\n\t\t\t\t<\/div>\n\t\t\t\t\t<\/div>\n\t\t<\/div>\n\t\t\t\t\t\t<\/div>\n\t\t\t\t<\/div>\n\t\t\t\t<\/div>\n\t\t\t\t<\/div>\n\t\t","protected":false},"excerpt":{"rendered":"<p>Manifesta\u00e7\u00f5es No decorrer de quatro d\u00e9cadas de hist\u00f3ria da Escola Vila, v\u00e1rias manifesta\u00e7\u00f5es foram feitas em defesa do meio ambiente: pela preserva\u00e7\u00e3o de rios, lagoas e dunas; em defesa da Amaz\u00f4nia e dos povos ind\u00edgenas, contra o corte de coqueiros da Beira-mar; pela limpeza da Praia do Futuro, contra o envio de lixo radioativo de Goi\u00e2nia para Jaguaretama, no Cear\u00e1, dentre outros protestos que traziam \u00e0 tona quest\u00f5es locais. Essas manifesta\u00e7\u00f5es s\u00e3o realizadas at\u00e9 hoje por meio de mobiliza\u00e7\u00f5es, passeatas e abaixo-assinados. \u00c9 o caso, por exemplo, de abaixo-assinados enviados pelos estudantes para a Organiza\u00e7\u00e3o das Na\u00e7\u00f5es Unidas (ONU) em defesa dos povos ind\u00edgenas e em prol dos Cinco Artigos para o Futuro (Campanha de Jacques Cousteau), e para o Presidente da Rep\u00fablica reivindicando a defesa da Amaz\u00f4nia e pelo desarmamento. Todas essas atividades sempre envolveram as fam\u00edlias e a comunidade. Al\u00e9m das manifesta\u00e7\u00f5es, s\u00e3o tamb\u00e9m encabe\u00e7adas campanhas e mobiliza\u00e7\u00f5es de conscientiza\u00e7\u00e3o pol\u00edtica, ambiental e social, dentre outras que tangem a preserva\u00e7\u00e3o da vida no planeta. Campanhas sobre a gravidade e o impacto da energia nuclear, a educa\u00e7\u00e3o no tr\u00e2nsito e a economia solid\u00e1ria s\u00e3o exemplos de campanhas que mobilizaram a Escola. A Pedagogia Ecossist\u00eamica tem como objetivo formar cidad\u00e3s e cidad\u00e3os atuantes no meio social, ambiental e pol\u00edtica, pois acredita que a escola \u00e9 um espa\u00e7o de constru\u00e7\u00e3o e forma\u00e7\u00e3o, n\u00e3o apenas um lugar para se aprender conte\u00fados para passar numa prova. Formar pessoas que lutem por direitos e por um planeta habit\u00e1vel para o hoje, para as gera\u00e7\u00f5es que ainda est\u00e3o por vir. Somente atrav\u00e9s das vozes que clamam conseguiremos ser ouvidos e poderemos ter um mundo melhor. D\u00e9cada de 80 D\u00e9cada de 90 D\u00e9cada de 2000 D\u00e9cada de 2010 D\u00e9cada de 2020 1985 Ecologistas fazem o SOS coc\u00f3 Fortaleza enfrenta v\u00e1rias quest\u00f5es ambientais, uma que nos mobilizou foi a not\u00edcia da constru\u00e7\u00e3o de v\u00e1rios edif\u00edcios na \u00e1rea de uma antiga salina desativada no rio coc\u00f3, onde j\u00e1 havia sido constru\u00eddo em \u00e1rea de preserva\u00e7\u00e3o o shopping Iguatemi. Nos reunimos com diversas entidades e movimentos para realizarmos a \u201cFesta da Cidade\u201d, com o tema \u201cS.O.S. Coc\u00f3\u201d no parque Adail Barreto, com o objetivo de alertarmos a popula\u00e7\u00e3o sobre o rio e seu entorno serem degradados. 1985 pequenos em favor da natureza As manifesta\u00e7\u00f5es em favor da natureza, sempre acontecia com os pequenos em passeio pela pra\u00e7a que ficava na frente da escola, j\u00e1 era o in\u00edcio do papel de cidad\u00e3os e cidad\u00e3s em busca de um mundo melhor. 1985 ATO CONTRA HOTEL NA PRAIA DE IRACEMA Realizamos uma manifesta\u00e7\u00e3o em defesa do bairro da Praia de Iracema, um ato contra a constru\u00e7\u00e3o do hotel. As crian\u00e7as juntamente com as fam\u00edlias coletaram bastante assinaturas do abaixo assinado que foi entregue aos governantes. 1986 Debates sobre o meio ambiente\u00a0 No m\u00eas de junho\/86, na Semana do Meio Ambiente, muitas manifesta\u00e7\u00f5es foram realizadas em defesa das quest\u00f5es ambientais, como a discuss\u00e3o sobre a constru\u00e7\u00e3o da barragem do Castanh\u00e3o, a luta pela implanta\u00e7\u00e3o da coleta seletiva nos bairros. Foi realizado um debate Meio Ambiente e Constituinte no Circo Voador, com parlamentares e movimentos ambientais. Realizamos plantio no entorno da escola. 1986 crian\u00e7as v\u00e3o \u00e0s ruas em defesa da ecologia\u00a0 As crian\u00e7as da Escola Vila convidaram outras escolas, para escreveram cartas com desenhos para o ent\u00e3o Presidente Jos\u00e9 Sarney. O conte\u00fado das postagens objetivava sensibilizar as autoridades, para a import\u00e2ncia da aprova\u00e7\u00e3o do Decreto pela Preserva\u00e7\u00e3o do Rio Coc\u00f3 e prote\u00e7\u00e3o do meio ambiente. Posteriormente, juntamente com v\u00e1rias entidades ambientalistas, organizamos uma passeata at\u00e9 os Correios para postar as correspond\u00eancias e para denunciar o acidente nuclear da usina at\u00f4mica de Chernobyl. Neste contexto cresceu nossa preocupa\u00e7\u00e3o com o projeto que visava a explora\u00e7\u00e3o de ur\u00e2nio em Santa Quit\u00e9ria, atrav\u00e9s da constru\u00e7\u00e3o da Usina de Itataia.\u00a0 Tal fato nos aproximou do Grupo Ambiental da Bahia &#8211; GAMBA e da Associa\u00e7\u00e3o Mineira de Defesa Ambiental \u2013 AMDA. 1986 luta pela demarca\u00e7\u00e3o das terras ind\u00edgenas Esse ano foi marcado pelo o in\u00edcio da luta pela demarca\u00e7\u00e3o das terras ind\u00edgenas do povo Tapeba. Para somar na mobiliza\u00e7\u00e3o organizamos juntamente com v\u00e1rias entidades, escolas, associa\u00e7\u00f5es de moradores de diversos bairros e favelas, artistas e integrantes do Circo Voador, que estava em temporada em Fortaleza, uma grande manifesta\u00e7\u00e3o na avenida Beira Mar, que teve a participa\u00e7\u00e3o de aproximadamente duas mil pessoas. Os Tapeba encontravam-se, na ocasi\u00e3o, amea\u00e7ados pela ind\u00fastria de biscoitos TBA. 1987 Protesto pela preserva\u00e7\u00e3o das lagoas A Lagoa de Parangaba estava sofrendo frequentes invas\u00f5es e amea\u00e7as de constru\u00e7\u00f5es ilegais. Frente a isso, a Escola Vila, o Partido Verde, os povos ind\u00edgenas Tapeba e Trememb\u00e9 e diversas entidades ambientalistas, organizamos um ato show em defesa da Lagoa de Parangaba. Integrando a programa\u00e7\u00e3o \u00e0s crian\u00e7as com muita empolga\u00e7\u00e3o apresentaram o maracatu infantil da Vila. 1987 lutas dos movimentos e entidades ambientalistas Outros recursos h\u00eddricos importantes da cidade, encontravam-se igualmente amea\u00e7ados e avali\u00e1vamos a urgente necessidade de termos um representante com sensibilidade e compromisso para com as causas ambientais. Assim, iniciamos uma grande mobiliza\u00e7\u00e3o para que Jo\u00e3o Alfredo, deputado estadual e pai da Escola Vila, fosse integrante da comiss\u00e3o de Meio Ambiente da Assembleia Legislativa do Cear\u00e1. Havia o anteprojeto de urbaniza\u00e7\u00e3o do Parque Papicu, a luta pela preserva\u00e7\u00e3o do Rio Coc\u00f3, do Riacho Parre\u00e3o e Paje\u00fa, a reivindica\u00e7\u00e3o pela demarca\u00e7\u00e3o das Terras Ind\u00edgenas dentre outras. Gra\u00e7as as lutas dos movimentos e entidades ambientalistas tivemos algumas vit\u00f3rias. O envolvimento das comunidades, povos ind\u00edgenas e entidades ambientais agregaram for\u00e7as e fortaleceram conjuntamente as lutas. 1987 Carta ao povo de fortaleza No Dia Mundial do Meio Ambiente foi entregue uma \u201cCarta Ao Povo de Fortaleza\u201d alertando para destrui\u00e7\u00e3o acelerada dos recursos h\u00eddricos, polui\u00e7\u00f5es, expuls\u00e3o de trabalhadores rurais, ind\u00edgenas e pescadores de suas terras. Na ocasi\u00e3o, houve uma coleta de assinaturas, programada pela Federa\u00e7\u00e3o de Assist\u00eancia Social e Educacional (FASE), para o encaminhamento de propostas de Reforma Urbana e Pol\u00edtica Fundi\u00e1ria \u00e0 Assembleia Nacional Constituinte. No entanto, a ades\u00e3o da popula\u00e7\u00e3o foi frustrante. 1987 Hiroshima Nunca Mais Participamos no m\u00eas de agosto da realiza\u00e7\u00e3o do ato \u201cHiroshima Nunca Mais\u201d, na Pra\u00e7a do<\/p>\n","protected":false},"author":4,"featured_media":0,"parent":0,"menu_order":0,"comment_status":"closed","ping_status":"closed","template":"elementor_canvas","meta":{"_acf_changed":false,"footnotes":""},"class_list":["post-7124","page","type-page","status-publish","hentry"],"acf":[],"_links":{"self":[{"href":"https:\/\/escolavila.com.br\/index.php\/wp-json\/wp\/v2\/pages\/7124","targetHints":{"allow":["GET"]}}],"collection":[{"href":"https:\/\/escolavila.com.br\/index.php\/wp-json\/wp\/v2\/pages"}],"about":[{"href":"https:\/\/escolavila.com.br\/index.php\/wp-json\/wp\/v2\/types\/page"}],"author":[{"embeddable":true,"href":"https:\/\/escolavila.com.br\/index.php\/wp-json\/wp\/v2\/users\/4"}],"replies":[{"embeddable":true,"href":"https:\/\/escolavila.com.br\/index.php\/wp-json\/wp\/v2\/comments?post=7124"}],"version-history":[{"count":327,"href":"https:\/\/escolavila.com.br\/index.php\/wp-json\/wp\/v2\/pages\/7124\/revisions"}],"predecessor-version":[{"id":8227,"href":"https:\/\/escolavila.com.br\/index.php\/wp-json\/wp\/v2\/pages\/7124\/revisions\/8227"}],"wp:attachment":[{"href":"https:\/\/escolavila.com.br\/index.php\/wp-json\/wp\/v2\/media?parent=7124"}],"curies":[{"name":"wp","href":"https:\/\/api.w.org\/{rel}","templated":true}]}}